{"id":7229,"date":"2024-01-17T15:35:45","date_gmt":"2024-01-17T15:35:45","guid":{"rendered":"https:\/\/www.clinicadentalcentro.com\/?post_type=avada_portfolio&#038;p=7229"},"modified":"2025-11-03T12:13:33","modified_gmt":"2025-11-03T12:13:33","slug":"ortodoncia-invisible-en-la-linea-de-la-concepcion","status":"publish","type":"avada_portfolio","link":"https:\/\/www.clinicadentalcentro.com\/en\/portfolio-items\/ortodoncia-invisible-en-la-linea-de-la-concepcion\/","title":{"rendered":"Ortodoncia"},"content":{"rendered":"<p><div class=\"fusion-fullwidth fullwidth-box fusion-builder-row-1 fusion-flex-container fusion-parallax-none nonhundred-percent-fullwidth non-hundred-percent-height-scrolling lazyload\" style=\"--awb-background-blend-mode:overlay;--awb-border-sizes-top:0px;--awb-border-sizes-bottom:0px;--awb-border-sizes-left:0px;--awb-border-sizes-right:0px;--awb-border-radius-top-left:0px;--awb-border-radius-top-right:0px;--awb-border-radius-bottom-right:0px;--awb-border-radius-bottom-left:0px;--awb-padding-top:120px;--awb-padding-bottom:120px;--awb-padding-top-small:60px;--awb-padding-right-small:0px;--awb-padding-left-small:0px;--awb-margin-top:0px;--awb-margin-bottom:0px;--awb-background-color:var(--awb-color3);--awb-background-size:cover;--awb-flex-wrap:wrap;\" data-bg=\"https:\/\/www.clinicadentalcentro.com\/wp-content\/uploads\/2023\/08\/Test-c-Dental.svg\" ><div class=\"fusion-builder-row fusion-row fusion-flex-align-items-flex-start fusion-flex-content-wrap\" style=\"max-width:1216.8px;margin-left: calc(-4% \/ 2 );margin-right: calc(-4% \/ 2 );\"><div class=\"fusion-layout-column fusion_builder_column fusion-builder-column-0 fusion_builder_column_1_2 1_2 fusion-flex-column fusion-flex-align-self-stretch\" style=\"--awb-padding-right-small:30px;--awb-padding-left-small:30px;--awb-bg-blend:overlay;--awb-bg-size:cover;--awb-width-large:50%;--awb-margin-top-large:0px;--awb-spacing-right-large:5.76%;--awb-margin-bottom-large:20px;--awb-spacing-left-large:3.84%;--awb-width-medium:100%;--awb-spacing-right-medium:1.92%;--awb-spacing-left-medium:1.92%;--awb-width-small:100%;--awb-spacing-right-small:1.92%;--awb-spacing-left-small:1.92%;\"><div class=\"fusion-column-wrapper fusion-flex-justify-content-space-around fusion-content-layout-column\"><div class=\"fusion-image-element fusion-no-small-visibility\" style=\"--awb-max-width:80px;--awb-caption-title-font-family:var(--h2_typography-font-family);--awb-caption-title-font-weight:var(--h2_typography-font-weight);--awb-caption-title-font-style:var(--h2_typography-font-style);--awb-caption-title-size:var(--h2_typography-font-size);--awb-caption-title-transform:var(--h2_typography-text-transform);--awb-caption-title-line-height:var(--h2_typography-line-height);--awb-caption-title-letter-spacing:var(--h2_typography-letter-spacing);\"><span class=\"fusion-imageframe imageframe-none imageframe-1 hover-type-none\"><img decoding=\"async\" width=\"1104\" height=\"1141\" alt=\"Logo. Clinica Dental Centro. La L\u00ednea de La Concepci\u00f3n\" title=\"Test-c-Dental\" src=\"data:image\/svg+xml,%3Csvg%20xmlns%3D%27http%3A%2F%2Fwww.w3.org%2F2000%2Fsvg%27%20width%3D%271104%27%20height%3D%271141%27%20viewBox%3D%270%200%201104%201141%27%3E%3Crect%20width%3D%271104%27%20height%3D%271141%27%20fill-opacity%3D%220%22%2F%3E%3C%2Fsvg%3E\" data-orig-src=\"https:\/\/www.clinicadentalcentro.com\/wp-content\/uploads\/2023\/08\/Test-c-Dental.svg\" class=\"lazyload img-responsive wp-image-6054\"\/><\/span><\/div><div class=\"fusion-image-element fusion-no-medium-visibility fusion-no-large-visibility\" style=\"--awb-margin-bottom-small:30px;--awb-max-width:50px;--awb-caption-title-font-family:var(--h2_typography-font-family);--awb-caption-title-font-weight:var(--h2_typography-font-weight);--awb-caption-title-font-style:var(--h2_typography-font-style);--awb-caption-title-size:var(--h2_typography-font-size);--awb-caption-title-transform:var(--h2_typography-text-transform);--awb-caption-title-line-height:var(--h2_typography-line-height);--awb-caption-title-letter-spacing:var(--h2_typography-letter-spacing);\"><span class=\"fusion-imageframe imageframe-none imageframe-2 hover-type-none\"><img decoding=\"async\" width=\"1104\" height=\"1141\" alt=\"Logo. Clinica Dental Centro. La L\u00ednea de La Concepci\u00f3n\" title=\"Test-c-Dental\" src=\"data:image\/svg+xml,%3Csvg%20xmlns%3D%27http%3A%2F%2Fwww.w3.org%2F2000%2Fsvg%27%20width%3D%271104%27%20height%3D%271141%27%20viewBox%3D%270%200%201104%201141%27%3E%3Crect%20width%3D%271104%27%20height%3D%271141%27%20fill-opacity%3D%220%22%2F%3E%3C%2Fsvg%3E\" data-orig-src=\"https:\/\/www.clinicadentalcentro.com\/wp-content\/uploads\/2023\/08\/Test-c-Dental.svg\" class=\"lazyload img-responsive wp-image-6054\"\/><\/span><\/div><div class=\"fusion-title title fusion-title-1 fusion-title-text fusion-title-size-one\" style=\"--awb-text-color:#bfb3ae;--awb-margin-top:30px;\"><div class=\"title-sep-container title-sep-container-left fusion-no-large-visibility fusion-no-medium-visibility fusion-no-small-visibility\"><div class=\"title-sep sep- sep-solid\" style=\"border-color:#e2e2e2;\"><\/div><\/div><span class=\"awb-title-spacer fusion-no-large-visibility fusion-no-medium-visibility fusion-no-small-visibility\"><\/span><h1 class=\"fusion-title-heading title-heading-left fusion-responsive-typography-calculated\" style=\"margin:0;--fontSize:55;line-height:1.14;\">Ortodoncia Tradicional e Invisible.<\/h1><span class=\"awb-title-spacer\"><\/span><div class=\"title-sep-container title-sep-container-right\"><div class=\"title-sep sep- sep-solid\" style=\"border-color:#e2e2e2;\"><\/div><\/div><\/div><div class=\"fusion-title title fusion-title-2 fusion-title-text fusion-title-size-two\" style=\"--awb-text-color:var(--awb-color6);--awb-sep-color:var(--awb-color6);--awb-font-size:2em;\"><div class=\"title-sep-container title-sep-container-left fusion-no-large-visibility fusion-no-medium-visibility fusion-no-small-visibility\"><div class=\"title-sep sep- sep-solid\" style=\"border-color:var(--awb-color6);\"><\/div><\/div><span class=\"awb-title-spacer fusion-no-large-visibility fusion-no-medium-visibility fusion-no-small-visibility\"><\/span><h2 class=\"fusion-title-heading title-heading-left fusion-responsive-typography-calculated\" style=\"margin:0;font-size:1em;--fontSize:34;line-height:1.2;\"><h2>Lleva al siguiente nivel la belleza de tu Sonrisa con alineadores invisibles en Dental Centro<\/h2><\/h2><span class=\"awb-title-spacer\"><\/span><div class=\"title-sep-container title-sep-container-right\"><div class=\"title-sep sep- sep-solid\" style=\"border-color:var(--awb-color6);\"><\/div><\/div><\/div><div class=\"fusion-text fusion-text-1\" style=\"--awb-text-color:var(--awb-color7);\"><p>There are various techniques and materials for aligning teeth depending on age, the complexity of the case, and aesthetic demands.<\/p>\n<p>&nbsp;<\/p>\n<\/div><div class=\"fusion-video fusion-selfhosted-video fusion-no-small-visibility\" style=\"max-width:100%;\"><div class=\"video-wrapper\"><video playsinline=\"true\" width=\"100%\" style=\"object-fit: cover;\" autoplay=\"true\" muted=\"true\" loop=\"true\" preload=\"auto\"><source src=\"https:\/\/www.clinicadentalcentro.com\/wp-content\/uploads\/2023\/08\/Video.mov\" type=\"video\/mp4\">Sorry, your browser doesn&#039;t support embedded videos.<\/video><\/div><\/div><\/div><\/div><div class=\"fusion-layout-column fusion_builder_column fusion-builder-column-1 fusion_builder_column_1_1 1_1 fusion-flex-column fusion-no-medium-visibility fusion-no-large-visibility\" style=\"--awb-padding-top-small:32px;--awb-bg-size:cover;--awb-width-large:100%;--awb-margin-top-large:0px;--awb-spacing-right-large:1.92%;--awb-margin-bottom-large:20px;--awb-spacing-left-large:1.92%;--awb-width-medium:100%;--awb-order-medium:0;--awb-spacing-right-medium:1.92%;--awb-spacing-left-medium:1.92%;--awb-width-small:100%;--awb-order-small:0;--awb-spacing-right-small:1.92%;--awb-spacing-left-small:1.92%;\"><div class=\"fusion-column-wrapper fusion-column-has-shadow fusion-flex-justify-content-flex-start fusion-content-layout-column\"><div class=\"fusion-video fusion-selfhosted-video\" style=\"max-width:100%;\"><div class=\"video-wrapper\"><video playsinline=\"true\" width=\"100%\" style=\"object-fit: cover;\" autoplay=\"true\" muted=\"true\" loop=\"true\" preload=\"auto\" controls=\"1\"><source src=\"https:\/\/www.clinicadentalcentro.com\/wp-content\/uploads\/2023\/08\/Video.mov\" type=\"video\/mp4\">Sorry, your browser doesn&#039;t support embedded videos.<\/video><\/div><\/div><\/div><\/div><div class=\"fusion-layout-column fusion_builder_column fusion-builder-column-2 fusion_builder_column_1_2 1_2 fusion-flex-column\" style=\"--awb-padding-right-small:30px;--awb-padding-left-small:30px;--awb-bg-blend:overlay;--awb-bg-size:cover;--awb-width-large:50%;--awb-margin-top-large:0px;--awb-spacing-right-large:3.84%;--awb-margin-bottom-large:20px;--awb-spacing-left-large:5.76%;--awb-width-medium:100%;--awb-spacing-right-medium:1.92%;--awb-spacing-left-medium:1.92%;--awb-width-small:100%;--awb-margin-top-small:40px;--awb-spacing-right-small:1.92%;--awb-spacing-left-small:1.92%;\"><div class=\"fusion-column-wrapper fusion-flex-justify-content-flex-start fusion-content-layout-column\"><div class=\"fusion-text fusion-text-2\" style=\"--awb-text-color:var(--awb-color6);\"><p><strong>What treatment is ideal?<\/strong><\/p>\n<p>It is essential to conduct a comprehensive study with intraoral scanning, photos, record taking, and X-rays.<\/p>\n<p>The specialist and their team will inform and advise you on the ideal treatment for your case.<\/p>\n<p>&nbsp;<\/p>\n<\/div><div class=\"fusion-text fusion-text-3\" style=\"--awb-text-color:var(--awb-color7);\"><p><strong>Invisible orthodontics<\/strong><\/p>\n<p>Invisible orthodontics is a revolutionary technique to align teeth without the need for traditional braces.<\/p>\n<p>The treatment involves a 3D planning that allows you to see a simulation of the final result before starting the treatment. During the treatment, you will use a series of virtually invisible aligners that will gradually change the position of your teeth.<\/p>\n<p>En Cl\u00ednica Dental Centro usamos las mejores marcas de alineadores transparentes m\u00e1s usadas en el mundo y a las que un n\u00famero mayor de estudios avalan.<\/p>\n<p><strong>Brackets<\/strong><\/p>\n<p>Braces are small metal or ceramic pieces that are attached to the teeth, and the orthodontist adjusts them periodically. This is the traditional technique and is effective for treating more complex cases.<\/p>\n<\/div><\/div><\/div><\/div><\/div><div class=\"fusion-fullwidth fullwidth-box fusion-builder-row-2 fusion-flex-container nonhundred-percent-fullwidth non-hundred-percent-height-scrolling\" style=\"--awb-background-position:left top;--awb-border-sizes-top:0px;--awb-border-sizes-bottom:0px;--awb-border-sizes-left:0px;--awb-border-sizes-right:0px;--awb-border-radius-top-left:0px;--awb-border-radius-top-right:0px;--awb-border-radius-bottom-right:0px;--awb-border-radius-bottom-left:0px;--awb-padding-top:90px;--awb-padding-right:90px;--awb-padding-bottom:90px;--awb-padding-left:90px;--awb-padding-right-small:30px;--awb-padding-left-small:30px;--awb-margin-top:0px;--awb-margin-bottom:0px;--awb-background-color:var(--awb-color2);--awb-background-color-small:var(--awb-color3);--awb-flex-wrap:wrap;\" ><div class=\"fusion-builder-row fusion-row fusion-flex-align-items-stretch fusion-flex-content-wrap\" style=\"max-width:calc( 1170px + 0px );margin-left: calc(-0px \/ 2 );margin-right: calc(-0px \/ 2 );\"><div class=\"fusion-layout-column fusion_builder_column fusion-builder-column-3 fusion_builder_column_1_1 1_1 fusion-flex-column\" style=\"--awb-bg-size:cover;--awb-width-large:100%;--awb-margin-top-large:0px;--awb-spacing-right-large:0px;--awb-margin-bottom-large:0px;--awb-spacing-left-large:0px;--awb-width-medium:100%;--awb-order-medium:0;--awb-spacing-right-medium:0px;--awb-spacing-left-medium:0px;--awb-width-small:100%;--awb-order-small:1;--awb-spacing-right-small:0px;--awb-spacing-left-small:0px;\"><div class=\"fusion-column-wrapper fusion-column-has-shadow fusion-flex-justify-content-center fusion-content-layout-column\"><div class=\"fusion-title title fusion-title-3 fusion-title-text fusion-title-size-two\" style=\"--awb-text-color:var(--awb-color6);--awb-font-size:55px;\"><div class=\"title-sep-container title-sep-container-left fusion-no-large-visibility fusion-no-medium-visibility fusion-no-small-visibility\"><div class=\"title-sep sep- sep-solid\" style=\"border-color:#e2e2e2;\"><\/div><\/div><span class=\"awb-title-spacer fusion-no-large-visibility fusion-no-medium-visibility fusion-no-small-visibility\"><\/span><h2 class=\"fusion-title-heading title-heading-left fusion-responsive-typography-calculated\" style=\"font-family:&quot;Poppins&quot;;font-style:normal;font-weight:600;margin:0;font-size:1em;letter-spacing:-4px;--fontSize:55;line-height:1.4;\"><div class=\"wpb_text_column wpb_content_element\">\n<div class=\"wpb_wrapper\">\n<p>Treatments according to age<\/p>\n<\/div>\n<\/div><\/h2><span class=\"awb-title-spacer\"><\/span><div class=\"title-sep-container title-sep-container-right\"><div class=\"title-sep sep- sep-solid\" style=\"border-color:#e2e2e2;\"><\/div><\/div><\/div><div class=\"fusion-tabs fusion-tabs-1 clean nav-is-justified horizontal-tabs icon-position-left mobile-mode-accordion\" style=\"--awb-title-border-radius-top-left:0px;--awb-title-border-radius-top-right:0px;--awb-title-border-radius-bottom-right:0px;--awb-title-border-radius-bottom-left:0px;--awb-alignment:center;--awb-inactive-color:#d3cbbf;--awb-background-color:#ffffff;--awb-border-color:#d3cbbf;--awb-active-border-color:#d3cbbf;\"><div class=\"nav\"><ul class=\"nav-tabs nav-justified\" role=\"tablist\"><li class=\"active\" role=\"presentation\"><a class=\"tab-link\" data-toggle=\"tab\" role=\"tab\" aria-controls=\"tab-b287ba6c51166654102\" aria-selected=\"true\" id=\"fusion-tab-tratamientoprecoz\" href=\"#tab-b287ba6c51166654102\"><h3 class=\"fusion-tab-heading\"><i class=\"fontawesome-icon fa-baby fas\" aria-hidden=\"true\" style=\"font-size:13px;\"><\/i>Early Treatment<\/h3><\/a><\/li><li role=\"presentation\"><a class=\"tab-link\" data-toggle=\"tab\" role=\"tab\" aria-controls=\"tab-583c4f03a5a53980caa\" aria-selected=\"false\" tabindex=\"-1\" id=\"fusion-tab-tratamientoadolescentes\" href=\"#tab-583c4f03a5a53980caa\"><h3 class=\"fusion-tab-heading\"><i class=\"fontawesome-icon fa-child fas\" aria-hidden=\"true\" style=\"font-size:13px;\"><\/i>Teenager Treatment<\/h3><\/a><\/li><li role=\"presentation\"><a class=\"tab-link\" data-toggle=\"tab\" role=\"tab\" aria-controls=\"tab-27e65460115c974d0b5\" aria-selected=\"false\" tabindex=\"-1\" id=\"fusion-tab-tratamientosadultos\" href=\"#tab-27e65460115c974d0b5\"><h3 class=\"fusion-tab-heading\"><i class=\"fontawesome-icon fa-male fas\" aria-hidden=\"true\" style=\"font-size:13px;\"><\/i>Adult Treatments<\/h3><\/a><\/li><\/ul><\/div><div class=\"tab-content\"><div class=\"nav fusion-mobile-tab-nav\"><ul class=\"nav-tabs nav-justified\" role=\"tablist\"><li class=\"active\" role=\"presentation\"><a class=\"tab-link\" data-toggle=\"tab\" role=\"tab\" aria-controls=\"tab-b287ba6c51166654102\" aria-selected=\"true\" id=\"mobile-fusion-tab-tratamientoprecoz\" href=\"#tab-b287ba6c51166654102\"><h3 class=\"fusion-tab-heading\"><i class=\"fontawesome-icon fa-baby fas\" aria-hidden=\"true\" style=\"font-size:13px;\"><\/i>Early Treatment<\/h3><\/a><\/li><\/ul><\/div><div class=\"tab-pane fade fusion-clearfix in active\" role=\"tabpanel\" tabindex=\"0\" aria-labelledby=\"fusion-tab-tratamientoprecoz\" id=\"tab-b287ba6c51166654102\">\n<p>These are the treatments performed from 0 to 12 years of age.<\/p>\n<p>It is advisable to have regular check-ups to detect potential jaw growth issues. At these ages, it is essential to detect and treat these problems with functional orthodontics to prevent future issues.<\/p>\n<p>Harmful habits are also detected and treated, such as difficulty swallowing or biting, thumb-sucking at a certain age, and lack of space due to premature or late loss of baby teeth.<\/p>\n<\/div><div class=\"nav fusion-mobile-tab-nav\"><ul class=\"nav-tabs nav-justified\" role=\"tablist\"><li role=\"presentation\"><a class=\"tab-link\" data-toggle=\"tab\" role=\"tab\" aria-controls=\"tab-583c4f03a5a53980caa\" aria-selected=\"false\" tabindex=\"-1\" id=\"mobile-fusion-tab-tratamientoadolescentes\" href=\"#tab-583c4f03a5a53980caa\"><h3 class=\"fusion-tab-heading\"><i class=\"fontawesome-icon fa-child fas\" aria-hidden=\"true\" style=\"font-size:13px;\"><\/i>Teenager Treatment<\/h3><\/a><\/li><\/ul><\/div><div class=\"tab-pane fade fusion-clearfix\" role=\"tabpanel\" tabindex=\"0\" aria-labelledby=\"fusion-tab-tratamientoadolescentes\" id=\"tab-583c4f03a5a53980caa\">\n<p>At the age of 12, we have our permanent teeth, and the stage of fixed orthodontic appliances begins. These appliances are used to correct dental crowding, gaps, as well as bite issues (occlusion).<\/p>\n<\/div><div class=\"nav fusion-mobile-tab-nav\"><ul class=\"nav-tabs nav-justified\" role=\"tablist\"><li role=\"presentation\"><a class=\"tab-link\" data-toggle=\"tab\" role=\"tab\" aria-controls=\"tab-27e65460115c974d0b5\" aria-selected=\"false\" tabindex=\"-1\" id=\"mobile-fusion-tab-tratamientosadultos\" href=\"#tab-27e65460115c974d0b5\"><h3 class=\"fusion-tab-heading\"><i class=\"fontawesome-icon fa-male fas\" aria-hidden=\"true\" style=\"font-size:13px;\"><\/i>Adult Treatments<\/h3><\/a><\/li><\/ul><\/div><div class=\"tab-pane fade fusion-clearfix\" role=\"tabpanel\" tabindex=\"0\" aria-labelledby=\"fusion-tab-tratamientosadultos\" id=\"tab-27e65460115c974d0b5\">\n<p>At the age of 17-18, the most important thing is prevention to try to preserve the teeth for life. At this age, we correct: Esthetic issues. Spaces between teeth. Missing teeth. Spaces for implants. Jaw noises or pain when opening and closing the mouth.<\/p>\n<p>The pain in the jaw joint, limited opening, jaw noises combined with chronic headaches are often caused by dental issues. It's never too late..<\/p>\n<\/div><\/div><\/div><\/div><\/div><\/div><\/div><div class=\"fusion-fullwidth fullwidth-box fusion-builder-row-3 fusion-flex-container has-pattern-background has-mask-background nonhundred-percent-fullwidth non-hundred-percent-height-scrolling\" style=\"--awb-border-radius-top-left:0px;--awb-border-radius-top-right:0px;--awb-border-radius-bottom-right:0px;--awb-border-radius-bottom-left:0px;--awb-padding-top:0px;--awb-padding-bottom:40px;--awb-background-color:var(--awb-color6);--awb-flex-wrap:wrap;\" ><div class=\"fusion-builder-row fusion-row fusion-flex-align-items-flex-start fusion-flex-content-wrap\" style=\"max-width:1216.8px;margin-left: calc(-4% \/ 2 );margin-right: calc(-4% \/ 2 );\"><div class=\"fusion-layout-column fusion_builder_column fusion-builder-column-4 fusion_builder_column_1_2 1_2 fusion-flex-column\" style=\"--awb-bg-blend:overlay;--awb-bg-size:cover;--awb-width-large:50%;--awb-margin-top-large:150px;--awb-spacing-right-large:3.84%;--awb-margin-bottom-large:100px;--awb-spacing-left-large:3.84%;--awb-width-medium:100%;--awb-spacing-right-medium:1.92%;--awb-spacing-left-medium:1.92%;--awb-width-small:100%;--awb-margin-top-small:69px;--awb-spacing-right-small:1.92%;--awb-margin-bottom-small:40px;--awb-spacing-left-small:1.92%;\"><div class=\"fusion-column-wrapper fusion-column-has-shadow fusion-flex-justify-content-flex-start fusion-content-layout-column\"><div class=\"fusion-title title fusion-title-4 fusion-title-text fusion-title-size-two\" style=\"--awb-text-color:var(--awb-color3);--awb-font-size:55px;\"><div class=\"title-sep-container title-sep-container-left fusion-no-large-visibility fusion-no-medium-visibility fusion-no-small-visibility\"><div class=\"title-sep sep- sep-solid\" style=\"border-color:#e2e2e2;\"><\/div><\/div><span class=\"awb-title-spacer fusion-no-large-visibility fusion-no-medium-visibility fusion-no-small-visibility\"><\/span><h2 class=\"fusion-title-heading title-heading-left fusion-responsive-typography-calculated\" style=\"font-family:&quot;Poppins&quot;;font-style:normal;font-weight:600;margin:0;font-size:1em;letter-spacing:-4px;--fontSize:55;line-height:1.14;\">Practical Cases<\/h2><span class=\"awb-title-spacer\"><\/span><div class=\"title-sep-container title-sep-container-right\"><div class=\"title-sep sep- sep-solid\" style=\"border-color:#e2e2e2;\"><\/div><\/div><\/div><div class=\"fusion-title title fusion-title-5 fusion-title-text fusion-title-size-paragraph\" style=\"--awb-text-color:var(--awb-color2);--awb-font-size:1.2em;\"><div class=\"title-sep-container title-sep-container-left fusion-no-large-visibility fusion-no-medium-visibility fusion-no-small-visibility\"><div class=\"title-sep sep- sep-solid\" style=\"border-color:#e2e2e2;\"><\/div><\/div><span class=\"awb-title-spacer fusion-no-large-visibility fusion-no-medium-visibility fusion-no-small-visibility\"><\/span><p class=\"fusion-title-heading title-heading-left title-heading-tag fusion-responsive-typography-calculated\" style=\"font-family:&quot;Poppins&quot;;font-style:normal;font-weight:300;margin:0;font-size:1em;letter-spacing:0px;--fontSize:20.4;line-height:1.2;\">At Dental Centro, we are proud to present a selection of our practical cases that illustrate how we have transformed smiles and changed lives. Each patient has a unique story and a specific goal in mind, and we are proud to have been part of their journey toward a brighter and healthier smile. We have hundreds of documented cases, before\/after. Come meet them.<\/p><span class=\"awb-title-spacer\"><\/span><div class=\"title-sep-container title-sep-container-right\"><div class=\"title-sep sep- sep-solid\" style=\"border-color:#e2e2e2;\"><\/div><\/div><\/div><\/div><\/div><div class=\"fusion-layout-column fusion_builder_column fusion-builder-column-5 fusion_builder_column_1_2 1_2 fusion-flex-column fusion-flex-align-self-stretch\" style=\"--awb-bg-size:cover;--awb-width-large:50%;--awb-margin-top-large:0px;--awb-spacing-right-large:3.84%;--awb-margin-bottom-large:20px;--awb-spacing-left-large:3.84%;--awb-width-medium:100%;--awb-order-medium:0;--awb-spacing-right-medium:1.92%;--awb-spacing-left-medium:1.92%;--awb-width-small:100%;--awb-order-small:0;--awb-spacing-right-small:1.92%;--awb-spacing-left-small:1.92%;\"><div class=\"fusion-column-wrapper fusion-column-has-shadow fusion-flex-justify-content-center fusion-content-layout-column\"><div class=\"fusion-image-element fusion-no-small-visibility\" style=\"text-align:center;--awb-max-width:100px;--awb-caption-title-font-family:var(--h2_typography-font-family);--awb-caption-title-font-weight:var(--h2_typography-font-weight);--awb-caption-title-font-style:var(--h2_typography-font-style);--awb-caption-title-size:var(--h2_typography-font-size);--awb-caption-title-transform:var(--h2_typography-text-transform);--awb-caption-title-line-height:var(--h2_typography-line-height);--awb-caption-title-letter-spacing:var(--h2_typography-letter-spacing);\"><span class=\"fusion-imageframe imageframe-none imageframe-3 hover-type-none\"><img decoding=\"async\" width=\"1104\" height=\"1141\" alt=\"Logo. Clinica Dental Centro. La L\u00ednea de La Concepci\u00f3n\" title=\"Test-c-Dental\" src=\"data:image\/svg+xml,%3Csvg%20xmlns%3D%27http%3A%2F%2Fwww.w3.org%2F2000%2Fsvg%27%20width%3D%271104%27%20height%3D%271141%27%20viewBox%3D%270%200%201104%201141%27%3E%3Crect%20width%3D%271104%27%20height%3D%271141%27%20fill-opacity%3D%220%22%2F%3E%3C%2Fsvg%3E\" data-orig-src=\"https:\/\/www.clinicadentalcentro.com\/wp-content\/uploads\/2023\/08\/Test-c-Dental.svg\" class=\"lazyload img-responsive wp-image-6054\"\/><\/span><\/div><div class=\"fusion-image-element sm-text-align-right fusion-no-medium-visibility fusion-no-large-visibility\" style=\"text-align:center;--awb-max-width:50px;--awb-caption-title-font-family:var(--h2_typography-font-family);--awb-caption-title-font-weight:var(--h2_typography-font-weight);--awb-caption-title-font-style:var(--h2_typography-font-style);--awb-caption-title-size:var(--h2_typography-font-size);--awb-caption-title-transform:var(--h2_typography-text-transform);--awb-caption-title-line-height:var(--h2_typography-line-height);--awb-caption-title-letter-spacing:var(--h2_typography-letter-spacing);\"><span class=\"fusion-imageframe imageframe-none imageframe-4 hover-type-none\"><img decoding=\"async\" width=\"1104\" height=\"1141\" alt=\"Logo. Clinica Dental Centro. La L\u00ednea de La Concepci\u00f3n\" title=\"Test-c-Dental\" src=\"data:image\/svg+xml,%3Csvg%20xmlns%3D%27http%3A%2F%2Fwww.w3.org%2F2000%2Fsvg%27%20width%3D%271104%27%20height%3D%271141%27%20viewBox%3D%270%200%201104%201141%27%3E%3Crect%20width%3D%271104%27%20height%3D%271141%27%20fill-opacity%3D%220%22%2F%3E%3C%2Fsvg%3E\" data-orig-src=\"https:\/\/www.clinicadentalcentro.com\/wp-content\/uploads\/2023\/08\/Test-c-Dental.svg\" class=\"lazyload img-responsive wp-image-6054\"\/><\/span><\/div><\/div><\/div><\/div><\/div><div class=\"fusion-fullwidth fullwidth-box fusion-builder-row-4 fusion-flex-container has-pattern-background has-mask-background nonhundred-percent-fullwidth non-hundred-percent-height-scrolling\" style=\"--awb-border-radius-top-left:0px;--awb-border-radius-top-right:0px;--awb-border-radius-bottom-right:0px;--awb-border-radius-bottom-left:0px;--awb-padding-top:90px;--awb-padding-bottom:90px;--awb-background-color:var(--awb-color4);--awb-flex-wrap:wrap;\" ><div class=\"fusion-builder-row fusion-row fusion-flex-align-items-flex-start fusion-flex-content-wrap\" style=\"max-width:1216.8px;margin-left: calc(-4% \/ 2 );margin-right: calc(-4% \/ 2 );\"><div class=\"fusion-layout-column fusion_builder_column fusion-builder-column-6 fusion_builder_column_1_2 1_2 fusion-flex-column fusion-flex-align-self-stretch\" style=\"--awb-bg-position:center center;--awb-bg-size:cover;--awb-width-large:50%;--awb-margin-top-large:0px;--awb-spacing-right-large:0%;--awb-margin-bottom-large:20px;--awb-spacing-left-large:3.84%;--awb-width-medium:100%;--awb-order-medium:0;--awb-spacing-right-medium:1.92%;--awb-spacing-left-medium:1.92%;--awb-width-small:100%;--awb-order-small:0;--awb-spacing-right-small:1.92%;--awb-spacing-left-small:1.92%;\"><div class=\"fusion-column-wrapper fusion-column-has-shadow fusion-flex-justify-content-flex-start fusion-content-layout-column\"><div class=\"fusion-image-before-after-wrapper fusion-image-before-after-horizontal type-before-after hover-type-together fusion-image-before-after-wrapper-1\" style=\"--awb-font-size:14px;--awb-bordersize:0px;--awb-accent-color-bg:rgba(255,255,255,0.15);--awb-transition-time:0.5s;\"><div class=\"fusion-image-before-after-element fusion-image-before-after fusion-image-before-after-container fusion-image-before-after-1\" data-offset=\"0.5\" data-orientation=\"horizontal\" data-move-with-handle-only=\"true\" data-click-to-move=\"true\"><img decoding=\"async\" alt=\"Tratamientos dentales en La L\u00ednea de La Concepci\u00f3n - Cl\u00ednica Dental Centro\" class=\"fusion-image-before-after-before lazyload\" src=\"data:image\/svg+xml,%3Csvg%20xmlns%3D%27http%3A%2F%2Fwww.w3.org%2F2000%2Fsvg%27%20width%3D%272560%27%20height%3D%271390%27%20viewBox%3D%270%200%202560%201390%27%3E%3Crect%20width%3D%272560%27%20height%3D%271390%27%20fill-opacity%3D%220%22%2F%3E%3C%2Fsvg%3E\" width=\"1024\" height=\"556\" data-orig-src=\"https:\/\/www.clinicadentalcentro.com\/wp-content\/uploads\/2023\/08\/Susana-antes-1-scaled-e1691664370334-1024x556.jpg\"><img decoding=\"async\" alt=\"Tratamientos dentales en La L\u00ednea de La Concepci\u00f3n - Cl\u00ednica Dental Centro\" class=\"fusion-image-before-after-after lazyload\" src=\"data:image\/svg+xml,%3Csvg%20xmlns%3D%27http%3A%2F%2Fwww.w3.org%2F2000%2Fsvg%27%20width%3D%272560%27%20height%3D%271388%27%20viewBox%3D%270%200%202560%201388%27%3E%3Crect%20width%3D%272560%27%20height%3D%271388%27%20fill-opacity%3D%220%22%2F%3E%3C%2Fsvg%3E\" width=\"1024\" height=\"555\" data-orig-src=\"https:\/\/www.clinicadentalcentro.com\/wp-content\/uploads\/2023\/08\/Susana-despues-1-1024x555.jpg\"><div class=\"fusion-image-before-after-handle fusion-image-before-after-handle-default\"><span class=\"fusion-image-before-after-left-arrow\"><\/span><span class=\"fusion-image-before-after-right-arrow\"><\/span><\/div><\/div><\/div><\/div><\/div><div class=\"fusion-layout-column fusion_builder_column fusion-builder-column-7 fusion_builder_column_1_2 1_2 fusion-flex-column fusion-flex-align-self-flex-start\" style=\"--awb-bg-size:cover;--awb-width-large:50%;--awb-margin-top-large:0px;--awb-spacing-right-large:3.84%;--awb-margin-bottom-large:20px;--awb-spacing-left-large:0%;--awb-width-medium:100%;--awb-order-medium:0;--awb-spacing-right-medium:1.92%;--awb-spacing-left-medium:1.92%;--awb-width-small:100%;--awb-order-small:0;--awb-spacing-right-small:1.92%;--awb-spacing-left-small:1.92%;\"><div class=\"fusion-column-wrapper fusion-column-has-shadow fusion-flex-justify-content-flex-start fusion-content-layout-column\"><div class=\"fusion-image-before-after-wrapper fusion-image-before-after-horizontal type-before-after hover-type-together fusion-image-before-after-wrapper-2\" style=\"--awb-font-size:14px;--awb-bordersize:0px;--awb-handle-accent-color:rgba(128,128,128,1);--awb-handle-transparent-color:rgba(255,255,255,0.6);--awb-accent-color-bg:rgba(255,255,255,0.15);--awb-transition-time:0.5s;\"><div class=\"fusion-image-before-after-element fusion-image-before-after fusion-image-before-after-container fusion-image-before-after-2\" data-offset=\"0.5\" data-orientation=\"horizontal\" data-move-with-handle-only=\"true\" data-click-to-move=\"true\"><img decoding=\"async\" alt=\"Tratamientos dentales en La L\u00ednea de La Concepci\u00f3n - Cl\u00ednica Dental Centro\" class=\"fusion-image-before-after-before lazyload\" src=\"data:image\/svg+xml,%3Csvg%20xmlns%3D%27http%3A%2F%2Fwww.w3.org%2F2000%2Fsvg%27%20width%3D%271263%27%20height%3D%27686%27%20viewBox%3D%270%200%201263%20686%27%3E%3Crect%20width%3D%271263%27%20height%3D%27686%27%20fill-opacity%3D%220%22%2F%3E%3C%2Fsvg%3E\" width=\"1024\" height=\"556\" data-orig-src=\"https:\/\/www.clinicadentalcentro.com\/wp-content\/uploads\/2023\/08\/Susana-antes-facial-1-e1691664605681-1024x556.jpg\"><img decoding=\"async\" alt=\"Tratamientos dentales en La L\u00ednea de La Concepci\u00f3n - Cl\u00ednica Dental Centro\" class=\"fusion-image-before-after-after lazyload\" src=\"data:image\/svg+xml,%3Csvg%20xmlns%3D%27http%3A%2F%2Fwww.w3.org%2F2000%2Fsvg%27%20width%3D%271944%27%20height%3D%271056%27%20viewBox%3D%270%200%201944%201056%27%3E%3Crect%20width%3D%271944%27%20height%3D%271056%27%20fill-opacity%3D%220%22%2F%3E%3C%2Fsvg%3E\" width=\"1024\" height=\"556\" data-orig-src=\"https:\/\/www.clinicadentalcentro.com\/wp-content\/uploads\/2023\/08\/Susana-despues-facial-e1691664635879-1024x556.jpg\"><div class=\"fusion-image-before-after-handle fusion-image-before-after-handle-circle\"><span class=\"fusion-image-before-after-left-arrow\"><\/span><span class=\"fusion-image-before-after-right-arrow\"><\/span><\/div><\/div><\/div><\/div><\/div><\/div><\/div><div class=\"fusion-fullwidth fullwidth-box fusion-builder-row-5 fusion-flex-container nonhundred-percent-fullwidth non-hundred-percent-height-scrolling\" style=\"--awb-border-radius-top-left:0px;--awb-border-radius-top-right:0px;--awb-border-radius-bottom-right:0px;--awb-border-radius-bottom-left:0px;--awb-padding-top:90px;--awb-padding-bottom:90px;--awb-background-color:var(--awb-color3);--awb-flex-wrap:wrap;\" ><div class=\"fusion-builder-row fusion-row fusion-flex-align-items-flex-start fusion-flex-content-wrap\" style=\"max-width:1216.8px;margin-left: calc(-4% \/ 2 );margin-right: calc(-4% \/ 2 );\"><div class=\"fusion-layout-column fusion_builder_column fusion-builder-column-8 fusion_builder_column_1_2 1_2 fusion-flex-column fusion-flex-align-self-stretch\" style=\"--awb-bg-blend:overlay;--awb-bg-size:cover;--awb-width-large:50%;--awb-margin-top-large:0px;--awb-spacing-right-large:0%;--awb-margin-bottom-large:20px;--awb-spacing-left-large:3.84%;--awb-width-medium:100%;--awb-spacing-right-medium:1.92%;--awb-spacing-left-medium:1.92%;--awb-width-small:100%;--awb-spacing-right-small:1.92%;--awb-spacing-left-small:1.92%;\"><div class=\"fusion-column-wrapper fusion-column-has-shadow fusion-flex-justify-content-flex-start fusion-content-layout-column\"><div class=\"fusion-image-before-after-wrapper fusion-image-before-after-horizontal type-before-after hover-type-together fusion-image-before-after-wrapper-3\" style=\"--awb-font-size:14px;--awb-bordersize:10px;--awb-borderradius:10px;--awb-bordercolor:#ffffff;--awb-handle-accent-color:rgba(128,128,128,1);--awb-handle-transparent-color:rgba(255,255,255,0.6);--awb-accent-color-bg:rgba(255,255,255,0.15);--awb-transition-time:0.5s;\"><div class=\"fusion-image-before-after-element fusion-image-before-after fusion-image-before-after-container fusion-image-before-after-3\" data-offset=\"0.5\" data-orientation=\"horizontal\" data-move-with-handle-only=\"true\" data-click-to-move=\"true\"><img decoding=\"async\" alt=\"Tratamientos dentales en La L\u00ednea de La Concepci\u00f3n - Cl\u00ednica Dental Centro\" class=\"fusion-image-before-after-before lazyload\" src=\"data:image\/svg+xml,%3Csvg%20xmlns%3D%27http%3A%2F%2Fwww.w3.org%2F2000%2Fsvg%27%20width%3D%272560%27%20height%3D%271237%27%20viewBox%3D%270%200%202560%201237%27%3E%3Crect%20width%3D%272560%27%20height%3D%271237%27%20fill-opacity%3D%220%22%2F%3E%3C%2Fsvg%3E\" width=\"1024\" height=\"495\" data-orig-src=\"https:\/\/www.clinicadentalcentro.com\/wp-content\/uploads\/2023\/08\/Paula-Ruiz-antes-1-1-scaled-e1691664197294-1024x495.jpg\"><img decoding=\"async\" alt=\"Tratamientos dentales en La L\u00ednea de La Concepci\u00f3n - Cl\u00ednica Dental Centro\" class=\"fusion-image-before-after-after lazyload\" src=\"data:image\/svg+xml,%3Csvg%20xmlns%3D%27http%3A%2F%2Fwww.w3.org%2F2000%2Fsvg%27%20width%3D%272560%27%20height%3D%271237%27%20viewBox%3D%270%200%202560%201237%27%3E%3Crect%20width%3D%272560%27%20height%3D%271237%27%20fill-opacity%3D%220%22%2F%3E%3C%2Fsvg%3E\" width=\"1024\" height=\"495\" data-orig-src=\"https:\/\/www.clinicadentalcentro.com\/wp-content\/uploads\/2023\/08\/Paula-Ruiz-despues.2JPG-1-scaled-e1691664230970-1024x495.jpg\"><div class=\"fusion-image-before-after-overlay before-after-overlay-image-centered\"><div class=\"fusion-image-before-after-before-label\" data-content=\"ANTES\"><\/div><div class=\"fusion-image-before-after-after-label\" data-content=\"DESPUES\"><\/div><\/div><div class=\"fusion-image-before-after-handle fusion-image-before-after-handle-circle\"><span class=\"fusion-image-before-after-left-arrow\"><\/span><span class=\"fusion-image-before-after-right-arrow\"><\/span><\/div><\/div><\/div><\/div><\/div><div class=\"fusion-layout-column fusion_builder_column fusion-builder-column-9 fusion_builder_column_1_2 1_2 fusion-flex-column fusion-flex-align-self-stretch\" style=\"--awb-bg-blend:overlay;--awb-bg-size:cover;--awb-width-large:50%;--awb-margin-top-large:0px;--awb-spacing-right-large:3.84%;--awb-margin-bottom-large:20px;--awb-spacing-left-large:0%;--awb-width-medium:100%;--awb-spacing-right-medium:1.92%;--awb-spacing-left-medium:1.92%;--awb-width-small:100%;--awb-spacing-right-small:1.92%;--awb-spacing-left-small:1.92%;\"><div class=\"fusion-column-wrapper fusion-column-has-shadow fusion-flex-justify-content-flex-start fusion-content-layout-column\"><div class=\"fusion-image-before-after-wrapper fusion-image-before-after-horizontal type-before-after hover-type-together fusion-image-before-after-wrapper-4\" style=\"--awb-font-size:14px;--awb-bordersize:10px;--awb-borderradius:10px;--awb-bordercolor:#ffffff;--awb-handle-accent-color:rgba(128,128,128,1);--awb-handle-transparent-color:rgba(255,255,255,0.6);--awb-accent-color-bg:rgba(255,255,255,0.15);--awb-transition-time:0.5s;\"><div class=\"fusion-image-before-after-element fusion-image-before-after fusion-image-before-after-container fusion-image-before-after-4\" data-offset=\"0.5\" data-orientation=\"horizontal\" data-move-with-handle-only=\"true\" data-click-to-move=\"true\"><img decoding=\"async\" alt=\"Tratamientos dentales en La L\u00ednea de La Concepci\u00f3n - Cl\u00ednica Dental Centro\" class=\"fusion-image-before-after-before lazyload\" src=\"data:image\/svg+xml,%3Csvg%20xmlns%3D%27http%3A%2F%2Fwww.w3.org%2F2000%2Fsvg%27%20width%3D%272560%27%20height%3D%271237%27%20viewBox%3D%270%200%202560%201237%27%3E%3Crect%20width%3D%272560%27%20height%3D%271237%27%20fill-opacity%3D%220%22%2F%3E%3C%2Fsvg%3E\" width=\"1024\" height=\"495\" data-orig-src=\"https:\/\/www.clinicadentalcentro.com\/wp-content\/uploads\/2023\/08\/Paula-Ruiz-antes-2-1024x495.jpg\"><img decoding=\"async\" alt=\"Tratamientos dentales en La L\u00ednea de La Concepci\u00f3n - Cl\u00ednica Dental Centro\" class=\"fusion-image-before-after-after lazyload\" src=\"data:image\/svg+xml,%3Csvg%20xmlns%3D%27http%3A%2F%2Fwww.w3.org%2F2000%2Fsvg%27%20width%3D%272560%27%20height%3D%271249%27%20viewBox%3D%270%200%202560%201249%27%3E%3Crect%20width%3D%272560%27%20height%3D%271249%27%20fill-opacity%3D%220%22%2F%3E%3C%2Fsvg%3E\" width=\"1024\" height=\"499\" data-orig-src=\"https:\/\/www.clinicadentalcentro.com\/wp-content\/uploads\/2023\/08\/Paula-Ruiz-despues-1-1024x499.jpg\"><div class=\"fusion-image-before-after-overlay before-after-overlay-image-centered\"><div class=\"fusion-image-before-after-before-label\" data-content=\"ANTES\"><\/div><div class=\"fusion-image-before-after-after-label\" data-content=\"DESPUES\"><\/div><\/div><div class=\"fusion-image-before-after-handle fusion-image-before-after-handle-circle\"><span class=\"fusion-image-before-after-left-arrow\"><\/span><span class=\"fusion-image-before-after-right-arrow\"><\/span><\/div><\/div><\/div><\/div><\/div><\/div><\/div><div class=\"fusion-fullwidth fullwidth-box fusion-builder-row-6 fusion-flex-container nonhundred-percent-fullwidth non-hundred-percent-height-scrolling\" style=\"--awb-border-radius-top-left:0px;--awb-border-radius-top-right:0px;--awb-border-radius-bottom-right:0px;--awb-border-radius-bottom-left:0px;--awb-padding-top:90px;--awb-padding-bottom:90px;--awb-background-color:var(--awb-color6);--awb-flex-wrap:wrap;\" ><div class=\"fusion-builder-row fusion-row fusion-flex-align-items-flex-start fusion-flex-content-wrap\" style=\"max-width:1216.8px;margin-left: calc(-4% \/ 2 );margin-right: calc(-4% \/ 2 );\"><div class=\"fusion-layout-column fusion_builder_column fusion-builder-column-10 fusion_builder_column_1_2 1_2 fusion-flex-column fusion-flex-align-self-stretch\" style=\"--awb-bg-blend:overlay;--awb-bg-size:cover;--awb-width-large:50%;--awb-margin-top-large:0px;--awb-spacing-right-large:0%;--awb-margin-bottom-large:20px;--awb-spacing-left-large:3.84%;--awb-width-medium:100%;--awb-spacing-right-medium:1.92%;--awb-spacing-left-medium:1.92%;--awb-width-small:100%;--awb-spacing-right-small:1.92%;--awb-spacing-left-small:1.92%;\"><div class=\"fusion-column-wrapper fusion-column-has-shadow fusion-flex-justify-content-flex-start fusion-content-layout-column\"><div class=\"fusion-image-before-after-wrapper fusion-image-before-after-horizontal type-before-after hover-type-together fusion-image-before-after-wrapper-5\" style=\"--awb-font-size:14px;--awb-bordersize:10px;--awb-borderradius:10px;--awb-bordercolor:#ffffff;--awb-handle-accent-color:rgba(128,128,128,1);--awb-handle-transparent-color:rgba(255,255,255,0.6);--awb-accent-color-bg:rgba(255,255,255,0.15);--awb-transition-time:0.5s;\"><div class=\"fusion-image-before-after-element fusion-image-before-after fusion-image-before-after-container fusion-image-before-after-5\" data-offset=\"0.5\" data-orientation=\"horizontal\" data-move-with-handle-only=\"true\" data-click-to-move=\"true\"><img decoding=\"async\" alt=\"Tratamientos dentales en La L\u00ednea de La Concepci\u00f3n - Cl\u00ednica Dental Centro\" class=\"fusion-image-before-after-before lazyload\" src=\"data:image\/svg+xml,%3Csvg%20xmlns%3D%27http%3A%2F%2Fwww.w3.org%2F2000%2Fsvg%27%20width%3D%272560%27%20height%3D%271250%27%20viewBox%3D%270%200%202560%201250%27%3E%3Crect%20width%3D%272560%27%20height%3D%271250%27%20fill-opacity%3D%220%22%2F%3E%3C%2Fsvg%3E\" width=\"2560\" height=\"1250\" data-orig-src=\"https:\/\/www.clinicadentalcentro.com\/wp-content\/uploads\/2023\/08\/image2-scaled.jpeg\"><img decoding=\"async\" alt=\"Tratamientos dentales en La L\u00ednea de La Concepci\u00f3n - Cl\u00ednica Dental Centro\" class=\"fusion-image-before-after-after lazyload\" src=\"data:image\/svg+xml,%3Csvg%20xmlns%3D%27http%3A%2F%2Fwww.w3.org%2F2000%2Fsvg%27%20width%3D%272560%27%20height%3D%271707%27%20viewBox%3D%270%200%202560%201707%27%3E%3Crect%20width%3D%272560%27%20height%3D%271707%27%20fill-opacity%3D%220%22%2F%3E%3C%2Fsvg%3E\" width=\"2560\" height=\"1707\" data-orig-src=\"https:\/\/www.clinicadentalcentro.com\/wp-content\/uploads\/2023\/08\/image3-scaled.jpeg\"><div class=\"fusion-image-before-after-overlay before-after-overlay-image-centered\"><div class=\"fusion-image-before-after-before-label\" data-content=\"ANTES\"><\/div><div class=\"fusion-image-before-after-after-label\" data-content=\"DESPUES\"><\/div><\/div><div class=\"fusion-image-before-after-handle fusion-image-before-after-handle-circle\"><span class=\"fusion-image-before-after-left-arrow\"><\/span><span class=\"fusion-image-before-after-right-arrow\"><\/span><\/div><\/div><\/div><\/div><\/div><\/div><\/div><div class=\"fusion-fullwidth fullwidth-box fusion-builder-row-7 fusion-flex-container has-pattern-background has-mask-background nonhundred-percent-fullwidth non-hundred-percent-height-scrolling\" style=\"--awb-border-radius-top-left:0px;--awb-border-radius-top-right:0px;--awb-border-radius-bottom-right:0px;--awb-border-radius-bottom-left:0px;--awb-padding-top:200px;--awb-padding-bottom:200px;--awb-padding-top-small:94px;--awb-padding-bottom-small:79px;--awb-background-color:var(--awb-color4);--awb-flex-wrap:wrap;\" ><div class=\"fusion-builder-row fusion-row fusion-flex-align-items-flex-start fusion-flex-content-wrap\" style=\"max-width:1216.8px;margin-left: calc(-4% \/ 2 );margin-right: calc(-4% \/ 2 );\"><div class=\"fusion-layout-column fusion_builder_column fusion-builder-column-11 fusion_builder_column_1_2 1_2 fusion-flex-column\" style=\"--awb-bg-size:cover;--awb-width-large:50%;--awb-margin-top-large:0px;--awb-spacing-right-large:3.84%;--awb-margin-bottom-large:20px;--awb-spacing-left-large:3.84%;--awb-width-medium:100%;--awb-order-medium:0;--awb-spacing-right-medium:1.92%;--awb-spacing-left-medium:1.92%;--awb-width-small:100%;--awb-order-small:0;--awb-spacing-right-small:1.92%;--awb-spacing-left-small:1.92%;\"><div class=\"fusion-column-wrapper fusion-column-has-shadow fusion-flex-justify-content-flex-start fusion-content-layout-column\"><i class=\"fb-icon-element-1 fb-icon-element fontawesome-icon fa-quote-left fas circle-no fusion-text-flow\" style=\"--awb-font-size:84px;--awb-margin-right:42px;\"><\/i><div class=\"fusion-title title fusion-title-6 fusion-title-text fusion-title-size-two\" style=\"--awb-text-color:var(--awb-color7);--awb-font-size:55px;\"><div class=\"title-sep-container title-sep-container-left fusion-no-large-visibility fusion-no-medium-visibility fusion-no-small-visibility\"><div class=\"title-sep sep- sep-solid\" style=\"border-color:#e2e2e2;\"><\/div><\/div><span class=\"awb-title-spacer fusion-no-large-visibility fusion-no-medium-visibility fusion-no-small-visibility\"><\/span><h2 class=\"fusion-title-heading title-heading-left fusion-responsive-typography-calculated\" style=\"font-family:&quot;Poppins&quot;;font-style:normal;font-weight:600;margin:0;font-size:1em;letter-spacing:-4px;--fontSize:55;line-height:1.14;\"><p class=\"fusion-title-heading title-heading-left fusion-responsive-typography-calculated\">Advanced dentistry with digital technology, precise diagnosis.<\/p><\/h2><span class=\"awb-title-spacer\"><\/span><div class=\"title-sep-container title-sep-container-right\"><div class=\"title-sep sep- sep-solid\" style=\"border-color:#e2e2e2;\"><\/div><\/div><\/div><\/div><\/div><div class=\"fusion-layout-column fusion_builder_column fusion-builder-column-12 fusion_builder_column_1_2 1_2 fusion-flex-column fusion-flex-align-self-center fusion-no-small-visibility\" style=\"--awb-padding-top-small:118px;--awb-bg-size:cover;--awb-width-large:50%;--awb-margin-top-large:0px;--awb-spacing-right-large:3.84%;--awb-margin-bottom-large:20px;--awb-spacing-left-large:3.84%;--awb-width-medium:100%;--awb-order-medium:0;--awb-spacing-right-medium:1.92%;--awb-spacing-left-medium:1.92%;--awb-width-small:100%;--awb-order-small:0;--awb-spacing-right-small:1.92%;--awb-spacing-left-small:1.92%;\"><div class=\"fusion-column-wrapper fusion-column-has-shadow fusion-flex-justify-content-flex-start fusion-content-layout-column\"><div class=\"fusion-image-element\" style=\"text-align:center;--awb-max-width:350px;--awb-caption-title-font-family:var(--h2_typography-font-family);--awb-caption-title-font-weight:var(--h2_typography-font-weight);--awb-caption-title-font-style:var(--h2_typography-font-style);--awb-caption-title-size:var(--h2_typography-font-size);--awb-caption-title-transform:var(--h2_typography-text-transform);--awb-caption-title-line-height:var(--h2_typography-line-height);--awb-caption-title-letter-spacing:var(--h2_typography-letter-spacing);\"><span class=\"fusion-imageframe imageframe-none imageframe-5 hover-type-none\"><img decoding=\"async\" width=\"500\" height=\"316\" alt=\"Dental Centro. Cl\u00ednica dental en La l\u00ednea de La Concepci\u00f3n.\" title=\"1-DentalCentro_Mesa-de-trabajo-1\" src=\"https:\/\/www.clinicadentalcentro.com\/wp-content\/uploads\/2021\/04\/1-DentalCentro_Mesa-de-trabajo-1.png\" data-orig-src=\"https:\/\/www.clinicadentalcentro.com\/wp-content\/uploads\/2021\/04\/1-DentalCentro_Mesa-de-trabajo-1.png\" class=\"lazyload img-responsive wp-image-4709\" srcset=\"data:image\/svg+xml,%3Csvg%20xmlns%3D%27http%3A%2F%2Fwww.w3.org%2F2000%2Fsvg%27%20width%3D%27500%27%20height%3D%27316%27%20viewBox%3D%270%200%20500%20316%27%3E%3Crect%20width%3D%27500%27%20height%3D%27316%27%20fill-opacity%3D%220%22%2F%3E%3C%2Fsvg%3E\" data-srcset=\"https:\/\/www.clinicadentalcentro.com\/wp-content\/uploads\/2021\/04\/1-DentalCentro_Mesa-de-trabajo-1-200x126.png 200w, https:\/\/www.clinicadentalcentro.com\/wp-content\/uploads\/2021\/04\/1-DentalCentro_Mesa-de-trabajo-1-400x253.png 400w, https:\/\/www.clinicadentalcentro.com\/wp-content\/uploads\/2021\/04\/1-DentalCentro_Mesa-de-trabajo-1.png 500w\" data-sizes=\"auto\" data-orig-sizes=\"(max-width: 1024px) 100vw, (max-width: 640px) 100vw, 500px\" \/><\/span><\/div><\/div><\/div><\/div><\/div><div class=\"fusion-fullwidth fullwidth-box fusion-builder-row-8 fusion-flex-container has-pattern-background has-mask-background hundred-percent-fullwidth non-hundred-percent-height-scrolling\" style=\"--awb-background-position:center bottom;--awb-background-blend-mode:luminosity;--awb-border-sizes-top:0px;--awb-border-sizes-bottom:0px;--awb-border-sizes-left:0px;--awb-border-sizes-right:0px;--awb-border-radius-top-left:0px;--awb-border-radius-top-right:0px;--awb-border-radius-bottom-right:0px;--awb-border-radius-bottom-left:0px;--awb-padding-top:0%;--awb-padding-right:0px;--awb-padding-bottom:0%;--awb-padding-left:1px;--awb-padding-left-small:0px;--awb-margin-bottom:0px;--awb-min-height:650px;--awb-background-color:var(--awb-color4);--awb-background-size:cover;--awb-flex-wrap:wrap;\" ><div class=\"fusion-builder-row fusion-row fusion-flex-align-items-flex-start fusion-flex-content-wrap\" style=\"width:calc( 100% + 0px ) !important;max-width:calc( 100% + 0px ) !important;margin-left: calc(-0px \/ 2 );margin-right: calc(-0px \/ 2 );\"><div class=\"fusion-layout-column fusion_builder_column fusion-builder-column-13 fusion_builder_column_1_2 1_2 fusion-flex-column fusion-flex-align-self-stretch fusion-animated\" style=\"--awb-padding-top:4%;--awb-padding-right:11%;--awb-padding-bottom:5%;--awb-padding-left:11%;--awb-bg-color:var(--awb-color6);--awb-bg-color-hover:var(--awb-color6);--awb-bg-position:center center;--awb-bg-blend:multiply;--awb-bg-size:cover;--awb-border-color:#ffffff;--awb-border-top:0;--awb-border-right:0;--awb-border-bottom:0;--awb-border-left:0;--awb-border-style:solid;--awb-width-large:50%;--awb-margin-top-large:0px;--awb-spacing-right-large:0px;--awb-margin-bottom-large:0px;--awb-spacing-left-large:0px;--awb-width-medium:100%;--awb-spacing-right-medium:0px;--awb-spacing-left-medium:0px;--awb-width-small:100%;--awb-spacing-right-small:0px;--awb-spacing-left-small:0px;\" data-animationtype=\"fadeInUp\" data-animationduration=\"0.8\" data-animationoffset=\"top-into-view\"><div class=\"fusion-column-wrapper lazyload fusion-flex-justify-content-center fusion-content-layout-column fusion-column-has-bg-image\" data-bg-url=\"https:\/\/www.clinicadentalcentro.com\/wp-content\/uploads\/2023\/02\/BannerWeb_DentalCentro.jpg\" data-bg=\"https:\/\/www.clinicadentalcentro.com\/wp-content\/uploads\/2023\/02\/BannerWeb_DentalCentro.jpg\"><div class=\"fusion-separator fusion-full-width-sep\" style=\"align-self: center;margin-left: auto;margin-right: auto;margin-top:10px;width:100%;\"><\/div><div class=\"fusion-title title fusion-title-7 fusion-title-center fusion-title-text fusion-title-size-two\" style=\"--awb-text-color:#ffffff;--awb-margin-bottom:20px;\"><div class=\"title-sep-container title-sep-container-left\"><div class=\"title-sep sep- sep-solid\" style=\"border-color:#e2e2e2;\"><\/div><\/div><span class=\"awb-title-spacer\"><\/span><h2 class=\"fusion-title-heading title-heading-center fusion-responsive-typography-calculated\" style=\"margin:0;--fontSize:48;line-height:1.2;\">RIGHT NEXT TO YOU<\/h2><span class=\"awb-title-spacer\"><\/span><div class=\"title-sep-container title-sep-container-right\"><div class=\"title-sep sep- sep-solid\" style=\"border-color:#e2e2e2;\"><\/div><\/div><\/div><div class=\"fusion-text fusion-text-4\"><p style=\"text-align: center;\"><span style=\"color: #ffffff;\">We are on Calle Real in La Linea de La Concepci\u00f3n.<\/span><\/p>\n<\/div><div class=\"fusion-separator fusion-full-width-sep\" style=\"align-self: center;margin-left: auto;margin-right: auto;margin-top:16px;width:100%;\"><\/div><div style=\"text-align:center;\"><a class=\"fusion-button button-flat button-xlarge button-default fusion-button-default button-1 fusion-button-default-span fusion-button-default-type\" target=\"_blank\" rel=\"noopener noreferrer\" href=\"https:\/\/www.clinicadentalcentro.com\/en\/contacta\/\"><span class=\"fusion-button-text\">SCHEDULE NOW<\/span><\/a><\/div><\/div><\/div><div class=\"fusion-layout-column fusion_builder_column fusion-builder-column-14 fusion_builder_column_1_2 1_2 fusion-flex-column fusion-flex-align-self-stretch fusion-column-inner-bg-wrapper\" style=\"--awb-padding-bottom:0px;--awb-inner-bg-size:cover;--awb-width-large:50%;--awb-margin-top-large:0px;--awb-spacing-right-large:0px;--awb-margin-bottom-large:0px;--awb-spacing-left-large:0px;--awb-width-medium:100%;--awb-order-medium:0;--awb-spacing-right-medium:0px;--awb-spacing-left-medium:0px;--awb-width-small:100%;--awb-order-small:0;--awb-spacing-right-small:0px;--awb-spacing-left-small:0px;\"><span class=\"fusion-column-inner-bg hover-type-none\"><a class=\"fusion-column-anchor\" href=\"https:\/\/maps.app.goo.gl\/SWwRkqdzubPLaCRD7\" rel=\"noopener noreferrer\" target=\"_blank\"><span class=\"fusion-column-inner-bg-image\"><\/span><\/a><\/span><div class=\"fusion-column-wrapper fusion-column-has-shadow fusion-flex-justify-content-flex-start fusion-content-layout-column\"><div style=\"--awb-height:650px;--awb-popup-title-font-size:1.4em;--awb-popup-title-color:var(--awb-color7);--awb-popup-title-margin-top:0px;--awb-popup-title-margin-bottom:0px;--awb-popup-content-color:var(--awb-color6);--awb-popup-title-font-family:-apple-system, BlinkMacSystemFont, &#039;Segoe UI&#039;, Roboto, Oxygen-Sans, Ubuntu, Cantarell, &#039;Helvetica Neue&#039; ,sans-serif;--awb-popup-title-font-style:normal;--awb-popup-title-font-weight:700;--awb-popup-content-font-family:-apple-system, BlinkMacSystemFont, &#039;Segoe UI&#039;, Roboto, Oxygen-Sans, Ubuntu, Cantarell, &#039;Helvetica Neue&#039; ,sans-serif;--awb-popup-content-font-style:normal;--awb-popup-content-font-weight:400;\" class=\"awb-openstreet-map awb-openstreet-map-1\" data-map-style=\"osm-carto\" data-map-type=\"polygon\" data-zoom=\"14\" data-zoomsnap=\"1.0\" data-zoomcontrol=\"\" data-scrollwheelzoom=\"1\" data-dragging=\"1\" data-touchzoom=\"1\" data-dbclickzoom=\"1\" data-fitbounds=\"1\" data-shape-color=\"rgba(160,206,78,1)\" data-shape-weight=\"3\"><div class=\"awb-openstreet-map-marker awb-openstreet-map-marker-1\" data-latitude=\"36.16187201814681\" data-longitude=\"-5.350927388535523\" data-icon=\"fa-map-marker-alt fas\" data-action=\"static_close_on\"><div class=\"awb-openstreet-map-marker-icon-wrapper awb-openstreet-map-marker-anim-pulsating\" style=\"--awb-size:27px;\"><i class=\"fa-map-marker-alt fas\"><\/i><\/div><div class=\"awb-openstreet-map-content-wrapper\"><h5 class=\"awb-openstreet-map-marker-title\">Dental Centro clinic<\/h5><div class=\"awb-openstreet-map-marker-content\">C\/ Real, 41, 11300 La L\u00ednea de la Concepci\u00f3n, C\u00e1diz<\/div><\/div><\/div><\/div><\/div><\/div><\/div><\/div>\n<\/p>","protected":false},"excerpt":{"rendered":"","protected":false},"author":1,"featured_media":5554,"menu_order":0,"comment_status":"closed","ping_status":"closed","template":"","format":"standard","meta":{"footnotes":""},"portfolio_category":[],"portfolio_skills":[],"portfolio_tags":[],"class_list":["post-7229","avada_portfolio","type-avada_portfolio","status-publish","format-standard","has-post-thumbnail","hentry"],"acf":[],"yoast_head":"<!-- This site is optimized with the Yoast SEO plugin v26.2 - https:\/\/yoast.com\/wordpress\/plugins\/seo\/ -->\n<title>Ortodoncia - La L\u00ednea de La Concepci\u00f3n- Clinica Dental Centro<\/title>\n<meta name=\"description\" content=\"Ortodoncia invisible en La L\u00ednea de La Concepci\u00f3n. La ortodoncia invisible es una t\u00e9cnica revolucionaria para alinear los dientes sin necesidad de usar los tradicionales Brackets.\" \/>\n<meta name=\"robots\" content=\"index, follow, max-snippet:-1, max-image-preview:large, max-video-preview:-1\" \/>\n<link rel=\"canonical\" href=\"https:\/\/www.clinicadentalcentro.com\/en\/portfolio-items\/ortodoncia-invisible-en-la-linea-de-la-concepcion\/\" \/>\n<meta property=\"og:locale\" content=\"en_GB\" \/>\n<meta property=\"og:type\" content=\"article\" \/>\n<meta property=\"og:title\" content=\"Ortodoncia - La L\u00ednea de La Concepci\u00f3n- Clinica Dental Centro\" \/>\n<meta property=\"og:description\" content=\"Ortodoncia invisible en La L\u00ednea de La Concepci\u00f3n. La ortodoncia invisible es una t\u00e9cnica revolucionaria para alinear los dientes sin necesidad de usar los tradicionales Brackets.\" \/>\n<meta property=\"og:url\" content=\"https:\/\/www.clinicadentalcentro.com\/en\/portfolio-items\/ortodoncia-invisible-en-la-linea-de-la-concepcion\/\" \/>\n<meta property=\"og:site_name\" content=\"Clinica Dental Centro\" \/>\n<meta property=\"article:publisher\" content=\"https:\/\/www.facebook.com\/clinicadentalcentro\/\" \/>\n<meta property=\"article:modified_time\" content=\"2025-11-03T12:13:33+00:00\" \/>\n<meta property=\"og:image\" content=\"https:\/\/www.clinicadentalcentro.com\/wp-content\/uploads\/2015\/07\/Ortodoncia-scaled-e1675419717916.jpg\" \/>\n\t<meta property=\"og:image:width\" content=\"1620\" \/>\n\t<meta property=\"og:image:height\" content=\"1080\" \/>\n\t<meta property=\"og:image:type\" content=\"image\/jpeg\" \/>\n<meta name=\"twitter:card\" content=\"summary_large_image\" \/>\n<meta name=\"twitter:label1\" content=\"Estimated reading time\" \/>\n\t<meta name=\"twitter:data1\" content=\"6 minutes\" \/>\n<script type=\"application\/ld+json\" class=\"yoast-schema-graph\">{\"@context\":\"https:\/\/schema.org\",\"@graph\":[{\"@type\":\"WebPage\",\"@id\":\"https:\/\/www.clinicadentalcentro.com\/en\/portfolio-items\/ortodoncia-invisible-en-la-linea-de-la-concepcion\/\",\"url\":\"https:\/\/www.clinicadentalcentro.com\/en\/portfolio-items\/ortodoncia-invisible-en-la-linea-de-la-concepcion\/\",\"name\":\"Ortodoncia - La L\u00ednea de La Concepci\u00f3n- Clinica Dental Centro\",\"isPartOf\":{\"@id\":\"https:\/\/www.clinicadentalcentro.com\/en\/#website\"},\"primaryImageOfPage\":{\"@id\":\"https:\/\/www.clinicadentalcentro.com\/en\/portfolio-items\/ortodoncia-invisible-en-la-linea-de-la-concepcion\/#primaryimage\"},\"image\":{\"@id\":\"https:\/\/www.clinicadentalcentro.com\/en\/portfolio-items\/ortodoncia-invisible-en-la-linea-de-la-concepcion\/#primaryimage\"},\"thumbnailUrl\":\"https:\/\/www.clinicadentalcentro.com\/wp-content\/uploads\/2015\/07\/Ortodoncia-scaled-e1675419717916.jpg\",\"datePublished\":\"2024-01-17T15:35:45+00:00\",\"dateModified\":\"2025-11-03T12:13:33+00:00\",\"description\":\"Ortodoncia invisible en La L\u00ednea de La Concepci\u00f3n. La ortodoncia invisible es una t\u00e9cnica revolucionaria para alinear los dientes sin necesidad de usar los tradicionales Brackets.\",\"breadcrumb\":{\"@id\":\"https:\/\/www.clinicadentalcentro.com\/en\/portfolio-items\/ortodoncia-invisible-en-la-linea-de-la-concepcion\/#breadcrumb\"},\"inLanguage\":\"en-GB\",\"potentialAction\":[{\"@type\":\"ReadAction\",\"target\":[\"https:\/\/www.clinicadentalcentro.com\/en\/portfolio-items\/ortodoncia-invisible-en-la-linea-de-la-concepcion\/\"]}]},{\"@type\":\"ImageObject\",\"inLanguage\":\"en-GB\",\"@id\":\"https:\/\/www.clinicadentalcentro.com\/en\/portfolio-items\/ortodoncia-invisible-en-la-linea-de-la-concepcion\/#primaryimage\",\"url\":\"https:\/\/www.clinicadentalcentro.com\/wp-content\/uploads\/2015\/07\/Ortodoncia-scaled-e1675419717916.jpg\",\"contentUrl\":\"https:\/\/www.clinicadentalcentro.com\/wp-content\/uploads\/2015\/07\/Ortodoncia-scaled-e1675419717916.jpg\",\"width\":1620,\"height\":1080},{\"@type\":\"BreadcrumbList\",\"@id\":\"https:\/\/www.clinicadentalcentro.com\/en\/portfolio-items\/ortodoncia-invisible-en-la-linea-de-la-concepcion\/#breadcrumb\",\"itemListElement\":[{\"@type\":\"ListItem\",\"position\":1,\"name\":\"Home\",\"item\":\"https:\/\/www.clinicadentalcentro.com\/en\/\"},{\"@type\":\"ListItem\",\"position\":2,\"name\":\"Portfolio\",\"item\":\"https:\/\/www.clinicadentalcentro.com\/en\/portfolio-items\/\"},{\"@type\":\"ListItem\",\"position\":3,\"name\":\"Ortodoncia\"}]},{\"@type\":\"WebSite\",\"@id\":\"https:\/\/www.clinicadentalcentro.com\/en\/#website\",\"url\":\"https:\/\/www.clinicadentalcentro.com\/en\/\",\"name\":\"Clinica Dental Centro\",\"description\":\"Sonrie que la vida vuela. Cl\u00ednica Dental Centro, expertos en odontolog\u00eda y est\u00e9tica dental, en el Campo de Gibraltar.\",\"publisher\":{\"@id\":\"https:\/\/www.clinicadentalcentro.com\/en\/#organization\"},\"alternateName\":\"clinicadentalcentro.com\",\"potentialAction\":[{\"@type\":\"SearchAction\",\"target\":{\"@type\":\"EntryPoint\",\"urlTemplate\":\"https:\/\/www.clinicadentalcentro.com\/en\/?s={search_term_string}\"},\"query-input\":{\"@type\":\"PropertyValueSpecification\",\"valueRequired\":true,\"valueName\":\"search_term_string\"}}],\"inLanguage\":\"en-GB\"},{\"@type\":\"Organization\",\"@id\":\"https:\/\/www.clinicadentalcentro.com\/en\/#organization\",\"name\":\"Clinica Dental Centro\",\"alternateName\":\"clinicadentalcentro.com\",\"url\":\"https:\/\/www.clinicadentalcentro.com\/en\/\",\"logo\":{\"@type\":\"ImageObject\",\"inLanguage\":\"en-GB\",\"@id\":\"https:\/\/www.clinicadentalcentro.com\/en\/#\/schema\/logo\/image\/\",\"url\":\"https:\/\/www.clinicadentalcentro.com\/wp-content\/uploads\/2021\/06\/cropped-LOGO-DENTAL-CENTRO-4-LARGE.png\",\"contentUrl\":\"https:\/\/www.clinicadentalcentro.com\/wp-content\/uploads\/2021\/06\/cropped-LOGO-DENTAL-CENTRO-4-LARGE.png\",\"width\":512,\"height\":512,\"caption\":\"Clinica Dental Centro\"},\"image\":{\"@id\":\"https:\/\/www.clinicadentalcentro.com\/en\/#\/schema\/logo\/image\/\"},\"sameAs\":[\"https:\/\/www.facebook.com\/clinicadentalcentro\/\",\"https:\/\/www.instagram.com\/clinicadentalcentro\/?hl=es\"]}]}<\/script>\n<!-- \/ Yoast SEO plugin. -->","yoast_head_json":{"title":"Ortodoncia - La L\u00ednea de La Concepci\u00f3n- Clinica Dental Centro","description":"Ortodoncia invisible en La L\u00ednea de La Concepci\u00f3n. La ortodoncia invisible es una t\u00e9cnica revolucionaria para alinear los dientes sin necesidad de usar los tradicionales Brackets.","robots":{"index":"index","follow":"follow","max-snippet":"max-snippet:-1","max-image-preview":"max-image-preview:large","max-video-preview":"max-video-preview:-1"},"canonical":"https:\/\/www.clinicadentalcentro.com\/en\/portfolio-items\/ortodoncia-invisible-en-la-linea-de-la-concepcion\/","og_locale":"en_GB","og_type":"article","og_title":"Ortodoncia - La L\u00ednea de La Concepci\u00f3n- Clinica Dental Centro","og_description":"Ortodoncia invisible en La L\u00ednea de La Concepci\u00f3n. La ortodoncia invisible es una t\u00e9cnica revolucionaria para alinear los dientes sin necesidad de usar los tradicionales Brackets.","og_url":"https:\/\/www.clinicadentalcentro.com\/en\/portfolio-items\/ortodoncia-invisible-en-la-linea-de-la-concepcion\/","og_site_name":"Clinica Dental Centro","article_publisher":"https:\/\/www.facebook.com\/clinicadentalcentro\/","article_modified_time":"2025-11-03T12:13:33+00:00","og_image":[{"width":1620,"height":1080,"url":"https:\/\/www.clinicadentalcentro.com\/wp-content\/uploads\/2015\/07\/Ortodoncia-scaled-e1675419717916.jpg","type":"image\/jpeg"}],"twitter_card":"summary_large_image","twitter_misc":{"Estimated reading time":"6 minutes"},"schema":{"@context":"https:\/\/schema.org","@graph":[{"@type":"WebPage","@id":"https:\/\/www.clinicadentalcentro.com\/en\/portfolio-items\/ortodoncia-invisible-en-la-linea-de-la-concepcion\/","url":"https:\/\/www.clinicadentalcentro.com\/en\/portfolio-items\/ortodoncia-invisible-en-la-linea-de-la-concepcion\/","name":"Ortodoncia - La L\u00ednea de La Concepci\u00f3n- Clinica Dental Centro","isPartOf":{"@id":"https:\/\/www.clinicadentalcentro.com\/en\/#website"},"primaryImageOfPage":{"@id":"https:\/\/www.clinicadentalcentro.com\/en\/portfolio-items\/ortodoncia-invisible-en-la-linea-de-la-concepcion\/#primaryimage"},"image":{"@id":"https:\/\/www.clinicadentalcentro.com\/en\/portfolio-items\/ortodoncia-invisible-en-la-linea-de-la-concepcion\/#primaryimage"},"thumbnailUrl":"https:\/\/www.clinicadentalcentro.com\/wp-content\/uploads\/2015\/07\/Ortodoncia-scaled-e1675419717916.jpg","datePublished":"2024-01-17T15:35:45+00:00","dateModified":"2025-11-03T12:13:33+00:00","description":"Ortodoncia invisible en La L\u00ednea de La Concepci\u00f3n. La ortodoncia invisible es una t\u00e9cnica revolucionaria para alinear los dientes sin necesidad de usar los tradicionales Brackets.","breadcrumb":{"@id":"https:\/\/www.clinicadentalcentro.com\/en\/portfolio-items\/ortodoncia-invisible-en-la-linea-de-la-concepcion\/#breadcrumb"},"inLanguage":"en-GB","potentialAction":[{"@type":"ReadAction","target":["https:\/\/www.clinicadentalcentro.com\/en\/portfolio-items\/ortodoncia-invisible-en-la-linea-de-la-concepcion\/"]}]},{"@type":"ImageObject","inLanguage":"en-GB","@id":"https:\/\/www.clinicadentalcentro.com\/en\/portfolio-items\/ortodoncia-invisible-en-la-linea-de-la-concepcion\/#primaryimage","url":"https:\/\/www.clinicadentalcentro.com\/wp-content\/uploads\/2015\/07\/Ortodoncia-scaled-e1675419717916.jpg","contentUrl":"https:\/\/www.clinicadentalcentro.com\/wp-content\/uploads\/2015\/07\/Ortodoncia-scaled-e1675419717916.jpg","width":1620,"height":1080},{"@type":"BreadcrumbList","@id":"https:\/\/www.clinicadentalcentro.com\/en\/portfolio-items\/ortodoncia-invisible-en-la-linea-de-la-concepcion\/#breadcrumb","itemListElement":[{"@type":"ListItem","position":1,"name":"Home","item":"https:\/\/www.clinicadentalcentro.com\/en\/"},{"@type":"ListItem","position":2,"name":"Portfolio","item":"https:\/\/www.clinicadentalcentro.com\/en\/portfolio-items\/"},{"@type":"ListItem","position":3,"name":"Ortodoncia"}]},{"@type":"WebSite","@id":"https:\/\/www.clinicadentalcentro.com\/en\/#website","url":"https:\/\/www.clinicadentalcentro.com\/en\/","name":"Clinica Dental Centro","description":"Sonrie que la vida vuela. Cl\u00ednica Dental Centro, expertos en odontolog\u00eda y est\u00e9tica dental, en el Campo de Gibraltar.","publisher":{"@id":"https:\/\/www.clinicadentalcentro.com\/en\/#organization"},"alternateName":"clinicadentalcentro.com","potentialAction":[{"@type":"SearchAction","target":{"@type":"EntryPoint","urlTemplate":"https:\/\/www.clinicadentalcentro.com\/en\/?s={search_term_string}"},"query-input":{"@type":"PropertyValueSpecification","valueRequired":true,"valueName":"search_term_string"}}],"inLanguage":"en-GB"},{"@type":"Organization","@id":"https:\/\/www.clinicadentalcentro.com\/en\/#organization","name":"Clinica Dental Centro","alternateName":"clinicadentalcentro.com","url":"https:\/\/www.clinicadentalcentro.com\/en\/","logo":{"@type":"ImageObject","inLanguage":"en-GB","@id":"https:\/\/www.clinicadentalcentro.com\/en\/#\/schema\/logo\/image\/","url":"https:\/\/www.clinicadentalcentro.com\/wp-content\/uploads\/2021\/06\/cropped-LOGO-DENTAL-CENTRO-4-LARGE.png","contentUrl":"https:\/\/www.clinicadentalcentro.com\/wp-content\/uploads\/2021\/06\/cropped-LOGO-DENTAL-CENTRO-4-LARGE.png","width":512,"height":512,"caption":"Clinica Dental Centro"},"image":{"@id":"https:\/\/www.clinicadentalcentro.com\/en\/#\/schema\/logo\/image\/"},"sameAs":["https:\/\/www.facebook.com\/clinicadentalcentro\/","https:\/\/www.instagram.com\/clinicadentalcentro\/?hl=es"]}]}},"_links":{"self":[{"href":"https:\/\/www.clinicadentalcentro.com\/en\/wp-json\/wp\/v2\/avada_portfolio\/7229","targetHints":{"allow":["GET"]}}],"collection":[{"href":"https:\/\/www.clinicadentalcentro.com\/en\/wp-json\/wp\/v2\/avada_portfolio"}],"about":[{"href":"https:\/\/www.clinicadentalcentro.com\/en\/wp-json\/wp\/v2\/types\/avada_portfolio"}],"author":[{"embeddable":true,"href":"https:\/\/www.clinicadentalcentro.com\/en\/wp-json\/wp\/v2\/users\/1"}],"replies":[{"embeddable":true,"href":"https:\/\/www.clinicadentalcentro.com\/en\/wp-json\/wp\/v2\/comments?post=7229"}],"version-history":[{"count":13,"href":"https:\/\/www.clinicadentalcentro.com\/en\/wp-json\/wp\/v2\/avada_portfolio\/7229\/revisions"}],"predecessor-version":[{"id":7388,"href":"https:\/\/www.clinicadentalcentro.com\/en\/wp-json\/wp\/v2\/avada_portfolio\/7229\/revisions\/7388"}],"wp:featuredmedia":[{"embeddable":true,"href":"https:\/\/www.clinicadentalcentro.com\/en\/wp-json\/wp\/v2\/media\/5554"}],"wp:attachment":[{"href":"https:\/\/www.clinicadentalcentro.com\/en\/wp-json\/wp\/v2\/media?parent=7229"}],"wp:term":[{"taxonomy":"portfolio_category","embeddable":true,"href":"https:\/\/www.clinicadentalcentro.com\/en\/wp-json\/wp\/v2\/portfolio_category?post=7229"},{"taxonomy":"portfolio_skills","embeddable":true,"href":"https:\/\/www.clinicadentalcentro.com\/en\/wp-json\/wp\/v2\/portfolio_skills?post=7229"},{"taxonomy":"portfolio_tags","embeddable":true,"href":"https:\/\/www.clinicadentalcentro.com\/en\/wp-json\/wp\/v2\/portfolio_tags?post=7229"}],"curies":[{"name":"wp","href":"https:\/\/api.w.org\/{rel}","templated":true}]}}