{"id":7239,"date":"2024-01-17T15:39:26","date_gmt":"2024-01-17T15:39:26","guid":{"rendered":"https:\/\/www.clinicadentalcentro.com\/?post_type=avada_portfolio&#038;p=7239"},"modified":"2024-10-16T14:24:07","modified_gmt":"2024-10-16T14:24:07","slug":"bruxismo-la-linea-de-la-concepcion","status":"publish","type":"avada_portfolio","link":"https:\/\/www.clinicadentalcentro.com\/en\/portfolio-items\/bruxismo-la-linea-de-la-concepcion\/","title":{"rendered":"Bruxism, TMJ, and occlusion"},"content":{"rendered":"<p><div class=\"fusion-fullwidth fullwidth-box fusion-builder-row-1 fusion-flex-container fusion-parallax-none nonhundred-percent-fullwidth non-hundred-percent-height-scrolling lazyload\" style=\"--awb-background-blend-mode:overlay;--awb-border-sizes-top:0px;--awb-border-sizes-bottom:0px;--awb-border-sizes-left:0px;--awb-border-sizes-right:0px;--awb-border-radius-top-left:0px;--awb-border-radius-top-right:0px;--awb-border-radius-bottom-right:0px;--awb-border-radius-bottom-left:0px;--awb-padding-top:120px;--awb-padding-bottom:120px;--awb-padding-top-small:60px;--awb-margin-top:0px;--awb-margin-bottom:0px;--awb-background-color:var(--awb-color3);--awb-background-size:cover;--awb-flex-wrap:wrap;\" data-bg=\"https:\/\/www.clinicadentalcentro.com\/wp-content\/uploads\/2023\/08\/Test-c-Dental.svg\" ><div class=\"fusion-builder-row fusion-row fusion-flex-align-items-flex-start fusion-flex-content-wrap\" style=\"max-width:1216.8px;margin-left: calc(-4% \/ 2 );margin-right: calc(-4% \/ 2 );\"><div class=\"fusion-layout-column fusion_builder_column fusion-builder-column-0 fusion_builder_column_1_2 1_2 fusion-flex-column\" style=\"--awb-bg-blend:overlay;--awb-bg-size:cover;--awb-width-large:50%;--awb-margin-top-large:0px;--awb-spacing-right-large:5.76%;--awb-margin-bottom-large:20px;--awb-spacing-left-large:3.84%;--awb-width-medium:100%;--awb-spacing-right-medium:1.92%;--awb-spacing-left-medium:1.92%;--awb-width-small:100%;--awb-spacing-right-small:1.92%;--awb-spacing-left-small:1.92%;\"><div class=\"fusion-column-wrapper fusion-flex-justify-content-flex-start fusion-content-layout-column\"><div class=\"fusion-image-element fusion-no-small-visibility\" style=\"--awb-max-width:80px;--awb-caption-title-font-family:var(--h2_typography-font-family);--awb-caption-title-font-weight:var(--h2_typography-font-weight);--awb-caption-title-font-style:var(--h2_typography-font-style);--awb-caption-title-size:var(--h2_typography-font-size);--awb-caption-title-transform:var(--h2_typography-text-transform);--awb-caption-title-line-height:var(--h2_typography-line-height);--awb-caption-title-letter-spacing:var(--h2_typography-letter-spacing);\"><span class=\"fusion-imageframe imageframe-none imageframe-1 hover-type-none\"><img decoding=\"async\" width=\"1104\" height=\"1141\" alt=\"Logo. Clinica Dental Centro. La L\u00ednea de La Concepci\u00f3n\" title=\"Test-c-Dental\" src=\"data:image\/svg+xml,%3Csvg%20xmlns%3D%27http%3A%2F%2Fwww.w3.org%2F2000%2Fsvg%27%20width%3D%271104%27%20height%3D%271141%27%20viewBox%3D%270%200%201104%201141%27%3E%3Crect%20width%3D%271104%27%20height%3D%271141%27%20fill-opacity%3D%220%22%2F%3E%3C%2Fsvg%3E\" data-orig-src=\"https:\/\/www.clinicadentalcentro.com\/wp-content\/uploads\/2023\/08\/Test-c-Dental.svg\" class=\"lazyload img-responsive wp-image-6054\"\/><\/span><\/div><div class=\"fusion-image-element fusion-no-medium-visibility fusion-no-large-visibility\" style=\"--awb-margin-bottom-small:30px;--awb-max-width:50px;--awb-caption-title-font-family:var(--h2_typography-font-family);--awb-caption-title-font-weight:var(--h2_typography-font-weight);--awb-caption-title-font-style:var(--h2_typography-font-style);--awb-caption-title-size:var(--h2_typography-font-size);--awb-caption-title-transform:var(--h2_typography-text-transform);--awb-caption-title-line-height:var(--h2_typography-line-height);--awb-caption-title-letter-spacing:var(--h2_typography-letter-spacing);\"><span class=\"fusion-imageframe imageframe-none imageframe-2 hover-type-none\"><img decoding=\"async\" width=\"1104\" height=\"1141\" alt=\"Logo. Clinica Dental Centro. La L\u00ednea de La Concepci\u00f3n\" title=\"Test-c-Dental\" src=\"data:image\/svg+xml,%3Csvg%20xmlns%3D%27http%3A%2F%2Fwww.w3.org%2F2000%2Fsvg%27%20width%3D%271104%27%20height%3D%271141%27%20viewBox%3D%270%200%201104%201141%27%3E%3Crect%20width%3D%271104%27%20height%3D%271141%27%20fill-opacity%3D%220%22%2F%3E%3C%2Fsvg%3E\" data-orig-src=\"https:\/\/www.clinicadentalcentro.com\/wp-content\/uploads\/2023\/08\/Test-c-Dental.svg\" class=\"lazyload img-responsive wp-image-6054\"\/><\/span><\/div><div class=\"fusion-title title fusion-title-1 fusion-title-text fusion-title-size-one\" style=\"--awb-text-color:#bfb3ae;--awb-margin-top:30px;\"><div class=\"title-sep-container title-sep-container-left fusion-no-large-visibility fusion-no-medium-visibility fusion-no-small-visibility\"><div class=\"title-sep sep- sep-solid\" style=\"border-color:#e2e2e2;\"><\/div><\/div><span class=\"awb-title-spacer fusion-no-large-visibility fusion-no-medium-visibility fusion-no-small-visibility\"><\/span><h1 class=\"fusion-title-heading title-heading-left fusion-responsive-typography-calculated\" style=\"margin:0;--fontSize:55;line-height:1.14;\">Bruxism, TMJ, and occlusion<\/h1><span class=\"awb-title-spacer\"><\/span><div class=\"title-sep-container title-sep-container-right\"><div class=\"title-sep sep- sep-solid\" style=\"border-color:#e2e2e2;\"><\/div><\/div><\/div><div class=\"fusion-title title fusion-title-2 fusion-title-text fusion-title-size-two\" style=\"--awb-text-color:var(--awb-color6);--awb-sep-color:var(--awb-color6);--awb-font-size:2em;\"><div class=\"title-sep-container title-sep-container-left fusion-no-large-visibility fusion-no-medium-visibility fusion-no-small-visibility\"><div class=\"title-sep sep- sep-solid\" style=\"border-color:var(--awb-color6);\"><\/div><\/div><span class=\"awb-title-spacer fusion-no-large-visibility fusion-no-medium-visibility fusion-no-small-visibility\"><\/span><h2 class=\"fusion-title-heading title-heading-left fusion-responsive-typography-calculated\" style=\"margin:0;font-size:1em;--fontSize:34;line-height:1.2;\"><h2>Balanced smiles, well-being in every bite.<\/h2><\/h2><span class=\"awb-title-spacer\"><\/span><div class=\"title-sep-container title-sep-container-right\"><div class=\"title-sep sep- sep-solid\" style=\"border-color:var(--awb-color6);\"><\/div><\/div><\/div><div class=\"fusion-text fusion-text-1\" style=\"--awb-text-color:var(--awb-color6);\"><div class=\"mcb-wrap-inner\">\n<div class=\"column mcb-column two-third column_visual\">\n<div class=\"column mcb-column two-third column_visual\">\n<p>In Dental Centro, we understand the importance of optimal dental balance for your overall well-being. Our comprehensive approach extends beyond aesthetics, addressing crucial aspects such as bruxism, temporomandibular joint (TMJ) issues, and occlusion.<\/p>\n<\/div>\n<\/div>\n<\/div>\n<\/div><\/div><\/div><div class=\"fusion-layout-column fusion_builder_column fusion-builder-column-1 fusion_builder_column_1_2 1_2 fusion-flex-column\" style=\"--awb-bg-blend:overlay;--awb-bg-size:cover;--awb-width-large:50%;--awb-margin-top-large:0px;--awb-spacing-right-large:3.84%;--awb-margin-bottom-large:20px;--awb-spacing-left-large:5.76%;--awb-width-medium:100%;--awb-spacing-right-medium:1.92%;--awb-spacing-left-medium:1.92%;--awb-width-small:100%;--awb-spacing-right-small:1.92%;--awb-spacing-left-small:1.92%;\"><div class=\"fusion-column-wrapper fusion-flex-justify-content-flex-start fusion-content-layout-column\"><div class=\"fusion-title title fusion-title-3 fusion-title-text fusion-title-size-two\" style=\"--awb-text-color:var(--awb-color7);--awb-font-size:1.2em;\"><div class=\"title-sep-container title-sep-container-left fusion-no-large-visibility fusion-no-medium-visibility fusion-no-small-visibility\"><div class=\"title-sep sep- sep-solid\" style=\"border-color:#e2e2e2;\"><\/div><\/div><span class=\"awb-title-spacer fusion-no-large-visibility fusion-no-medium-visibility fusion-no-small-visibility\"><\/span><h2 class=\"fusion-title-heading title-heading-left fusion-responsive-typography-calculated\" style=\"margin:0;font-size:1em;--fontSize:20.4;line-height:1.2;\"><strong>Bruxism: Protecting Your Teeth and Oral Health<\/strong><\/h2><span class=\"awb-title-spacer\"><\/span><div class=\"title-sep-container title-sep-container-right\"><div class=\"title-sep sep- sep-solid\" style=\"border-color:#e2e2e2;\"><\/div><\/div><\/div><div class=\"fusion-text fusion-text-2\" style=\"--awb-text-color:var(--awb-color6);\"><div class=\"mcb-wrap-inner\">\n<div class=\"column mcb-column two-third column_visual\">\n<p>Bruxism, the act of involuntarily clenching or grinding your teeth, can have a negative impact on your teeth and quality of life. At Dental Centro, we offer personalized solutions to treat and prevent bruxism. From night guards to relaxation therapies, we provide you with the necessary tools to protect your teeth and alleviate associated symptoms.<\/p>\n<\/div>\n<\/div>\n<\/div><div class=\"fusion-title title fusion-title-4 fusion-title-text fusion-title-size-two\" style=\"--awb-text-color:var(--awb-color7);--awb-font-size:1.2em;\"><div class=\"title-sep-container title-sep-container-left fusion-no-large-visibility fusion-no-medium-visibility fusion-no-small-visibility\"><div class=\"title-sep sep- sep-solid\" style=\"border-color:#e2e2e2;\"><\/div><\/div><span class=\"awb-title-spacer fusion-no-large-visibility fusion-no-medium-visibility fusion-no-small-visibility\"><\/span><h2 class=\"fusion-title-heading title-heading-left fusion-responsive-typography-calculated\" style=\"margin:0;font-size:1em;--fontSize:20.4;line-height:1.2;\"><strong>TMJ Issues: Restoring Balance and Comfort<\/strong><\/h2><span class=\"awb-title-spacer\"><\/span><div class=\"title-sep-container title-sep-container-right\"><div class=\"title-sep sep- sep-solid\" style=\"border-color:#e2e2e2;\"><\/div><\/div><\/div><div class=\"fusion-text fusion-text-3\" style=\"--awb-text-color:var(--awb-color6);\"><p>Temporomandibular joint (TMJ) disorders can cause discomfort and pain in the jaw, head, and neck. Our highly trained team assesses and treats these conditions, using advanced techniques and therapies aimed at restoring balance and comfort in your chewing system.<\/p>\n<\/div><div class=\"fusion-title title fusion-title-5 fusion-title-text fusion-title-size-two\" style=\"--awb-text-color:var(--awb-color7);--awb-font-size:1.2em;\"><div class=\"title-sep-container title-sep-container-left fusion-no-large-visibility fusion-no-medium-visibility fusion-no-small-visibility\"><div class=\"title-sep sep- sep-solid\" style=\"border-color:#e2e2e2;\"><\/div><\/div><span class=\"awb-title-spacer fusion-no-large-visibility fusion-no-medium-visibility fusion-no-small-visibility\"><\/span><h2 class=\"fusion-title-heading title-heading-left fusion-responsive-typography-calculated\" style=\"margin:0;font-size:1em;--fontSize:20.4;line-height:1.2;\"><strong>Occlusion: Dental Harmony and Functionality<\/strong><\/h2><span class=\"awb-title-spacer\"><\/span><div class=\"title-sep-container title-sep-container-right\"><div class=\"title-sep sep- sep-solid\" style=\"border-color:#e2e2e2;\"><\/div><\/div><\/div><div class=\"fusion-text fusion-text-4\" style=\"--awb-text-color:var(--awb-color6);\"><p>Occlusion, or the way your teeth come together when you bite, is essential for a healthy smile. At Dental Centro, we consider both aesthetics and functionality, ensuring that your teeth fit properly and preventing future problems. If your bite is misaligned, we offer personalized solutions, from orthodontic treatments to dental restorations, to restore harmony to your smile.<\/p>\n<\/div><\/div><\/div><\/div><\/div><div class=\"fusion-fullwidth fullwidth-box fusion-builder-row-2 fusion-flex-container has-pattern-background has-mask-background nonhundred-percent-fullwidth non-hundred-percent-height-scrolling\" style=\"--awb-border-radius-top-left:0px;--awb-border-radius-top-right:0px;--awb-border-radius-bottom-right:0px;--awb-border-radius-bottom-left:0px;--awb-padding-top:200px;--awb-padding-bottom:200px;--awb-padding-top-small:77px;--awb-padding-bottom-small:18px;--awb-background-color:var(--awb-color4);--awb-flex-wrap:wrap;\" ><div class=\"fusion-builder-row fusion-row fusion-flex-align-items-flex-start fusion-flex-content-wrap\" style=\"max-width:1216.8px;margin-left: calc(-4% \/ 2 );margin-right: calc(-4% \/ 2 );\"><div class=\"fusion-layout-column fusion_builder_column fusion-builder-column-2 fusion_builder_column_1_2 1_2 fusion-flex-column\" style=\"--awb-bg-size:cover;--awb-width-large:50%;--awb-margin-top-large:0px;--awb-spacing-right-large:3.84%;--awb-margin-bottom-large:20px;--awb-spacing-left-large:3.84%;--awb-width-medium:100%;--awb-order-medium:0;--awb-spacing-right-medium:1.92%;--awb-spacing-left-medium:1.92%;--awb-width-small:100%;--awb-order-small:0;--awb-spacing-right-small:1.92%;--awb-spacing-left-small:1.92%;\"><div class=\"fusion-column-wrapper fusion-column-has-shadow fusion-flex-justify-content-flex-start fusion-content-layout-column\"><i class=\"fb-icon-element-1 fb-icon-element fontawesome-icon fa-quote-left fas circle-no fusion-text-flow\" style=\"--awb-font-size:84px;--awb-margin-right:42px;\"><\/i><div class=\"fusion-title title fusion-title-6 fusion-title-text fusion-title-size-two\" style=\"--awb-text-color:var(--awb-color6);--awb-font-size:55px;\"><div class=\"title-sep-container title-sep-container-left fusion-no-large-visibility fusion-no-medium-visibility fusion-no-small-visibility\"><div class=\"title-sep sep- sep-solid\" style=\"border-color:#e2e2e2;\"><\/div><\/div><span class=\"awb-title-spacer fusion-no-large-visibility fusion-no-medium-visibility fusion-no-small-visibility\"><\/span><h2 class=\"fusion-title-heading title-heading-left fusion-responsive-typography-calculated\" style=\"font-family:&quot;Poppins&quot;;font-style:normal;font-weight:600;margin:0;font-size:1em;letter-spacing:-4px;--fontSize:55;line-height:1.14;\"><p class=\"fusion-title-heading title-heading-left fusion-responsive-typography-calculated\">Advanced dentistry with digital technology, precise diagnosis.<\/p><\/h2><span class=\"awb-title-spacer\"><\/span><div class=\"title-sep-container title-sep-container-right\"><div class=\"title-sep sep- sep-solid\" style=\"border-color:#e2e2e2;\"><\/div><\/div><\/div><\/div><\/div><div class=\"fusion-layout-column fusion_builder_column fusion-builder-column-3 fusion_builder_column_1_2 1_2 fusion-flex-column fusion-flex-align-self-center fusion-no-small-visibility\" style=\"--awb-padding-top-small:118px;--awb-bg-size:cover;--awb-width-large:50%;--awb-margin-top-large:0px;--awb-spacing-right-large:3.84%;--awb-margin-bottom-large:20px;--awb-spacing-left-large:3.84%;--awb-width-medium:100%;--awb-order-medium:0;--awb-spacing-right-medium:1.92%;--awb-spacing-left-medium:1.92%;--awb-width-small:100%;--awb-order-small:0;--awb-spacing-right-small:1.92%;--awb-spacing-left-small:1.92%;\"><div class=\"fusion-column-wrapper fusion-column-has-shadow fusion-flex-justify-content-flex-start fusion-content-layout-column\"><div class=\"fusion-image-element\" style=\"text-align:center;--awb-max-width:350px;--awb-caption-title-font-family:var(--h2_typography-font-family);--awb-caption-title-font-weight:var(--h2_typography-font-weight);--awb-caption-title-font-style:var(--h2_typography-font-style);--awb-caption-title-size:var(--h2_typography-font-size);--awb-caption-title-transform:var(--h2_typography-text-transform);--awb-caption-title-line-height:var(--h2_typography-line-height);--awb-caption-title-letter-spacing:var(--h2_typography-letter-spacing);\"><span class=\"fusion-imageframe imageframe-none imageframe-3 hover-type-none\"><img decoding=\"async\" width=\"500\" height=\"316\" alt=\"Dental Centro. Cl\u00ednica dental en La l\u00ednea de La Concepci\u00f3n.\" title=\"1-DentalCentro_Mesa-de-trabajo-1\" src=\"https:\/\/www.clinicadentalcentro.com\/wp-content\/uploads\/2021\/04\/1-DentalCentro_Mesa-de-trabajo-1.png\" data-orig-src=\"https:\/\/www.clinicadentalcentro.com\/wp-content\/uploads\/2021\/04\/1-DentalCentro_Mesa-de-trabajo-1.png\" class=\"lazyload img-responsive wp-image-4709\" srcset=\"data:image\/svg+xml,%3Csvg%20xmlns%3D%27http%3A%2F%2Fwww.w3.org%2F2000%2Fsvg%27%20width%3D%27500%27%20height%3D%27316%27%20viewBox%3D%270%200%20500%20316%27%3E%3Crect%20width%3D%27500%27%20height%3D%27316%27%20fill-opacity%3D%220%22%2F%3E%3C%2Fsvg%3E\" data-srcset=\"https:\/\/www.clinicadentalcentro.com\/wp-content\/uploads\/2021\/04\/1-DentalCentro_Mesa-de-trabajo-1-200x126.png 200w, https:\/\/www.clinicadentalcentro.com\/wp-content\/uploads\/2021\/04\/1-DentalCentro_Mesa-de-trabajo-1-400x253.png 400w, https:\/\/www.clinicadentalcentro.com\/wp-content\/uploads\/2021\/04\/1-DentalCentro_Mesa-de-trabajo-1.png 500w\" data-sizes=\"auto\" data-orig-sizes=\"(max-width: 1024px) 100vw, (max-width: 640px) 100vw, 500px\" \/><\/span><\/div><\/div><\/div><\/div><\/div><div class=\"fusion-fullwidth fullwidth-box fusion-builder-row-3 fusion-flex-container has-pattern-background has-mask-background hundred-percent-fullwidth non-hundred-percent-height-scrolling\" style=\"--awb-background-position:center bottom;--awb-background-blend-mode:luminosity;--awb-border-sizes-top:0px;--awb-border-sizes-bottom:0px;--awb-border-sizes-left:0px;--awb-border-sizes-right:0px;--awb-border-radius-top-left:0px;--awb-border-radius-top-right:0px;--awb-border-radius-bottom-right:0px;--awb-border-radius-bottom-left:0px;--awb-padding-top:0%;--awb-padding-right:0px;--awb-padding-bottom:0%;--awb-padding-left:1px;--awb-padding-left-small:0px;--awb-margin-bottom:0px;--awb-min-height:650px;--awb-background-color:var(--awb-color4);--awb-background-size:cover;--awb-flex-wrap:wrap;\" ><div class=\"fusion-builder-row fusion-row fusion-flex-align-items-flex-start fusion-flex-content-wrap\" style=\"width:calc( 100% + 0px ) !important;max-width:calc( 100% + 0px ) !important;margin-left: calc(-0px \/ 2 );margin-right: calc(-0px \/ 2 );\"><div class=\"fusion-layout-column fusion_builder_column fusion-builder-column-4 fusion_builder_column_1_2 1_2 fusion-flex-column fusion-flex-align-self-stretch fusion-animated\" style=\"--awb-padding-top:4%;--awb-padding-right:11%;--awb-padding-bottom:5%;--awb-padding-left:11%;--awb-bg-color:var(--awb-color6);--awb-bg-color-hover:var(--awb-color6);--awb-bg-position:center center;--awb-bg-blend:multiply;--awb-bg-size:cover;--awb-border-color:#ffffff;--awb-border-top:0;--awb-border-right:0;--awb-border-bottom:0;--awb-border-left:0;--awb-border-style:solid;--awb-width-large:50%;--awb-margin-top-large:0px;--awb-spacing-right-large:0px;--awb-margin-bottom-large:0px;--awb-spacing-left-large:0px;--awb-width-medium:100%;--awb-spacing-right-medium:0px;--awb-spacing-left-medium:0px;--awb-width-small:100%;--awb-spacing-right-small:0px;--awb-spacing-left-small:0px;\" data-animationtype=\"fadeInUp\" data-animationduration=\"0.8\" data-animationoffset=\"top-into-view\"><div class=\"fusion-column-wrapper lazyload fusion-flex-justify-content-center fusion-content-layout-column fusion-column-has-bg-image\" data-bg-url=\"https:\/\/www.clinicadentalcentro.com\/wp-content\/uploads\/2023\/02\/BannerWeb_DentalCentro.jpg\" data-bg=\"https:\/\/www.clinicadentalcentro.com\/wp-content\/uploads\/2023\/02\/BannerWeb_DentalCentro.jpg\"><div class=\"fusion-separator fusion-full-width-sep\" style=\"align-self: center;margin-left: auto;margin-right: auto;margin-top:10px;width:100%;\"><\/div><div class=\"fusion-title title fusion-title-7 fusion-title-center fusion-title-text fusion-title-size-two\" style=\"--awb-text-color:#ffffff;--awb-margin-bottom:20px;\"><div class=\"title-sep-container title-sep-container-left\"><div class=\"title-sep sep- sep-solid\" style=\"border-color:#e2e2e2;\"><\/div><\/div><span class=\"awb-title-spacer\"><\/span><h2 class=\"fusion-title-heading title-heading-center fusion-responsive-typography-calculated\" style=\"margin:0;--fontSize:48;line-height:1.2;\">RIGHT NEXT TO YOU<\/h2><span class=\"awb-title-spacer\"><\/span><div class=\"title-sep-container title-sep-container-right\"><div class=\"title-sep sep- sep-solid\" style=\"border-color:#e2e2e2;\"><\/div><\/div><\/div><div class=\"fusion-text fusion-text-5\"><p style=\"text-align: center;\"><span style=\"color: #ffffff;\">We are on Calle Real in La Linea de La Concepci\u00f3n.<\/span><\/p>\n<\/div><div class=\"fusion-separator fusion-full-width-sep\" style=\"align-self: center;margin-left: auto;margin-right: auto;margin-top:16px;width:100%;\"><\/div><div style=\"text-align:center;\"><a class=\"fusion-button button-flat button-xlarge button-default fusion-button-default button-1 fusion-button-default-span fusion-button-default-type\" target=\"_blank\" rel=\"noopener noreferrer\" href=\"https:\/\/www.clinicadentalcentro.com\/en\/contacta\/\"><span class=\"fusion-button-text\">SCHEDULE NOW<\/span><\/a><\/div><\/div><\/div><div class=\"fusion-layout-column fusion_builder_column fusion-builder-column-5 fusion_builder_column_1_2 1_2 fusion-flex-column fusion-flex-align-self-stretch fusion-column-inner-bg-wrapper\" style=\"--awb-padding-bottom:0px;--awb-inner-bg-size:cover;--awb-width-large:50%;--awb-margin-top-large:0px;--awb-spacing-right-large:0px;--awb-margin-bottom-large:0px;--awb-spacing-left-large:0px;--awb-width-medium:100%;--awb-order-medium:0;--awb-spacing-right-medium:0px;--awb-spacing-left-medium:0px;--awb-width-small:100%;--awb-order-small:0;--awb-spacing-right-small:0px;--awb-spacing-left-small:0px;\"><span class=\"fusion-column-inner-bg hover-type-none\"><a class=\"fusion-column-anchor\" href=\"https:\/\/maps.app.goo.gl\/SWwRkqdzubPLaCRD7\" rel=\"noopener noreferrer\" target=\"_blank\"><span class=\"fusion-column-inner-bg-image\"><\/span><\/a><\/span><div class=\"fusion-column-wrapper fusion-column-has-shadow fusion-flex-justify-content-flex-start fusion-content-layout-column\"><div style=\"--awb-height:650px;--awb-popup-title-font-size:1.4em;--awb-popup-title-color:var(--awb-color7);--awb-popup-title-margin-top:0px;--awb-popup-title-margin-bottom:0px;--awb-popup-content-color:var(--awb-color6);--awb-popup-title-font-family:-apple-system, BlinkMacSystemFont, &#039;Segoe UI&#039;, Roboto, Oxygen-Sans, Ubuntu, Cantarell, &#039;Helvetica Neue&#039; ,sans-serif;--awb-popup-title-font-style:normal;--awb-popup-title-font-weight:700;--awb-popup-content-font-family:-apple-system, BlinkMacSystemFont, &#039;Segoe UI&#039;, Roboto, Oxygen-Sans, Ubuntu, Cantarell, &#039;Helvetica Neue&#039; ,sans-serif;--awb-popup-content-font-style:normal;--awb-popup-content-font-weight:400;\" class=\"awb-openstreet-map awb-openstreet-map-1\" data-map-style=\"osm-carto\" data-map-type=\"polygon\" data-zoom=\"14\" data-zoomsnap=\"1.0\" data-zoomcontrol=\"\" data-scrollwheelzoom=\"1\" data-dragging=\"1\" data-touchzoom=\"1\" data-dbclickzoom=\"1\" data-fitbounds=\"1\" data-shape-color=\"rgba(160,206,78,1)\" data-shape-weight=\"3\"><div class=\"awb-openstreet-map-marker awb-openstreet-map-marker-1\" data-latitude=\"36.16187201814681\" data-longitude=\"-5.350927388535523\" data-icon=\"fa-map-marker-alt fas\" data-action=\"static_close_on\"><div class=\"awb-openstreet-map-marker-icon-wrapper awb-openstreet-map-marker-anim-pulsating\" style=\"--awb-size:27px;\"><i class=\"fa-map-marker-alt fas\"><\/i><\/div><div class=\"awb-openstreet-map-content-wrapper\"><h5 class=\"awb-openstreet-map-marker-title\">Dental Centro clinic<\/h5><div class=\"awb-openstreet-map-marker-content\">C\/ Real, 41, 11300 La L\u00ednea de la Concepci\u00f3n, C\u00e1diz<\/div><\/div><\/div><\/div><\/div><\/div><\/div><\/div>\n<\/p>","protected":false},"excerpt":{"rendered":"","protected":false},"author":1,"featured_media":5485,"menu_order":0,"comment_status":"open","ping_status":"closed","template":"","format":"standard","meta":{"footnotes":""},"portfolio_category":[],"portfolio_skills":[],"portfolio_tags":[],"class_list":["post-7239","avada_portfolio","type-avada_portfolio","status-publish","format-standard","has-post-thumbnail","hentry"],"acf":[],"yoast_head":"<!-- This site is optimized with the Yoast SEO plugin v26.2 - https:\/\/yoast.com\/wordpress\/plugins\/seo\/ -->\n<title>Bruxismo, ATM y Oclusi\u00f3n -La l\u00ednea de La Concepci\u00f3n-Clinica Dental Centro<\/title>\n<meta name=\"description\" content=\"Bruxismo La l\u00ednea de La Concepci\u00f3n. El bruxismo, el acto de apretar o rechinar los dientes involuntariamente, puede tener un impacto negativo en tus dientes y en tu calidad de vida.\" \/>\n<meta name=\"robots\" content=\"index, follow, max-snippet:-1, max-image-preview:large, max-video-preview:-1\" \/>\n<link rel=\"canonical\" href=\"https:\/\/www.clinicadentalcentro.com\/en\/portfolio-items\/bruxismo-la-linea-de-la-concepcion\/\" \/>\n<meta property=\"og:locale\" content=\"en_GB\" \/>\n<meta property=\"og:type\" content=\"article\" \/>\n<meta property=\"og:title\" content=\"Bruxismo, ATM y Oclusi\u00f3n -La l\u00ednea de La Concepci\u00f3n-Clinica Dental Centro\" \/>\n<meta property=\"og:description\" content=\"Bruxismo La l\u00ednea de La Concepci\u00f3n. El bruxismo, el acto de apretar o rechinar los dientes involuntariamente, puede tener un impacto negativo en tus dientes y en tu calidad de vida.\" \/>\n<meta property=\"og:url\" content=\"https:\/\/www.clinicadentalcentro.com\/en\/portfolio-items\/bruxismo-la-linea-de-la-concepcion\/\" \/>\n<meta property=\"og:site_name\" content=\"Clinica Dental Centro\" \/>\n<meta property=\"article:publisher\" content=\"https:\/\/www.facebook.com\/clinicadentalcentro\/\" \/>\n<meta property=\"article:modified_time\" content=\"2024-10-16T14:24:07+00:00\" \/>\n<meta property=\"og:image\" content=\"https:\/\/www.clinicadentalcentro.com\/wp-content\/uploads\/2015\/07\/BannerWeb_DentalCentro_Lips.jpg\" \/>\n\t<meta property=\"og:image:width\" content=\"1024\" \/>\n\t<meta property=\"og:image:height\" content=\"400\" \/>\n\t<meta property=\"og:image:type\" content=\"image\/jpeg\" \/>\n<meta name=\"twitter:card\" content=\"summary_large_image\" \/>\n<meta name=\"twitter:label1\" content=\"Estimated reading time\" \/>\n\t<meta name=\"twitter:data1\" content=\"3 minutes\" \/>\n<script type=\"application\/ld+json\" class=\"yoast-schema-graph\">{\"@context\":\"https:\/\/schema.org\",\"@graph\":[{\"@type\":\"WebPage\",\"@id\":\"https:\/\/www.clinicadentalcentro.com\/en\/portfolio-items\/bruxismo-la-linea-de-la-concepcion\/\",\"url\":\"https:\/\/www.clinicadentalcentro.com\/en\/portfolio-items\/bruxismo-la-linea-de-la-concepcion\/\",\"name\":\"Bruxismo, ATM y Oclusi\u00f3n -La l\u00ednea de La Concepci\u00f3n-Clinica Dental Centro\",\"isPartOf\":{\"@id\":\"https:\/\/www.clinicadentalcentro.com\/en\/#website\"},\"primaryImageOfPage\":{\"@id\":\"https:\/\/www.clinicadentalcentro.com\/en\/portfolio-items\/bruxismo-la-linea-de-la-concepcion\/#primaryimage\"},\"image\":{\"@id\":\"https:\/\/www.clinicadentalcentro.com\/en\/portfolio-items\/bruxismo-la-linea-de-la-concepcion\/#primaryimage\"},\"thumbnailUrl\":\"https:\/\/www.clinicadentalcentro.com\/wp-content\/uploads\/2015\/07\/BannerWeb_DentalCentro_Lips.jpg\",\"datePublished\":\"2024-01-17T15:39:26+00:00\",\"dateModified\":\"2024-10-16T14:24:07+00:00\",\"description\":\"Bruxismo La l\u00ednea de La Concepci\u00f3n. El bruxismo, el acto de apretar o rechinar los dientes involuntariamente, puede tener un impacto negativo en tus dientes y en tu calidad de vida.\",\"breadcrumb\":{\"@id\":\"https:\/\/www.clinicadentalcentro.com\/en\/portfolio-items\/bruxismo-la-linea-de-la-concepcion\/#breadcrumb\"},\"inLanguage\":\"en-GB\",\"potentialAction\":[{\"@type\":\"ReadAction\",\"target\":[\"https:\/\/www.clinicadentalcentro.com\/en\/portfolio-items\/bruxismo-la-linea-de-la-concepcion\/\"]}]},{\"@type\":\"ImageObject\",\"inLanguage\":\"en-GB\",\"@id\":\"https:\/\/www.clinicadentalcentro.com\/en\/portfolio-items\/bruxismo-la-linea-de-la-concepcion\/#primaryimage\",\"url\":\"https:\/\/www.clinicadentalcentro.com\/wp-content\/uploads\/2015\/07\/BannerWeb_DentalCentro_Lips.jpg\",\"contentUrl\":\"https:\/\/www.clinicadentalcentro.com\/wp-content\/uploads\/2015\/07\/BannerWeb_DentalCentro_Lips.jpg\",\"width\":1024,\"height\":400},{\"@type\":\"BreadcrumbList\",\"@id\":\"https:\/\/www.clinicadentalcentro.com\/en\/portfolio-items\/bruxismo-la-linea-de-la-concepcion\/#breadcrumb\",\"itemListElement\":[{\"@type\":\"ListItem\",\"position\":1,\"name\":\"Home\",\"item\":\"https:\/\/www.clinicadentalcentro.com\/en\/\"},{\"@type\":\"ListItem\",\"position\":2,\"name\":\"Portfolio\",\"item\":\"https:\/\/www.clinicadentalcentro.com\/en\/portfolio-items\/\"},{\"@type\":\"ListItem\",\"position\":3,\"name\":\"Bruxismo, ATM y Oclusi\u00f3n\"}]},{\"@type\":\"WebSite\",\"@id\":\"https:\/\/www.clinicadentalcentro.com\/en\/#website\",\"url\":\"https:\/\/www.clinicadentalcentro.com\/en\/\",\"name\":\"Clinica Dental Centro\",\"description\":\"Sonrie que la vida vuela. Cl\u00ednica Dental Centro, expertos en odontolog\u00eda y est\u00e9tica dental, en el Campo de Gibraltar.\",\"publisher\":{\"@id\":\"https:\/\/www.clinicadentalcentro.com\/en\/#organization\"},\"alternateName\":\"clinicadentalcentro.com\",\"potentialAction\":[{\"@type\":\"SearchAction\",\"target\":{\"@type\":\"EntryPoint\",\"urlTemplate\":\"https:\/\/www.clinicadentalcentro.com\/en\/?s={search_term_string}\"},\"query-input\":{\"@type\":\"PropertyValueSpecification\",\"valueRequired\":true,\"valueName\":\"search_term_string\"}}],\"inLanguage\":\"en-GB\"},{\"@type\":\"Organization\",\"@id\":\"https:\/\/www.clinicadentalcentro.com\/en\/#organization\",\"name\":\"Clinica Dental Centro\",\"alternateName\":\"clinicadentalcentro.com\",\"url\":\"https:\/\/www.clinicadentalcentro.com\/en\/\",\"logo\":{\"@type\":\"ImageObject\",\"inLanguage\":\"en-GB\",\"@id\":\"https:\/\/www.clinicadentalcentro.com\/en\/#\/schema\/logo\/image\/\",\"url\":\"https:\/\/www.clinicadentalcentro.com\/wp-content\/uploads\/2021\/06\/cropped-LOGO-DENTAL-CENTRO-4-LARGE.png\",\"contentUrl\":\"https:\/\/www.clinicadentalcentro.com\/wp-content\/uploads\/2021\/06\/cropped-LOGO-DENTAL-CENTRO-4-LARGE.png\",\"width\":512,\"height\":512,\"caption\":\"Clinica Dental Centro\"},\"image\":{\"@id\":\"https:\/\/www.clinicadentalcentro.com\/en\/#\/schema\/logo\/image\/\"},\"sameAs\":[\"https:\/\/www.facebook.com\/clinicadentalcentro\/\",\"https:\/\/www.instagram.com\/clinicadentalcentro\/?hl=es\"]}]}<\/script>\n<!-- \/ Yoast SEO plugin. -->","yoast_head_json":{"title":"Bruxismo, ATM y Oclusi\u00f3n -La l\u00ednea de La Concepci\u00f3n-Clinica Dental Centro","description":"Bruxismo La l\u00ednea de La Concepci\u00f3n. El bruxismo, el acto de apretar o rechinar los dientes involuntariamente, puede tener un impacto negativo en tus dientes y en tu calidad de vida.","robots":{"index":"index","follow":"follow","max-snippet":"max-snippet:-1","max-image-preview":"max-image-preview:large","max-video-preview":"max-video-preview:-1"},"canonical":"https:\/\/www.clinicadentalcentro.com\/en\/portfolio-items\/bruxismo-la-linea-de-la-concepcion\/","og_locale":"en_GB","og_type":"article","og_title":"Bruxismo, ATM y Oclusi\u00f3n -La l\u00ednea de La Concepci\u00f3n-Clinica Dental Centro","og_description":"Bruxismo La l\u00ednea de La Concepci\u00f3n. El bruxismo, el acto de apretar o rechinar los dientes involuntariamente, puede tener un impacto negativo en tus dientes y en tu calidad de vida.","og_url":"https:\/\/www.clinicadentalcentro.com\/en\/portfolio-items\/bruxismo-la-linea-de-la-concepcion\/","og_site_name":"Clinica Dental Centro","article_publisher":"https:\/\/www.facebook.com\/clinicadentalcentro\/","article_modified_time":"2024-10-16T14:24:07+00:00","og_image":[{"width":1024,"height":400,"url":"https:\/\/www.clinicadentalcentro.com\/wp-content\/uploads\/2015\/07\/BannerWeb_DentalCentro_Lips.jpg","type":"image\/jpeg"}],"twitter_card":"summary_large_image","twitter_misc":{"Estimated reading time":"3 minutes"},"schema":{"@context":"https:\/\/schema.org","@graph":[{"@type":"WebPage","@id":"https:\/\/www.clinicadentalcentro.com\/en\/portfolio-items\/bruxismo-la-linea-de-la-concepcion\/","url":"https:\/\/www.clinicadentalcentro.com\/en\/portfolio-items\/bruxismo-la-linea-de-la-concepcion\/","name":"Bruxismo, ATM y Oclusi\u00f3n -La l\u00ednea de La Concepci\u00f3n-Clinica Dental Centro","isPartOf":{"@id":"https:\/\/www.clinicadentalcentro.com\/en\/#website"},"primaryImageOfPage":{"@id":"https:\/\/www.clinicadentalcentro.com\/en\/portfolio-items\/bruxismo-la-linea-de-la-concepcion\/#primaryimage"},"image":{"@id":"https:\/\/www.clinicadentalcentro.com\/en\/portfolio-items\/bruxismo-la-linea-de-la-concepcion\/#primaryimage"},"thumbnailUrl":"https:\/\/www.clinicadentalcentro.com\/wp-content\/uploads\/2015\/07\/BannerWeb_DentalCentro_Lips.jpg","datePublished":"2024-01-17T15:39:26+00:00","dateModified":"2024-10-16T14:24:07+00:00","description":"Bruxismo La l\u00ednea de La Concepci\u00f3n. El bruxismo, el acto de apretar o rechinar los dientes involuntariamente, puede tener un impacto negativo en tus dientes y en tu calidad de vida.","breadcrumb":{"@id":"https:\/\/www.clinicadentalcentro.com\/en\/portfolio-items\/bruxismo-la-linea-de-la-concepcion\/#breadcrumb"},"inLanguage":"en-GB","potentialAction":[{"@type":"ReadAction","target":["https:\/\/www.clinicadentalcentro.com\/en\/portfolio-items\/bruxismo-la-linea-de-la-concepcion\/"]}]},{"@type":"ImageObject","inLanguage":"en-GB","@id":"https:\/\/www.clinicadentalcentro.com\/en\/portfolio-items\/bruxismo-la-linea-de-la-concepcion\/#primaryimage","url":"https:\/\/www.clinicadentalcentro.com\/wp-content\/uploads\/2015\/07\/BannerWeb_DentalCentro_Lips.jpg","contentUrl":"https:\/\/www.clinicadentalcentro.com\/wp-content\/uploads\/2015\/07\/BannerWeb_DentalCentro_Lips.jpg","width":1024,"height":400},{"@type":"BreadcrumbList","@id":"https:\/\/www.clinicadentalcentro.com\/en\/portfolio-items\/bruxismo-la-linea-de-la-concepcion\/#breadcrumb","itemListElement":[{"@type":"ListItem","position":1,"name":"Home","item":"https:\/\/www.clinicadentalcentro.com\/en\/"},{"@type":"ListItem","position":2,"name":"Portfolio","item":"https:\/\/www.clinicadentalcentro.com\/en\/portfolio-items\/"},{"@type":"ListItem","position":3,"name":"Bruxismo, ATM y Oclusi\u00f3n"}]},{"@type":"WebSite","@id":"https:\/\/www.clinicadentalcentro.com\/en\/#website","url":"https:\/\/www.clinicadentalcentro.com\/en\/","name":"Clinica Dental Centro","description":"Sonrie que la vida vuela. Cl\u00ednica Dental Centro, expertos en odontolog\u00eda y est\u00e9tica dental, en el Campo de Gibraltar.","publisher":{"@id":"https:\/\/www.clinicadentalcentro.com\/en\/#organization"},"alternateName":"clinicadentalcentro.com","potentialAction":[{"@type":"SearchAction","target":{"@type":"EntryPoint","urlTemplate":"https:\/\/www.clinicadentalcentro.com\/en\/?s={search_term_string}"},"query-input":{"@type":"PropertyValueSpecification","valueRequired":true,"valueName":"search_term_string"}}],"inLanguage":"en-GB"},{"@type":"Organization","@id":"https:\/\/www.clinicadentalcentro.com\/en\/#organization","name":"Clinica Dental Centro","alternateName":"clinicadentalcentro.com","url":"https:\/\/www.clinicadentalcentro.com\/en\/","logo":{"@type":"ImageObject","inLanguage":"en-GB","@id":"https:\/\/www.clinicadentalcentro.com\/en\/#\/schema\/logo\/image\/","url":"https:\/\/www.clinicadentalcentro.com\/wp-content\/uploads\/2021\/06\/cropped-LOGO-DENTAL-CENTRO-4-LARGE.png","contentUrl":"https:\/\/www.clinicadentalcentro.com\/wp-content\/uploads\/2021\/06\/cropped-LOGO-DENTAL-CENTRO-4-LARGE.png","width":512,"height":512,"caption":"Clinica Dental Centro"},"image":{"@id":"https:\/\/www.clinicadentalcentro.com\/en\/#\/schema\/logo\/image\/"},"sameAs":["https:\/\/www.facebook.com\/clinicadentalcentro\/","https:\/\/www.instagram.com\/clinicadentalcentro\/?hl=es"]}]}},"_links":{"self":[{"href":"https:\/\/www.clinicadentalcentro.com\/en\/wp-json\/wp\/v2\/avada_portfolio\/7239","targetHints":{"allow":["GET"]}}],"collection":[{"href":"https:\/\/www.clinicadentalcentro.com\/en\/wp-json\/wp\/v2\/avada_portfolio"}],"about":[{"href":"https:\/\/www.clinicadentalcentro.com\/en\/wp-json\/wp\/v2\/types\/avada_portfolio"}],"author":[{"embeddable":true,"href":"https:\/\/www.clinicadentalcentro.com\/en\/wp-json\/wp\/v2\/users\/1"}],"replies":[{"embeddable":true,"href":"https:\/\/www.clinicadentalcentro.com\/en\/wp-json\/wp\/v2\/comments?post=7239"}],"version-history":[{"count":5,"href":"https:\/\/www.clinicadentalcentro.com\/en\/wp-json\/wp\/v2\/avada_portfolio\/7239\/revisions"}],"predecessor-version":[{"id":7353,"href":"https:\/\/www.clinicadentalcentro.com\/en\/wp-json\/wp\/v2\/avada_portfolio\/7239\/revisions\/7353"}],"wp:featuredmedia":[{"embeddable":true,"href":"https:\/\/www.clinicadentalcentro.com\/en\/wp-json\/wp\/v2\/media\/5485"}],"wp:attachment":[{"href":"https:\/\/www.clinicadentalcentro.com\/en\/wp-json\/wp\/v2\/media?parent=7239"}],"wp:term":[{"taxonomy":"portfolio_category","embeddable":true,"href":"https:\/\/www.clinicadentalcentro.com\/en\/wp-json\/wp\/v2\/portfolio_category?post=7239"},{"taxonomy":"portfolio_skills","embeddable":true,"href":"https:\/\/www.clinicadentalcentro.com\/en\/wp-json\/wp\/v2\/portfolio_skills?post=7239"},{"taxonomy":"portfolio_tags","embeddable":true,"href":"https:\/\/www.clinicadentalcentro.com\/en\/wp-json\/wp\/v2\/portfolio_tags?post=7239"}],"curies":[{"name":"wp","href":"https:\/\/api.w.org\/{rel}","templated":true}]}}