{"id":1736,"date":"2016-02-27T01:32:23","date_gmt":"2016-02-27T01:32:23","guid":{"rendered":"http:\/\/www.clinicadentalcentro.com\/?page_id=1736"},"modified":"2025-11-03T15:34:32","modified_gmt":"2025-11-03T15:34:32","slug":"centro-team","status":"publish","type":"page","link":"https:\/\/www.clinicadentalcentro.com\/en\/centro-team\/","title":{"rendered":"Centro Team"},"content":{"rendered":"<p><div class=\"fusion-fullwidth fullwidth-box fusion-builder-row-1 fusion-flex-container fusion-parallax-none nonhundred-percent-fullwidth non-hundred-percent-height-scrolling lazyload\" style=\"--awb-background-blend-mode:overlay;--awb-border-sizes-top:0px;--awb-border-sizes-bottom:0px;--awb-border-sizes-left:0px;--awb-border-sizes-right:0px;--awb-border-radius-top-left:0px;--awb-border-radius-top-right:0px;--awb-border-radius-bottom-right:0px;--awb-border-radius-bottom-left:0px;--awb-padding-top:150px;--awb-padding-bottom:150px;--awb-padding-top-small:40px;--awb-background-color:rgba(226,226,226,0.81);--awb-background-size:cover;--awb-flex-wrap:wrap;\" data-bg=\"https:\/\/www.clinicadentalcentro.com\/wp-content\/uploads\/2023\/08\/Test-c-Dental.svg\" ><div class=\"fusion-builder-row fusion-row fusion-flex-align-items-flex-start fusion-flex-content-wrap\" style=\"max-width:1216.8px;margin-left: calc(-4% \/ 2 );margin-right: calc(-4% \/ 2 );\"><div class=\"fusion-layout-column fusion_builder_column fusion-builder-column-0 fusion_builder_column_1_2 1_2 fusion-flex-column\" style=\"--awb-bg-size:cover;--awb-width-large:50%;--awb-margin-top-large:0px;--awb-spacing-right-large:3.84%;--awb-margin-bottom-large:20px;--awb-spacing-left-large:3.84%;--awb-width-medium:100%;--awb-order-medium:0;--awb-spacing-right-medium:1.92%;--awb-spacing-left-medium:1.92%;--awb-width-small:100%;--awb-order-small:0;--awb-spacing-right-small:1.92%;--awb-margin-bottom-small:50px;--awb-spacing-left-small:1.92%;\"><div class=\"fusion-column-wrapper fusion-column-has-shadow fusion-flex-justify-content-flex-start fusion-content-layout-column\"><div class=\"fusion-image-element\" style=\"--awb-max-width:80px;--awb-caption-title-font-family:var(--h2_typography-font-family);--awb-caption-title-font-weight:var(--h2_typography-font-weight);--awb-caption-title-font-style:var(--h2_typography-font-style);--awb-caption-title-size:var(--h2_typography-font-size);--awb-caption-title-transform:var(--h2_typography-text-transform);--awb-caption-title-line-height:var(--h2_typography-line-height);--awb-caption-title-letter-spacing:var(--h2_typography-letter-spacing);\"><span class=\"fusion-imageframe imageframe-none imageframe-1 hover-type-none\"><img decoding=\"async\" width=\"1104\" height=\"1141\" alt=\"Logo. Clinica Dental Centro. La L\u00ednea de La Concepci\u00f3n\" title=\"Test-c-Dental\" src=\"data:image\/svg+xml,%3Csvg%20xmlns%3D%27http%3A%2F%2Fwww.w3.org%2F2000%2Fsvg%27%20width%3D%271104%27%20height%3D%271141%27%20viewBox%3D%270%200%201104%201141%27%3E%3Crect%20width%3D%271104%27%20height%3D%271141%27%20fill-opacity%3D%220%22%2F%3E%3C%2Fsvg%3E\" data-orig-src=\"https:\/\/www.clinicadentalcentro.com\/wp-content\/uploads\/2023\/08\/Test-c-Dental.svg\" class=\"lazyload img-responsive wp-image-6054\"\/><\/span><\/div><div class=\"fusion-title title fusion-title-1 fusion-title-text fusion-title-size-one\" style=\"--awb-text-color:#bfb3ae;--awb-margin-top:30px;--awb-margin-top-small:40px;\"><div class=\"title-sep-container title-sep-container-left fusion-no-large-visibility fusion-no-medium-visibility fusion-no-small-visibility\"><div class=\"title-sep sep- sep-solid\" style=\"border-color:#e2e2e2;\"><\/div><\/div><span class=\"awb-title-spacer fusion-no-large-visibility fusion-no-medium-visibility fusion-no-small-visibility\"><\/span><h1 class=\"fusion-title-heading title-heading-left fusion-responsive-typography-calculated\" style=\"margin:0;--fontSize:55;line-height:1.14;\">Get to know our team.<\/h1><span class=\"awb-title-spacer\"><\/span><div class=\"title-sep-container title-sep-container-right\"><div class=\"title-sep sep- sep-solid\" style=\"border-color:#e2e2e2;\"><\/div><\/div><\/div><div class=\"fusion-title title fusion-title-2 fusion-title-text fusion-title-size-two\" style=\"--awb-text-color:var(--awb-color7);--awb-margin-bottom:0px;--awb-font-size:2em;\"><div class=\"title-sep-container title-sep-container-left fusion-no-large-visibility fusion-no-medium-visibility fusion-no-small-visibility\"><div class=\"title-sep sep- sep-solid\" style=\"border-color:#e2e2e2;\"><\/div><\/div><span class=\"awb-title-spacer fusion-no-large-visibility fusion-no-medium-visibility fusion-no-small-visibility\"><\/span><h2 class=\"fusion-title-heading title-heading-left fusion-responsive-typography-calculated\" style=\"margin:0;font-size:1em;--fontSize:34;line-height:1.2;\">Dr. Fernando Toro and Dr. Mar\u00eda Caparr\u00f3s are the directors of Dental Centro Clinic.<\/h2><span class=\"awb-title-spacer\"><\/span><div class=\"title-sep-container title-sep-container-right\"><div class=\"title-sep sep- sep-solid\" style=\"border-color:#e2e2e2;\"><\/div><\/div><\/div><div class=\"fusion-text fusion-text-1\" style=\"--awb-text-color:var(--awb-color6);--awb-margin-top:20px;\"><p>After 12 years as professors at the most prestigious universities in Madrid and with more than 20 years of clinical experience, they decided to start a new project in the Campo de Gibraltar in 2014.<\/p>\n<\/div><\/div><\/div><div class=\"fusion-layout-column fusion_builder_column fusion-builder-column-1 fusion_builder_column_1_2 1_2 fusion-flex-column fusion-flex-align-self-center\" style=\"--awb-bg-size:cover;--awb-width-large:50%;--awb-margin-top-large:0px;--awb-spacing-right-large:3.84%;--awb-margin-bottom-large:20px;--awb-spacing-left-large:3.84%;--awb-width-medium:100%;--awb-order-medium:0;--awb-spacing-right-medium:1.92%;--awb-spacing-left-medium:1.92%;--awb-width-small:100%;--awb-order-small:0;--awb-spacing-right-small:1.92%;--awb-spacing-left-small:1.92%;\"><div class=\"fusion-column-wrapper fusion-column-has-shadow fusion-flex-justify-content-flex-start fusion-content-layout-column\"><div class=\"fusion-image-element\" style=\"text-align:center;--awb-caption-title-font-family:var(--h2_typography-font-family);--awb-caption-title-font-weight:var(--h2_typography-font-weight);--awb-caption-title-font-style:var(--h2_typography-font-style);--awb-caption-title-size:var(--h2_typography-font-size);--awb-caption-title-transform:var(--h2_typography-text-transform);--awb-caption-title-line-height:var(--h2_typography-line-height);--awb-caption-title-letter-spacing:var(--h2_typography-letter-spacing);--awb-filter:hue-rotate(20deg) saturate(80%);--awb-filter-transition:filter 0.3s ease;--awb-filter-hover:hue-rotate(20deg) saturate(80%);\"><span class=\"fusion-imageframe imageframe-none imageframe-2 hover-type-none\"><img decoding=\"async\" width=\"300\" height=\"233\" alt=\"Cardpremium. Dental Centro. Cl\u00ednica dental en La l\u00ednea de La Concepci\u00f3n.\" title=\"cardpremium2\" src=\"https:\/\/www.clinicadentalcentro.com\/wp-content\/uploads\/2023\/02\/cardpremium2-e1677324082694.png\" data-orig-src=\"https:\/\/www.clinicadentalcentro.com\/wp-content\/uploads\/2023\/02\/cardpremium2-e1677324082694-300x233.png\" class=\"lazyload img-responsive wp-image-5579\" srcset=\"data:image\/svg+xml,%3Csvg%20xmlns%3D%27http%3A%2F%2Fwww.w3.org%2F2000%2Fsvg%27%20width%3D%271229%27%20height%3D%27955%27%20viewBox%3D%270%200%201229%20955%27%3E%3Crect%20width%3D%271229%27%20height%3D%27955%27%20fill-opacity%3D%220%22%2F%3E%3C%2Fsvg%3E\" data-srcset=\"https:\/\/www.clinicadentalcentro.com\/wp-content\/uploads\/2023\/02\/cardpremium2-e1677324082694-200x155.png 200w, https:\/\/www.clinicadentalcentro.com\/wp-content\/uploads\/2023\/02\/cardpremium2-e1677324082694-400x311.png 400w, https:\/\/www.clinicadentalcentro.com\/wp-content\/uploads\/2023\/02\/cardpremium2-e1677324082694-600x466.png 600w, https:\/\/www.clinicadentalcentro.com\/wp-content\/uploads\/2023\/02\/cardpremium2-e1677324082694-800x622.png 800w, https:\/\/www.clinicadentalcentro.com\/wp-content\/uploads\/2023\/02\/cardpremium2-e1677324082694-1200x932.png 1200w, https:\/\/www.clinicadentalcentro.com\/wp-content\/uploads\/2023\/02\/cardpremium2-e1677324082694.png 1229w\" data-sizes=\"auto\" data-orig-sizes=\"(max-width: 1024px) 100vw, (max-width: 640px) 100vw, 600px\" \/><\/span><\/div><div class=\"fusion-image-element\" style=\"text-align:right;--awb-caption-title-font-family:var(--h2_typography-font-family);--awb-caption-title-font-weight:var(--h2_typography-font-weight);--awb-caption-title-font-style:var(--h2_typography-font-style);--awb-caption-title-size:var(--h2_typography-font-size);--awb-caption-title-transform:var(--h2_typography-text-transform);--awb-caption-title-line-height:var(--h2_typography-line-height);--awb-caption-title-letter-spacing:var(--h2_typography-letter-spacing);--awb-filter:hue-rotate(20deg) saturate(80%);--awb-filter-transition:filter 0.3s ease;--awb-filter-hover:hue-rotate(20deg) saturate(80%);\"><span class=\"fusion-imageframe imageframe-none imageframe-3 hover-type-none\"><img decoding=\"async\" width=\"300\" height=\"205\" alt=\"C\u00ednica dental Centro. La L\u00ednea de La concepci\u00f3n.\" title=\"tarjeta_2\" src=\"https:\/\/www.clinicadentalcentro.com\/wp-content\/uploads\/2023\/05\/tarjeta_2.png\" data-orig-src=\"https:\/\/www.clinicadentalcentro.com\/wp-content\/uploads\/2023\/05\/tarjeta_2-300x205.png\" class=\"lazyload img-responsive wp-image-5788\" srcset=\"data:image\/svg+xml,%3Csvg%20xmlns%3D%27http%3A%2F%2Fwww.w3.org%2F2000%2Fsvg%27%20width%3D%271140%27%20height%3D%27780%27%20viewBox%3D%270%200%201140%20780%27%3E%3Crect%20width%3D%271140%27%20height%3D%27780%27%20fill-opacity%3D%220%22%2F%3E%3C%2Fsvg%3E\" data-srcset=\"https:\/\/www.clinicadentalcentro.com\/wp-content\/uploads\/2023\/05\/tarjeta_2-200x137.png 200w, https:\/\/www.clinicadentalcentro.com\/wp-content\/uploads\/2023\/05\/tarjeta_2-400x274.png 400w, https:\/\/www.clinicadentalcentro.com\/wp-content\/uploads\/2023\/05\/tarjeta_2-600x411.png 600w, https:\/\/www.clinicadentalcentro.com\/wp-content\/uploads\/2023\/05\/tarjeta_2-800x547.png 800w, https:\/\/www.clinicadentalcentro.com\/wp-content\/uploads\/2023\/05\/tarjeta_2.png 1140w\" data-sizes=\"auto\" data-orig-sizes=\"(max-width: 1024px) 100vw, (max-width: 640px) 100vw, 600px\" \/><\/span><\/div><\/div><\/div><\/div><\/div><div class=\"fusion-fullwidth fullwidth-box fusion-builder-row-2 fusion-flex-container has-pattern-background has-mask-background nonhundred-percent-fullwidth non-hundred-percent-height-scrolling\" style=\"--awb-border-radius-top-left:0px;--awb-border-radius-top-right:0px;--awb-border-radius-bottom-right:0px;--awb-border-radius-bottom-left:0px;--awb-padding-top:90px;--awb-padding-bottom:0px;--awb-background-color:var(--awb-color2);--awb-flex-wrap:wrap;\" ><div class=\"fusion-builder-row fusion-row fusion-flex-align-items-flex-start fusion-flex-content-wrap\" style=\"max-width:1216.8px;margin-left: calc(-4% \/ 2 );margin-right: calc(-4% \/ 2 );\"><div class=\"fusion-layout-column fusion_builder_column fusion-builder-column-2 fusion_builder_column_1_2 1_2 fusion-flex-column fusion-flex-align-self-flex-end\" style=\"--awb-bg-size:cover;--awb-width-large:50%;--awb-margin-top-large:0px;--awb-spacing-right-large:3.84%;--awb-margin-bottom-large:0px;--awb-spacing-left-large:3.84%;--awb-width-medium:100%;--awb-order-medium:0;--awb-spacing-right-medium:1.92%;--awb-spacing-left-medium:1.92%;--awb-width-small:100%;--awb-order-small:0;--awb-spacing-right-small:1.92%;--awb-spacing-left-small:1.92%;\"><div class=\"fusion-column-wrapper fusion-column-has-shadow fusion-flex-justify-content-flex-start fusion-content-layout-column\"><div class=\"fusion-image-element\" style=\"--awb-caption-title-font-family:var(--h2_typography-font-family);--awb-caption-title-font-weight:var(--h2_typography-font-weight);--awb-caption-title-font-style:var(--h2_typography-font-style);--awb-caption-title-size:var(--h2_typography-font-size);--awb-caption-title-transform:var(--h2_typography-text-transform);--awb-caption-title-line-height:var(--h2_typography-line-height);--awb-caption-title-letter-spacing:var(--h2_typography-letter-spacing);\"><span class=\"fusion-imageframe imageframe-none imageframe-4 hover-type-none\"><img decoding=\"async\" width=\"1024\" height=\"1024\" alt=\"Dr. Fernando Toro Mattozzi, Implantolog\u00eda Oral y Pr\u00f3tesis. C\u00ednica dental Centro. La L\u00ednea de La concepci\u00f3n.\" title=\"Doctor-Fernando-Toro-Mattozzi\" src=\"https:\/\/www.clinicadentalcentro.com\/wp-content\/uploads\/2023\/08\/Doctor-Fernando-Toro-Mattozzi-scaled.webp\" data-orig-src=\"https:\/\/www.clinicadentalcentro.com\/wp-content\/uploads\/2023\/08\/Doctor-Fernando-Toro-Mattozzi-1024x1024.webp\" class=\"lazyload img-responsive wp-image-6095\" srcset=\"data:image\/svg+xml,%3Csvg%20xmlns%3D%27http%3A%2F%2Fwww.w3.org%2F2000%2Fsvg%27%20width%3D%272560%27%20height%3D%272560%27%20viewBox%3D%270%200%202560%202560%27%3E%3Crect%20width%3D%272560%27%20height%3D%272560%27%20fill-opacity%3D%220%22%2F%3E%3C%2Fsvg%3E\" data-srcset=\"https:\/\/www.clinicadentalcentro.com\/wp-content\/uploads\/2023\/08\/Doctor-Fernando-Toro-Mattozzi-66x66.webp 66w, https:\/\/www.clinicadentalcentro.com\/wp-content\/uploads\/2023\/08\/Doctor-Fernando-Toro-Mattozzi-150x150.webp 150w, https:\/\/www.clinicadentalcentro.com\/wp-content\/uploads\/2023\/08\/Doctor-Fernando-Toro-Mattozzi-200x200.webp 200w, https:\/\/www.clinicadentalcentro.com\/wp-content\/uploads\/2023\/08\/Doctor-Fernando-Toro-Mattozzi-300x300.webp 300w, https:\/\/www.clinicadentalcentro.com\/wp-content\/uploads\/2023\/08\/Doctor-Fernando-Toro-Mattozzi-400x400.webp 400w, https:\/\/www.clinicadentalcentro.com\/wp-content\/uploads\/2023\/08\/Doctor-Fernando-Toro-Mattozzi-600x600.webp 600w, https:\/\/www.clinicadentalcentro.com\/wp-content\/uploads\/2023\/08\/Doctor-Fernando-Toro-Mattozzi-768x768.webp 768w, https:\/\/www.clinicadentalcentro.com\/wp-content\/uploads\/2023\/08\/Doctor-Fernando-Toro-Mattozzi-800x800.webp 800w, https:\/\/www.clinicadentalcentro.com\/wp-content\/uploads\/2023\/08\/Doctor-Fernando-Toro-Mattozzi-1024x1024.webp 1024w, https:\/\/www.clinicadentalcentro.com\/wp-content\/uploads\/2023\/08\/Doctor-Fernando-Toro-Mattozzi-1200x1200.webp 1200w, https:\/\/www.clinicadentalcentro.com\/wp-content\/uploads\/2023\/08\/Doctor-Fernando-Toro-Mattozzi-1536x1536.webp 1536w\" data-sizes=\"auto\" data-orig-sizes=\"(max-width: 1024px) 100vw, (max-width: 640px) 100vw, 600px\" \/><\/span><\/div><\/div><\/div><div class=\"fusion-layout-column fusion_builder_column fusion-builder-column-3 fusion_builder_column_1_2 1_2 fusion-flex-column\" style=\"--awb-bg-size:cover;--awb-width-large:50%;--awb-margin-top-large:0px;--awb-spacing-right-large:3.84%;--awb-margin-bottom-large:20px;--awb-spacing-left-large:3.84%;--awb-width-medium:100%;--awb-order-medium:0;--awb-spacing-right-medium:1.92%;--awb-spacing-left-medium:1.92%;--awb-width-small:100%;--awb-order-small:0;--awb-spacing-right-small:1.92%;--awb-spacing-left-small:1.92%;\"><div class=\"fusion-column-wrapper fusion-column-has-shadow fusion-flex-justify-content-flex-start fusion-content-layout-column\"><div class=\"fusion-title title fusion-title-3 fusion-title-text fusion-title-size-two\" style=\"--awb-text-color:var(--awb-color8);--awb-margin-bottom:0px;--awb-font-size:2em;\"><div class=\"title-sep-container title-sep-container-left fusion-no-large-visibility fusion-no-medium-visibility fusion-no-small-visibility\"><div class=\"title-sep sep- sep-solid\" style=\"border-color:#e2e2e2;\"><\/div><\/div><span class=\"awb-title-spacer fusion-no-large-visibility fusion-no-medium-visibility fusion-no-small-visibility\"><\/span><h2 class=\"fusion-title-heading title-heading-left fusion-responsive-typography-calculated\" style=\"margin:0;font-size:1em;--fontSize:34;line-height:1.2;\"><strong>Dr. Fernando Toro Mattozzi<\/strong><\/h2><span class=\"awb-title-spacer\"><\/span><div class=\"title-sep-container title-sep-container-right\"><div class=\"title-sep sep- sep-solid\" style=\"border-color:#e2e2e2;\"><\/div><\/div><\/div><div class=\"fusion-title title fusion-title-4 fusion-title-text fusion-title-size-three\" style=\"--awb-font-size:1.2em;\"><div class=\"title-sep-container title-sep-container-left fusion-no-large-visibility fusion-no-medium-visibility fusion-no-small-visibility\"><div class=\"title-sep sep- sep-solid\" style=\"border-color:#e2e2e2;\"><\/div><\/div><span class=\"awb-title-spacer fusion-no-large-visibility fusion-no-medium-visibility fusion-no-small-visibility\"><\/span><h3 class=\"fusion-title-heading title-heading-left fusion-responsive-typography-calculated\" style=\"margin:0;font-size:1em;--fontSize:20.4;line-height:1.6;\">Implantolog\u00eda Oral y Pr\u00f3tesis<\/h3><span class=\"awb-title-spacer\"><\/span><div class=\"title-sep-container title-sep-container-right\"><div class=\"title-sep sep- sep-solid\" style=\"border-color:#e2e2e2;\"><\/div><\/div><\/div><div class=\"fusion-text fusion-text-2\" style=\"--awb-text-color:var(--awb-color7);\"><p>Graduated in Dentistry in 2001 from Alfonso X el Sabio University.<\/p>\n<p>From 2002 to 2004, he moved to New York, where he completed his Master's in Periodontology and Implants at New York University. He became a Clinical Assistant Fellow in Periodontics and Implant Dentistry in 2005.<\/p>\n<p><!--more--><\/p>\n<\/div><div class=\"accordian fusion-accordian\" style=\"--awb-border-size:1px;--awb-icon-size:16px;--awb-content-font-size:18px;--awb-icon-alignment:left;--awb-hover-color:#f9f9fb;--awb-border-color:#e2e2e2;--awb-background-color:#ffffff;--awb-divider-color:#e0dede;--awb-divider-hover-color:#e0dede;--awb-icon-color:var(--awb-color6);--awb-title-color:var(--awb-color7);--awb-content-color:var(--awb-color6);--awb-icon-box-color:#212934;--awb-toggle-hover-accent-color:var(--awb-color6);--awb-toggle-active-accent-color:var(--awb-custom16);--awb-title-font-family:&quot;Poppins&quot;;--awb-title-font-weight:500;--awb-title-font-style:normal;--awb-title-font-size:18px;--awb-content-font-family:&quot;PT Sans&quot;;--awb-content-font-style:normal;--awb-content-font-weight:400;\"><div class=\"panel-group fusion-toggle-icon-unboxed\" id=\"accordion-1736-1\"><div class=\"fusion-panel panel-default panel-94f5ce7b233c9b617 fusion-toggle-no-divider\" style=\"--awb-title-color:var(--awb-color6);\"><div class=\"panel-heading\"><h4 class=\"panel-title toggle\" id=\"toggle_94f5ce7b233c9b617\"><a aria-expanded=\"false\" aria-controls=\"94f5ce7b233c9b617\" role=\"button\" data-toggle=\"collapse\" data-parent=\"#accordion-1736-1\" data-target=\"#94f5ce7b233c9b617\" href=\"#94f5ce7b233c9b617\"><span class=\"fusion-toggle-icon-wrapper\" aria-hidden=\"true\"><i class=\"fa-fusion-box active-icon awb-icon-minus\" aria-hidden=\"true\"><\/i><i class=\"fa-fusion-box inactive-icon awb-icon-plus\" aria-hidden=\"true\"><\/i><\/span><span class=\"fusion-toggle-heading\"> Continue reading<\/span><\/a><\/h4><\/div><div id=\"94f5ce7b233c9b617\" class=\"panel-collapse collapse\" aria-labelledby=\"toggle_94f5ce7b233c9b617\"><div class=\"panel-body toggle-content fusion-clearfix\">\n<h5>In 2005, he returned to Madrid, where he combined private practice with teaching:<\/h5>\n<ul>\n<li>\n<h5>Professor in the Official Master's Program in Oral Implantology and Implant-Supported Prosthetics at Alfonso X el Sabio University (2005 \u2013 2008).<\/h5>\n<\/li>\n<li>\n<h5>Professor and Coordinator of the International Periodontology Area at the European University of Madrid (2009 \u2013 2017).<\/h5>\n<\/li>\n<li>\n<h5>Professor in the Official Master's Program in Oral Surgery, Implants, and Prosthetics on Implants at San Pablo CEU University (2011 \u2013 2020).<\/h5>\n<\/li>\n<\/ul>\n<h5>He is also the Surgical Director at Intersalud Dental Clinic in Madrid. Furthermore, he is an accredited dentist with an Official Lumineers Certificate (Milan, Italy).<\/h5>\n<h5>He is an active member of the College of Dentists and Stomatologists of the First Region, a member of the Spanish Society of Implants (SEI), and a member of the Spanish Society of Periodontology (SEPA). He is also a member of the Academy of Osseointegration, American Academy of Periodontology, North Eastern Society of Periodontics, and NYU Periodontics and Implant Alumni. Additionally, he is a co-founding member of the Madrid Association of Oral Surgery (AMCIB).<\/h5>\n<h5>Moreover, he is the author of numerous articles and presentations at the national and international levels. He received the Gold Star for Professional Excellence in 2016.<\/h5>\n<\/div><\/div><\/div><\/div><\/div><\/div><\/div><\/div><\/div><div class=\"fusion-fullwidth fullwidth-box fusion-builder-row-3 fusion-flex-container has-pattern-background has-mask-background nonhundred-percent-fullwidth non-hundred-percent-height-scrolling\" style=\"--awb-border-radius-top-left:0px;--awb-border-radius-top-right:0px;--awb-border-radius-bottom-right:0px;--awb-border-radius-bottom-left:0px;--awb-padding-top:90px;--awb-padding-bottom:0px;--awb-background-color:var(--awb-color1);--awb-flex-wrap:wrap;\" ><div class=\"fusion-builder-row fusion-row fusion-flex-align-items-flex-start fusion-flex-content-wrap\" style=\"max-width:1216.8px;margin-left: calc(-4% \/ 2 );margin-right: calc(-4% \/ 2 );\"><div class=\"fusion-layout-column fusion_builder_column fusion-builder-column-4 fusion_builder_column_1_2 1_2 fusion-flex-column\" style=\"--awb-bg-size:cover;--awb-width-large:50%;--awb-margin-top-large:0px;--awb-spacing-right-large:3.84%;--awb-margin-bottom-large:20px;--awb-spacing-left-large:3.84%;--awb-width-medium:100%;--awb-order-medium:0;--awb-spacing-right-medium:1.92%;--awb-spacing-left-medium:1.92%;--awb-width-small:100%;--awb-order-small:0;--awb-spacing-right-small:1.92%;--awb-spacing-left-small:1.92%;\"><div class=\"fusion-column-wrapper fusion-column-has-shadow fusion-flex-justify-content-flex-start fusion-content-layout-column\"><div class=\"fusion-title title fusion-title-5 fusion-title-text fusion-title-size-two\" style=\"--awb-text-color:var(--awb-color8);--awb-margin-bottom:0px;--awb-font-size:2em;\"><div class=\"title-sep-container title-sep-container-left\"><div class=\"title-sep sep- sep-solid\" style=\"border-color:#e2e2e2;\"><\/div><\/div><span class=\"awb-title-spacer\"><\/span><h2 class=\"fusion-title-heading title-heading-right fusion-responsive-typography-calculated\" style=\"margin:0;font-size:1em;--fontSize:34;line-height:1.2;\"><strong>Dra. Mar\u00eda Caparr\u00f3s<\/strong><\/h2><span class=\"awb-title-spacer fusion-no-large-visibility fusion-no-medium-visibility fusion-no-small-visibility\"><\/span><div class=\"title-sep-container title-sep-container-right fusion-no-large-visibility fusion-no-medium-visibility fusion-no-small-visibility\"><div class=\"title-sep sep- sep-solid\" style=\"border-color:#e2e2e2;\"><\/div><\/div><\/div><div class=\"fusion-title title fusion-title-6 fusion-title-text fusion-title-size-three\" style=\"--awb-font-size:1.2em;\"><div class=\"title-sep-container title-sep-container-left\"><div class=\"title-sep sep- sep-solid\" style=\"border-color:#e2e2e2;\"><\/div><\/div><span class=\"awb-title-spacer\"><\/span><h3 class=\"fusion-title-heading title-heading-right fusion-responsive-typography-calculated\" style=\"margin:0;font-size:1em;--fontSize:20.4;line-height:1.6;\">Oral Implantology and Dental Aesthetics<\/h3><span class=\"awb-title-spacer fusion-no-large-visibility fusion-no-medium-visibility fusion-no-small-visibility\"><\/span><div class=\"title-sep-container title-sep-container-right fusion-no-large-visibility fusion-no-medium-visibility fusion-no-small-visibility\"><div class=\"title-sep sep- sep-solid\" style=\"border-color:#e2e2e2;\"><\/div><\/div><\/div><div class=\"fusion-text fusion-text-3\" style=\"--awb-text-color:var(--awb-custom16);\"><p style=\"text-align: right;\">Graduated in dentistry from the European University of Madrid (UEM) in 2006.<\/p>\n<p style=\"text-align: right;\">Official Master's degree in implants and implant-supported prosthetics from Alfonso X El Sabio University in Madrid. 2007-2009.<\/p>\n<p style=\"text-align: right;\">Full professor of the Official Master's Degree in Oral Surgery and Implantology at San Pablo Ceu University in Madrid. 2010-2014.<\/p>\n<p><!--more--><\/p>\n<\/div><div class=\"accordian fusion-accordian more_right\" style=\"--awb-border-size:1px;--awb-icon-size:16px;--awb-content-font-size:18px;--awb-icon-alignment:left;--awb-hover-color:#f9f9fb;--awb-border-color:#e2e2e2;--awb-background-color:#ffffff;--awb-divider-color:#e0dede;--awb-divider-hover-color:#e0dede;--awb-icon-color:var(--awb-color6);--awb-title-color:var(--awb-color7);--awb-content-color:var(--awb-color6);--awb-icon-box-color:#212934;--awb-toggle-hover-accent-color:var(--awb-color6);--awb-toggle-active-accent-color:var(--awb-custom16);--awb-title-font-family:&quot;Poppins&quot;;--awb-title-font-weight:500;--awb-title-font-style:normal;--awb-title-font-size:18px;--awb-content-font-family:&quot;PT Sans&quot;;--awb-content-font-style:normal;--awb-content-font-weight:400;\"><div class=\"panel-group fusion-toggle-icon-unboxed\" id=\"accordion-1736-2\"><div class=\"fusion-panel panel-default panel-4fdcc9ab12e4d9197 fusion-toggle-no-divider\" style=\"--awb-title-color:var(--awb-color6);\"><div class=\"panel-heading\"><div class=\"panel-title toggle\" id=\"toggle_4fdcc9ab12e4d9197\"><a aria-expanded=\"false\" aria-controls=\"4fdcc9ab12e4d9197\" role=\"button\" data-toggle=\"collapse\" data-parent=\"#accordion-1736-2\" data-target=\"#4fdcc9ab12e4d9197\" href=\"#4fdcc9ab12e4d9197\"><span class=\"fusion-toggle-icon-wrapper\" aria-hidden=\"true\"><i class=\"fa-fusion-box active-icon awb-icon-minus\" aria-hidden=\"true\"><\/i><i class=\"fa-fusion-box inactive-icon awb-icon-plus\" aria-hidden=\"true\"><\/i><\/span><span class=\"fusion-toggle-heading\"> Continue reading<\/span><\/a><\/div><\/div><div id=\"4fdcc9ab12e4d9197\" class=\"panel-collapse collapse\" aria-labelledby=\"toggle_4fdcc9ab12e4d9197\"><div class=\"panel-body toggle-content fusion-clearfix\">\n<p style=\"text-align: right;\">Postgraduate in Advanced Endodontics - 2014.<\/p>\n<p style=\"text-align: right;\">Postgraduate in Dental Aesthetics at Autran Academy.<\/p>\n<p style=\"text-align: right;\">Certified Lumineers Veneers Doctor - Milan 2010.<\/p>\n<p style=\"text-align: right;\">Course in Orofacial Harmonization.<\/p>\n<p style=\"text-align: right;\">Specialist in lower third rejuvenation.<\/p>\n<p style=\"text-align: right;\">Lip augmentation specialist.<\/p>\n<\/div><\/div><\/div><\/div><\/div><\/div><\/div><div class=\"fusion-layout-column fusion_builder_column fusion-builder-column-5 fusion_builder_column_1_2 1_2 fusion-flex-column fusion-flex-align-self-flex-end\" style=\"--awb-bg-size:cover;--awb-width-large:50%;--awb-margin-top-large:0px;--awb-spacing-right-large:3.84%;--awb-margin-bottom-large:0px;--awb-spacing-left-large:3.84%;--awb-width-medium:100%;--awb-order-medium:0;--awb-spacing-right-medium:1.92%;--awb-spacing-left-medium:1.92%;--awb-width-small:100%;--awb-order-small:0;--awb-spacing-right-small:1.92%;--awb-spacing-left-small:1.92%;\"><div class=\"fusion-column-wrapper fusion-column-has-shadow fusion-flex-justify-content-flex-start fusion-content-layout-column\"><div class=\"fusion-image-element\" style=\"--awb-caption-title-font-family:var(--h2_typography-font-family);--awb-caption-title-font-weight:var(--h2_typography-font-weight);--awb-caption-title-font-style:var(--h2_typography-font-style);--awb-caption-title-size:var(--h2_typography-font-size);--awb-caption-title-transform:var(--h2_typography-text-transform);--awb-caption-title-line-height:var(--h2_typography-line-height);--awb-caption-title-letter-spacing:var(--h2_typography-letter-spacing);\"><span class=\"fusion-imageframe imageframe-none imageframe-5 hover-type-none\"><img decoding=\"async\" width=\"1024\" height=\"1024\" alt=\"Dra. Mar\u00eda Caparr\u00f3s, Implantolog\u00eda Oral y Est\u00e9tica Dental. C\u00ednica dental Centro. La L\u00ednea de La concepci\u00f3n.\" title=\"Doctora-Mar\u00eda-Caparros\" src=\"https:\/\/www.clinicadentalcentro.com\/wp-content\/uploads\/2023\/08\/Doctora-Maria-Caparros-1-scaled.webp\" data-orig-src=\"https:\/\/www.clinicadentalcentro.com\/wp-content\/uploads\/2023\/08\/Doctora-Maria-Caparros-1-1024x1024.webp\" class=\"lazyload img-responsive wp-image-6098\" srcset=\"data:image\/svg+xml,%3Csvg%20xmlns%3D%27http%3A%2F%2Fwww.w3.org%2F2000%2Fsvg%27%20width%3D%272560%27%20height%3D%272560%27%20viewBox%3D%270%200%202560%202560%27%3E%3Crect%20width%3D%272560%27%20height%3D%272560%27%20fill-opacity%3D%220%22%2F%3E%3C%2Fsvg%3E\" data-srcset=\"https:\/\/www.clinicadentalcentro.com\/wp-content\/uploads\/2023\/08\/Doctora-Maria-Caparros-1-66x66.webp 66w, https:\/\/www.clinicadentalcentro.com\/wp-content\/uploads\/2023\/08\/Doctora-Maria-Caparros-1-150x150.webp 150w, https:\/\/www.clinicadentalcentro.com\/wp-content\/uploads\/2023\/08\/Doctora-Maria-Caparros-1-200x200.webp 200w, https:\/\/www.clinicadentalcentro.com\/wp-content\/uploads\/2023\/08\/Doctora-Maria-Caparros-1-300x300.webp 300w, https:\/\/www.clinicadentalcentro.com\/wp-content\/uploads\/2023\/08\/Doctora-Maria-Caparros-1-400x400.webp 400w, https:\/\/www.clinicadentalcentro.com\/wp-content\/uploads\/2023\/08\/Doctora-Maria-Caparros-1-600x600.webp 600w, https:\/\/www.clinicadentalcentro.com\/wp-content\/uploads\/2023\/08\/Doctora-Maria-Caparros-1-768x768.webp 768w, https:\/\/www.clinicadentalcentro.com\/wp-content\/uploads\/2023\/08\/Doctora-Maria-Caparros-1-800x800.webp 800w, https:\/\/www.clinicadentalcentro.com\/wp-content\/uploads\/2023\/08\/Doctora-Maria-Caparros-1-1024x1024.webp 1024w, https:\/\/www.clinicadentalcentro.com\/wp-content\/uploads\/2023\/08\/Doctora-Maria-Caparros-1-1200x1200.webp 1200w, https:\/\/www.clinicadentalcentro.com\/wp-content\/uploads\/2023\/08\/Doctora-Maria-Caparros-1-1536x1536.webp 1536w\" data-sizes=\"auto\" data-orig-sizes=\"(max-width: 1024px) 100vw, (max-width: 640px) 100vw, 600px\" \/><\/span><\/div><\/div><\/div><\/div><\/div><div class=\"fusion-fullwidth fullwidth-box fusion-builder-row-4 fusion-flex-container has-pattern-background has-mask-background nonhundred-percent-fullwidth non-hundred-percent-height-scrolling\" style=\"--awb-border-radius-top-left:0px;--awb-border-radius-top-right:0px;--awb-border-radius-bottom-right:0px;--awb-border-radius-bottom-left:0px;--awb-padding-top:90px;--awb-padding-bottom:98px;--awb-background-color:var(--awb-color2);--awb-flex-wrap:wrap;\" ><div class=\"fusion-builder-row fusion-row fusion-flex-align-items-flex-start fusion-flex-content-wrap\" style=\"max-width:1216.8px;margin-left: calc(-4% \/ 2 );margin-right: calc(-4% \/ 2 );\"><div class=\"fusion-layout-column fusion_builder_column fusion-builder-column-6 fusion_builder_column_1_4 1_4 fusion-flex-column\" style=\"--awb-padding-top:2%;--awb-padding-right:2%;--awb-padding-bottom:2%;--awb-padding-left:2%;--awb-bg-blend:overlay;--awb-bg-size:cover;--awb-width-large:25%;--awb-margin-top-large:0px;--awb-spacing-right-large:7.5px;--awb-margin-bottom-large:20px;--awb-spacing-left-large:7.5px;--awb-width-medium:100%;--awb-spacing-right-medium:1.92%;--awb-spacing-left-medium:1.92%;--awb-width-small:100%;--awb-spacing-right-small:1.92%;--awb-spacing-left-small:1.92%;\"><div class=\"fusion-column-wrapper fusion-flex-justify-content-flex-start fusion-content-layout-column\"><div class=\"fusion-person person fusion-person-left fusion-person-1 fusion-person-icon-top\" style=\"--awb-pic-style-color:#000000;--awb-pic-borderradius:0px;--awb-margin-top:0px;--awb-margin-right:0px;--awb-margin-bottom:0px;--awb-margin-left:0px;--awb-social-box-border-top:0px;--awb-social-box-border-right:0px;--awb-social-box-border-bottom:0px;--awb-social-box-border-left:0px;--awb-social-box-border-color:var(--awb-color3);--awb-social-box-border-color-hover:var(--awb-color4);--awb-social-box-colors-hover:rgba(242,243,245,0.8);--awb-social-icon-boxed-colors:#f2f3f5;--awb-social-icon-colors:#3b5998|#55acee;--awb-social-icon-colors-hover:rgba(211,203,191,0.8);\"><div class=\"person-shortcode-image-wrapper\"><div class=\"person-image-container hover-type-zoomin\" style=\"border:0px solid #f6f6f6;-webkit-border-radius:0px;-moz-border-radius:0px;border-radius:0px;\"><img decoding=\"async\" class=\"lazyload person-img img-responsive wp-image-5927\" width=\"1811\" height=\"1811\" src=\"https:\/\/www.clinicadentalcentro.com\/wp-content\/uploads\/2023\/07\/5I1A1263_web-scaled-e1688460932656.jpg\" data-orig-src=\"https:\/\/www.clinicadentalcentro.com\/wp-content\/uploads\/2023\/07\/5I1A1263_web-scaled-e1688460932656.jpg\" alt=\"Esther\" srcset=\"data:image\/svg+xml,%3Csvg%20xmlns%3D%27http%3A%2F%2Fwww.w3.org%2F2000%2Fsvg%27%20width%3D%271811%27%20height%3D%271811%27%20viewBox%3D%270%200%201811%201811%27%3E%3Crect%20width%3D%271811%27%20height%3D%271811%27%20fill-opacity%3D%220%22%2F%3E%3C%2Fsvg%3E\" data-srcset=\"https:\/\/www.clinicadentalcentro.com\/wp-content\/uploads\/2023\/07\/5I1A1263_web-scaled-e1688460932656-200x200.jpg 200w, https:\/\/www.clinicadentalcentro.com\/wp-content\/uploads\/2023\/07\/5I1A1263_web-scaled-e1688460932656-400x400.jpg 400w, https:\/\/www.clinicadentalcentro.com\/wp-content\/uploads\/2023\/07\/5I1A1263_web-scaled-e1688460932656-600x600.jpg 600w, https:\/\/www.clinicadentalcentro.com\/wp-content\/uploads\/2023\/07\/5I1A1263_web-scaled-e1688460932656-800x800.jpg 800w, https:\/\/www.clinicadentalcentro.com\/wp-content\/uploads\/2023\/07\/5I1A1263_web-scaled-e1688460932656-1200x1200.jpg 1200w, https:\/\/www.clinicadentalcentro.com\/wp-content\/uploads\/2023\/07\/5I1A1263_web-scaled-e1688460932656.jpg 1811w\" data-sizes=\"auto\" data-orig-sizes=\"(max-width: 1024px) 100vw, (max-width: 640px) 100vw, 400px\" \/><\/div><\/div><div class=\"person-desc\"><div class=\"person-author\"><div class=\"person-author-wrapper\"><span class=\"person-name\">Esther<\/span><span class=\"person-title\">Treatment coordinator<\/span><\/div><\/div><div class=\"person-content fusion-clearfix\"> <\/div><\/div><\/div><\/div><\/div><div class=\"fusion-layout-column fusion_builder_column fusion-builder-column-7 fusion_builder_column_1_4 1_4 fusion-flex-column\" style=\"--awb-padding-top:2%;--awb-padding-right:2%;--awb-padding-bottom:2%;--awb-padding-left:2%;--awb-bg-blend:overlay;--awb-bg-size:cover;--awb-width-large:25%;--awb-margin-top-large:0px;--awb-spacing-right-large:7.5px;--awb-margin-bottom-large:20px;--awb-spacing-left-large:7.5px;--awb-width-medium:100%;--awb-spacing-right-medium:1.92%;--awb-spacing-left-medium:1.92%;--awb-width-small:100%;--awb-spacing-right-small:1.92%;--awb-spacing-left-small:1.92%;\"><div class=\"fusion-column-wrapper fusion-flex-justify-content-flex-start fusion-content-layout-column\"><div class=\"fusion-person person fusion-person-left fusion-person-2 fusion-person-icon-top\" style=\"--awb-pic-style-color:#000000;--awb-pic-borderradius:0px;--awb-margin-top:0px;--awb-margin-right:0px;--awb-margin-bottom:0px;--awb-margin-left:0px;--awb-social-box-border-top:0px;--awb-social-box-border-right:0px;--awb-social-box-border-bottom:0px;--awb-social-box-border-left:0px;--awb-social-box-border-color:var(--awb-color3);--awb-social-box-border-color-hover:var(--awb-color4);--awb-social-box-colors-hover:rgba(242,243,245,0.8);--awb-social-icon-boxed-colors:#f2f3f5;--awb-social-icon-colors:#3b5998|#55acee;--awb-social-icon-colors-hover:rgba(211,203,191,0.8);\"><div class=\"person-shortcode-image-wrapper\"><div class=\"person-image-container hover-type-zoomin\" style=\"border:0px solid #f6f6f6;-webkit-border-radius:0px;-moz-border-radius:0px;border-radius:0px;\"><img decoding=\"async\" class=\"lazyload person-img img-responsive wp-image-3564\" width=\"1708\" height=\"1707\" src=\"https:\/\/www.clinicadentalcentro.com\/wp-content\/uploads\/2021\/06\/Cl\u00b0nica-47-scaled-e1625136185480.jpg\" data-orig-src=\"https:\/\/www.clinicadentalcentro.com\/wp-content\/uploads\/2021\/06\/Cl\u00b0nica-47-scaled-e1625136185480.jpg\" alt=\"Mar\u00eda\" srcset=\"data:image\/svg+xml,%3Csvg%20xmlns%3D%27http%3A%2F%2Fwww.w3.org%2F2000%2Fsvg%27%20width%3D%271708%27%20height%3D%271707%27%20viewBox%3D%270%200%201708%201707%27%3E%3Crect%20width%3D%271708%27%20height%3D%271707%27%20fill-opacity%3D%220%22%2F%3E%3C%2Fsvg%3E\" data-srcset=\"https:\/\/www.clinicadentalcentro.com\/wp-content\/uploads\/2021\/06\/Cl\u00b0nica-47-scaled-e1625136185480-200x200.jpg 200w, https:\/\/www.clinicadentalcentro.com\/wp-content\/uploads\/2021\/06\/Cl\u00b0nica-47-scaled-e1625136185480-400x400.jpg 400w, https:\/\/www.clinicadentalcentro.com\/wp-content\/uploads\/2021\/06\/Cl\u00b0nica-47-scaled-e1625136185480-600x600.jpg 600w, https:\/\/www.clinicadentalcentro.com\/wp-content\/uploads\/2021\/06\/Cl\u00b0nica-47-scaled-e1625136185480-800x800.jpg 800w, https:\/\/www.clinicadentalcentro.com\/wp-content\/uploads\/2021\/06\/Cl\u00b0nica-47-scaled-e1625136185480-1200x1199.jpg 1200w, https:\/\/www.clinicadentalcentro.com\/wp-content\/uploads\/2021\/06\/Cl\u00b0nica-47-scaled-e1625136185480.jpg 1708w\" data-sizes=\"auto\" data-orig-sizes=\"(max-width: 1024px) 100vw, (max-width: 640px) 100vw, 400px\" \/><\/div><\/div><div class=\"person-desc\"><div class=\"person-author\"><div class=\"person-author-wrapper\"><span class=\"person-name\">Mar\u00eda<\/span><span class=\"person-title\">Dental hygienist<\/span><\/div><\/div><div class=\"person-content fusion-clearfix\"> <\/div><\/div><\/div><\/div><\/div><div class=\"fusion-layout-column fusion_builder_column fusion-builder-column-8 fusion_builder_column_1_4 1_4 fusion-flex-column\" style=\"--awb-padding-top:2%;--awb-padding-right:2%;--awb-padding-bottom:2%;--awb-padding-left:2%;--awb-bg-blend:overlay;--awb-bg-size:cover;--awb-width-large:25%;--awb-margin-top-large:0px;--awb-spacing-right-large:7.5px;--awb-margin-bottom-large:20px;--awb-spacing-left-large:7.5px;--awb-width-medium:100%;--awb-spacing-right-medium:1.92%;--awb-spacing-left-medium:1.92%;--awb-width-small:100%;--awb-spacing-right-small:1.92%;--awb-spacing-left-small:1.92%;\"><div class=\"fusion-column-wrapper fusion-flex-justify-content-flex-start fusion-content-layout-column\"><div class=\"fusion-person person fusion-person-left fusion-person-3 fusion-person-icon-top\" style=\"--awb-pic-style-color:#000000;--awb-pic-borderradius:0px;--awb-margin-top:0px;--awb-margin-right:0px;--awb-margin-bottom:0px;--awb-margin-left:0px;--awb-social-box-border-top:0px;--awb-social-box-border-right:0px;--awb-social-box-border-bottom:0px;--awb-social-box-border-left:0px;--awb-social-box-border-color:var(--awb-color3);--awb-social-box-border-color-hover:var(--awb-color4);--awb-social-box-colors-hover:rgba(242,243,245,0.8);--awb-social-icon-boxed-colors:#f2f3f5;--awb-social-icon-colors:#3b5998|#55acee;--awb-social-icon-colors-hover:rgba(211,203,191,0.8);\"><div class=\"person-shortcode-image-wrapper\"><div class=\"person-image-container hover-type-zoomin\" style=\"border:0px solid #f6f6f6;-webkit-border-radius:0px;-moz-border-radius:0px;border-radius:0px;\"><img decoding=\"async\" class=\"lazyload person-img img-responsive wp-image-7415\" width=\"2560\" height=\"2560\" src=\"https:\/\/www.clinicadentalcentro.com\/wp-content\/uploads\/2025\/11\/Natalia_dental_centro-1-scaled.webp\" data-orig-src=\"https:\/\/www.clinicadentalcentro.com\/wp-content\/uploads\/2025\/11\/Natalia_dental_centro-1-scaled.webp\" alt=\"Natalia\" srcset=\"data:image\/svg+xml,%3Csvg%20xmlns%3D%27http%3A%2F%2Fwww.w3.org%2F2000%2Fsvg%27%20width%3D%272560%27%20height%3D%272560%27%20viewBox%3D%270%200%202560%202560%27%3E%3Crect%20width%3D%272560%27%20height%3D%272560%27%20fill-opacity%3D%220%22%2F%3E%3C%2Fsvg%3E\" data-srcset=\"https:\/\/www.clinicadentalcentro.com\/wp-content\/uploads\/2025\/11\/Natalia_dental_centro-1-12x12.webp 12w, https:\/\/www.clinicadentalcentro.com\/wp-content\/uploads\/2025\/11\/Natalia_dental_centro-1-66x66.webp 66w, https:\/\/www.clinicadentalcentro.com\/wp-content\/uploads\/2025\/11\/Natalia_dental_centro-1-150x150.webp 150w, https:\/\/www.clinicadentalcentro.com\/wp-content\/uploads\/2025\/11\/Natalia_dental_centro-1-200x200.webp 200w, https:\/\/www.clinicadentalcentro.com\/wp-content\/uploads\/2025\/11\/Natalia_dental_centro-1-300x300.webp 300w, https:\/\/www.clinicadentalcentro.com\/wp-content\/uploads\/2025\/11\/Natalia_dental_centro-1-400x400.webp 400w, https:\/\/www.clinicadentalcentro.com\/wp-content\/uploads\/2025\/11\/Natalia_dental_centro-1-600x600.webp 600w, https:\/\/www.clinicadentalcentro.com\/wp-content\/uploads\/2025\/11\/Natalia_dental_centro-1-768x768.webp 768w, https:\/\/www.clinicadentalcentro.com\/wp-content\/uploads\/2025\/11\/Natalia_dental_centro-1-800x800.webp 800w, https:\/\/www.clinicadentalcentro.com\/wp-content\/uploads\/2025\/11\/Natalia_dental_centro-1-1024x1024.webp 1024w, https:\/\/www.clinicadentalcentro.com\/wp-content\/uploads\/2025\/11\/Natalia_dental_centro-1-1200x1200.webp 1200w, https:\/\/www.clinicadentalcentro.com\/wp-content\/uploads\/2025\/11\/Natalia_dental_centro-1-1536x1536.webp 1536w, https:\/\/www.clinicadentalcentro.com\/wp-content\/uploads\/2025\/11\/Natalia_dental_centro-1-scaled.webp 2560w\" data-sizes=\"auto\" data-orig-sizes=\"(max-width: 1024px) 100vw, (max-width: 640px) 100vw, 400px\" \/><\/div><\/div><div class=\"person-desc\"><div class=\"person-author\"><div class=\"person-author-wrapper\"><span class=\"person-name\">Natalia<\/span><span class=\"person-title\">Prosthetic and dental hygienist <\/span><\/div><\/div><div class=\"person-content fusion-clearfix\"> <\/div><\/div><\/div><\/div><\/div><div class=\"fusion-layout-column fusion_builder_column fusion-builder-column-9 fusion_builder_column_1_4 1_4 fusion-flex-column\" style=\"--awb-padding-top:2%;--awb-padding-right:2%;--awb-padding-bottom:2%;--awb-padding-left:2%;--awb-bg-size:cover;--awb-width-large:25%;--awb-margin-top-large:0px;--awb-spacing-right-large:7.5px;--awb-margin-bottom-large:20px;--awb-spacing-left-large:7.5px;--awb-width-medium:100%;--awb-order-medium:0;--awb-spacing-right-medium:1.92%;--awb-spacing-left-medium:1.92%;--awb-width-small:100%;--awb-order-small:0;--awb-spacing-right-small:1.92%;--awb-spacing-left-small:1.92%;\"><div class=\"fusion-column-wrapper fusion-column-has-shadow fusion-flex-justify-content-flex-start fusion-content-layout-column\"><div class=\"fusion-person person fusion-person-left fusion-person-4 fusion-person-icon-top\" style=\"--awb-pic-style-color:#000000;--awb-pic-borderradius:0px;--awb-margin-top:0px;--awb-margin-right:0px;--awb-margin-bottom:0px;--awb-margin-left:0px;--awb-social-box-border-top:0px;--awb-social-box-border-right:0px;--awb-social-box-border-bottom:0px;--awb-social-box-border-left:0px;--awb-social-box-border-color:var(--awb-color3);--awb-social-box-border-color-hover:var(--awb-color4);--awb-social-box-colors-hover:rgba(242,243,245,0.8);--awb-social-icon-boxed-colors:#f2f3f5;--awb-social-icon-colors:#d3cbbf;--awb-social-icon-colors-hover:rgba(211,203,191,0.8);\"><div class=\"person-shortcode-image-wrapper\"><div class=\"person-image-container hover-type-none\" style=\"border:0px solid #f6f6f6;-webkit-border-radius:0px;-moz-border-radius:0px;border-radius:0px;\"><img decoding=\"async\" class=\"lazyload person-img img-responsive wp-image-7060\" width=\"1800\" height=\"1800\" src=\"https:\/\/www.clinicadentalcentro.com\/wp-content\/uploads\/2023\/11\/09A5570.jpg\" data-orig-src=\"https:\/\/www.clinicadentalcentro.com\/wp-content\/uploads\/2023\/11\/09A5570.jpg\" alt=\"Estefan\u00eda\" srcset=\"data:image\/svg+xml,%3Csvg%20xmlns%3D%27http%3A%2F%2Fwww.w3.org%2F2000%2Fsvg%27%20width%3D%271800%27%20height%3D%271800%27%20viewBox%3D%270%200%201800%201800%27%3E%3Crect%20width%3D%271800%27%20height%3D%271800%27%20fill-opacity%3D%220%22%2F%3E%3C%2Fsvg%3E\" data-srcset=\"https:\/\/www.clinicadentalcentro.com\/wp-content\/uploads\/2023\/11\/09A5570-200x200.jpg 200w, https:\/\/www.clinicadentalcentro.com\/wp-content\/uploads\/2023\/11\/09A5570-400x400.jpg 400w, https:\/\/www.clinicadentalcentro.com\/wp-content\/uploads\/2023\/11\/09A5570-600x600.jpg 600w, https:\/\/www.clinicadentalcentro.com\/wp-content\/uploads\/2023\/11\/09A5570-800x800.jpg 800w, https:\/\/www.clinicadentalcentro.com\/wp-content\/uploads\/2023\/11\/09A5570-1200x1200.jpg 1200w, https:\/\/www.clinicadentalcentro.com\/wp-content\/uploads\/2023\/11\/09A5570.jpg 1800w\" data-sizes=\"auto\" data-orig-sizes=\"(max-width: 1024px) 100vw, (max-width: 640px) 100vw, 400px\" \/><\/div><\/div><div class=\"person-desc\"><div class=\"person-author\"><div class=\"person-author-wrapper\"><span class=\"person-name\">Estefan\u00eda<\/span><span class=\"person-title\">Dental hygienist<\/span><\/div><\/div><div class=\"person-content fusion-clearfix\"><\/div><\/div><\/div><\/div><\/div><\/div><\/div><div class=\"fusion-fullwidth fullwidth-box fusion-builder-row-5 fusion-flex-container has-pattern-background has-mask-background nonhundred-percent-fullwidth non-hundred-percent-height-scrolling\" style=\"--awb-border-radius-top-left:0px;--awb-border-radius-top-right:0px;--awb-border-radius-bottom-right:0px;--awb-border-radius-bottom-left:0px;--awb-padding-top:200px;--awb-padding-bottom:200px;--awb-padding-top-small:127px;--awb-padding-bottom-small:124px;--awb-background-color:var(--awb-color4);--awb-flex-wrap:wrap;\" ><div class=\"fusion-builder-row fusion-row fusion-flex-align-items-flex-start fusion-flex-content-wrap\" style=\"max-width:1216.8px;margin-left: calc(-4% \/ 2 );margin-right: calc(-4% \/ 2 );\"><div class=\"fusion-layout-column fusion_builder_column fusion-builder-column-10 fusion_builder_column_1_2 1_2 fusion-flex-column\" style=\"--awb-bg-size:cover;--awb-width-large:50%;--awb-margin-top-large:0px;--awb-spacing-right-large:3.84%;--awb-margin-bottom-large:20px;--awb-spacing-left-large:3.84%;--awb-width-medium:100%;--awb-order-medium:0;--awb-spacing-right-medium:1.92%;--awb-spacing-left-medium:1.92%;--awb-width-small:100%;--awb-order-small:0;--awb-spacing-right-small:1.92%;--awb-spacing-left-small:1.92%;\"><div class=\"fusion-column-wrapper fusion-column-has-shadow fusion-flex-justify-content-flex-start fusion-content-layout-column\"><i class=\"fb-icon-element-1 fb-icon-element fontawesome-icon fa-quote-left fas circle-no fusion-text-flow\" style=\"--awb-font-size:84px;--awb-margin-right:42px;\"><\/i><div class=\"fusion-title title fusion-title-7 fusion-title-text fusion-title-size-two\" style=\"--awb-text-color:var(--awb-color6);--awb-font-size:55px;\"><div class=\"title-sep-container title-sep-container-left fusion-no-large-visibility fusion-no-medium-visibility fusion-no-small-visibility\"><div class=\"title-sep sep- sep-solid\" style=\"border-color:#e2e2e2;\"><\/div><\/div><span class=\"awb-title-spacer fusion-no-large-visibility fusion-no-medium-visibility fusion-no-small-visibility\"><\/span><h2 class=\"fusion-title-heading title-heading-left fusion-responsive-typography-calculated\" style=\"font-family:&quot;Poppins&quot;;font-style:normal;font-weight:600;margin:0;font-size:1em;letter-spacing:-4px;text-transform:none;--fontSize:55;line-height:1.14;\">Our team provides you with quality care with dedication and affection.<\/h2><span class=\"awb-title-spacer\"><\/span><div class=\"title-sep-container title-sep-container-right\"><div class=\"title-sep sep- sep-solid\" style=\"border-color:#e2e2e2;\"><\/div><\/div><\/div><\/div><\/div><div class=\"fusion-layout-column fusion_builder_column fusion-builder-column-11 fusion_builder_column_1_2 1_2 fusion-flex-column fusion-flex-align-self-center\" style=\"--awb-bg-size:cover;--awb-width-large:50%;--awb-margin-top-large:0px;--awb-spacing-right-large:3.84%;--awb-margin-bottom-large:20px;--awb-spacing-left-large:3.84%;--awb-width-medium:100%;--awb-order-medium:0;--awb-spacing-right-medium:1.92%;--awb-spacing-left-medium:1.92%;--awb-width-small:100%;--awb-order-small:0;--awb-spacing-right-small:1.92%;--awb-spacing-left-small:1.92%;\"><div class=\"fusion-column-wrapper fusion-column-has-shadow fusion-flex-justify-content-flex-start fusion-content-layout-column\"><div class=\"fusion-image-element\" style=\"text-align:center;--awb-max-width:350px;--awb-caption-title-font-family:var(--h2_typography-font-family);--awb-caption-title-font-weight:var(--h2_typography-font-weight);--awb-caption-title-font-style:var(--h2_typography-font-style);--awb-caption-title-size:var(--h2_typography-font-size);--awb-caption-title-transform:var(--h2_typography-text-transform);--awb-caption-title-line-height:var(--h2_typography-line-height);--awb-caption-title-letter-spacing:var(--h2_typography-letter-spacing);\"><span class=\"fusion-imageframe imageframe-none imageframe-6 hover-type-none\"><img decoding=\"async\" width=\"500\" height=\"316\" alt=\"Dental Centro. Cl\u00ednica dental en La l\u00ednea de La Concepci\u00f3n.\" title=\"1-DentalCentro_Mesa-de-trabajo-1\" src=\"https:\/\/www.clinicadentalcentro.com\/wp-content\/uploads\/2021\/04\/1-DentalCentro_Mesa-de-trabajo-1.png\" data-orig-src=\"https:\/\/www.clinicadentalcentro.com\/wp-content\/uploads\/2021\/04\/1-DentalCentro_Mesa-de-trabajo-1.png\" class=\"lazyload img-responsive wp-image-4709\" srcset=\"data:image\/svg+xml,%3Csvg%20xmlns%3D%27http%3A%2F%2Fwww.w3.org%2F2000%2Fsvg%27%20width%3D%27500%27%20height%3D%27316%27%20viewBox%3D%270%200%20500%20316%27%3E%3Crect%20width%3D%27500%27%20height%3D%27316%27%20fill-opacity%3D%220%22%2F%3E%3C%2Fsvg%3E\" data-srcset=\"https:\/\/www.clinicadentalcentro.com\/wp-content\/uploads\/2021\/04\/1-DentalCentro_Mesa-de-trabajo-1-200x126.png 200w, https:\/\/www.clinicadentalcentro.com\/wp-content\/uploads\/2021\/04\/1-DentalCentro_Mesa-de-trabajo-1-400x253.png 400w, https:\/\/www.clinicadentalcentro.com\/wp-content\/uploads\/2021\/04\/1-DentalCentro_Mesa-de-trabajo-1.png 500w\" data-sizes=\"auto\" data-orig-sizes=\"(max-width: 1024px) 100vw, (max-width: 640px) 100vw, 500px\" \/><\/span><\/div><\/div><\/div><\/div><\/div><div class=\"fusion-fullwidth fullwidth-box fusion-builder-row-6 fusion-flex-container has-pattern-background has-mask-background hundred-percent-fullwidth non-hundred-percent-height-scrolling\" style=\"--awb-background-position:center bottom;--awb-background-blend-mode:luminosity;--awb-border-sizes-top:0px;--awb-border-sizes-bottom:0px;--awb-border-sizes-left:0px;--awb-border-sizes-right:0px;--awb-border-radius-top-left:0px;--awb-border-radius-top-right:0px;--awb-border-radius-bottom-right:0px;--awb-border-radius-bottom-left:0px;--awb-padding-top:0%;--awb-padding-right:0px;--awb-padding-bottom:0%;--awb-padding-left:1px;--awb-padding-left-small:0px;--awb-margin-bottom:0px;--awb-min-height:650px;--awb-background-color:var(--awb-color4);--awb-background-size:cover;--awb-flex-wrap:wrap;\" ><div class=\"fusion-builder-row fusion-row fusion-flex-align-items-flex-start fusion-flex-content-wrap\" style=\"width:calc( 100% + 0px ) !important;max-width:calc( 100% + 0px ) !important;margin-left: calc(-0px \/ 2 );margin-right: calc(-0px \/ 2 );\"><div class=\"fusion-layout-column fusion_builder_column fusion-builder-column-12 fusion_builder_column_1_2 1_2 fusion-flex-column fusion-flex-align-self-stretch fusion-animated\" style=\"--awb-padding-top:4%;--awb-padding-right:11%;--awb-padding-bottom:5%;--awb-padding-left:11%;--awb-bg-color:var(--awb-color6);--awb-bg-color-hover:var(--awb-color6);--awb-bg-position:center center;--awb-bg-blend:multiply;--awb-bg-size:cover;--awb-border-color:#ffffff;--awb-border-top:0;--awb-border-right:0;--awb-border-bottom:0;--awb-border-left:0;--awb-border-style:solid;--awb-width-large:50%;--awb-margin-top-large:0px;--awb-spacing-right-large:0px;--awb-margin-bottom-large:0px;--awb-spacing-left-large:0px;--awb-width-medium:100%;--awb-spacing-right-medium:0px;--awb-spacing-left-medium:0px;--awb-width-small:100%;--awb-spacing-right-small:0px;--awb-spacing-left-small:0px;\" data-animationtype=\"fadeInUp\" data-animationduration=\"0.8\" data-animationoffset=\"top-into-view\"><div class=\"fusion-column-wrapper lazyload fusion-flex-justify-content-center fusion-content-layout-column fusion-column-has-bg-image\" data-bg-url=\"https:\/\/www.clinicadentalcentro.com\/wp-content\/uploads\/2023\/02\/BannerWeb_DentalCentro.jpg\" data-bg=\"https:\/\/www.clinicadentalcentro.com\/wp-content\/uploads\/2023\/02\/BannerWeb_DentalCentro.jpg\"><div class=\"fusion-separator fusion-full-width-sep\" style=\"align-self: center;margin-left: auto;margin-right: auto;margin-top:10px;width:100%;\"><\/div><div class=\"fusion-title title fusion-title-8 fusion-title-center fusion-title-text fusion-title-size-two\" style=\"--awb-text-color:#ffffff;--awb-margin-bottom:20px;\"><div class=\"title-sep-container title-sep-container-left\"><div class=\"title-sep sep- sep-solid\" style=\"border-color:#e2e2e2;\"><\/div><\/div><span class=\"awb-title-spacer\"><\/span><h2 class=\"fusion-title-heading title-heading-center fusion-responsive-typography-calculated\" style=\"margin:0;--fontSize:48;line-height:1.2;\">RIGHT NEXT TO YOU<\/h2><span class=\"awb-title-spacer\"><\/span><div class=\"title-sep-container title-sep-container-right\"><div class=\"title-sep sep- sep-solid\" style=\"border-color:#e2e2e2;\"><\/div><\/div><\/div><div class=\"fusion-text fusion-text-4\"><p style=\"text-align: center;\"><span style=\"color: #ffffff;\">We are on Calle Real in La Linea de La Concepci\u00f3n.<\/span><\/p>\n<\/div><div class=\"fusion-separator fusion-full-width-sep\" style=\"align-self: center;margin-left: auto;margin-right: auto;margin-top:16px;width:100%;\"><\/div><div style=\"text-align:center;\"><a class=\"fusion-button button-flat button-xlarge button-default fusion-button-default button-1 fusion-button-default-span fusion-button-default-type\" target=\"_blank\" rel=\"noopener noreferrer\" href=\"https:\/\/www.clinicadentalcentro.com\/en\/contacta\/\"><span class=\"fusion-button-text\">SCHEDULE NOW<\/span><\/a><\/div><\/div><\/div><div class=\"fusion-layout-column fusion_builder_column fusion-builder-column-13 fusion_builder_column_1_2 1_2 fusion-flex-column fusion-flex-align-self-stretch fusion-column-inner-bg-wrapper\" style=\"--awb-padding-bottom:0px;--awb-inner-bg-size:cover;--awb-width-large:50%;--awb-margin-top-large:0px;--awb-spacing-right-large:0px;--awb-margin-bottom-large:0px;--awb-spacing-left-large:0px;--awb-width-medium:100%;--awb-order-medium:0;--awb-spacing-right-medium:0px;--awb-spacing-left-medium:0px;--awb-width-small:100%;--awb-order-small:0;--awb-spacing-right-small:0px;--awb-spacing-left-small:0px;\"><span class=\"fusion-column-inner-bg hover-type-none\"><a class=\"fusion-column-anchor\" href=\"https:\/\/maps.app.goo.gl\/SWwRkqdzubPLaCRD7\" rel=\"noopener noreferrer\" target=\"_blank\"><span class=\"fusion-column-inner-bg-image\"><\/span><\/a><\/span><div class=\"fusion-column-wrapper fusion-column-has-shadow fusion-flex-justify-content-flex-start fusion-content-layout-column\"><div style=\"--awb-height:650px;--awb-popup-title-font-size:1.4em;--awb-popup-title-color:var(--awb-color7);--awb-popup-title-margin-top:0px;--awb-popup-title-margin-bottom:0px;--awb-popup-content-color:var(--awb-color6);--awb-popup-title-font-family:-apple-system, BlinkMacSystemFont, &#039;Segoe UI&#039;, Roboto, Oxygen-Sans, Ubuntu, Cantarell, &#039;Helvetica Neue&#039; ,sans-serif;--awb-popup-title-font-style:normal;--awb-popup-title-font-weight:700;--awb-popup-content-font-family:-apple-system, BlinkMacSystemFont, &#039;Segoe UI&#039;, Roboto, Oxygen-Sans, Ubuntu, Cantarell, &#039;Helvetica Neue&#039; ,sans-serif;--awb-popup-content-font-style:normal;--awb-popup-content-font-weight:400;\" class=\"awb-openstreet-map awb-openstreet-map-1\" data-map-style=\"osm-carto\" data-map-type=\"polygon\" data-zoom=\"14\" data-zoomsnap=\"1.0\" data-zoomcontrol=\"\" data-scrollwheelzoom=\"1\" data-dragging=\"1\" data-touchzoom=\"1\" data-dbclickzoom=\"1\" data-fitbounds=\"1\" data-shape-color=\"rgba(160,206,78,1)\" data-shape-weight=\"3\"><div class=\"awb-openstreet-map-marker awb-openstreet-map-marker-1\" data-latitude=\"36.16187201814681\" data-longitude=\"-5.350927388535523\" data-icon=\"fa-map-marker-alt fas\" data-action=\"static_close_on\"><div class=\"awb-openstreet-map-marker-icon-wrapper awb-openstreet-map-marker-anim-pulsating\" style=\"--awb-size:27px;\"><i class=\"fa-map-marker-alt fas\"><\/i><\/div><div class=\"awb-openstreet-map-content-wrapper\"><h5 class=\"awb-openstreet-map-marker-title\">Dental Centro clinic<\/h5><div class=\"awb-openstreet-map-marker-content\">C\/ Real, 41, 11300 La L\u00ednea de la Concepci\u00f3n, C\u00e1diz<\/div><\/div><\/div><\/div><\/div><\/div><\/div><\/div>\n<\/p>","protected":false},"excerpt":{"rendered":"<p>Licenciado en Odontolog\u00eda en 2001 por la Universidad Alfonso X el Sabio. De 2002 a 2004, se muda a Nueva York, donde realiza su M\u00e1ster en Periodoncia e Implantes en la New York University. Es Clinical Assistant Fellow in Periodontics and Implant Dentistry en 2005.<\/p>","protected":false},"author":1,"featured_media":0,"parent":0,"menu_order":0,"comment_status":"closed","ping_status":"closed","template":"100-width.php","meta":{"footnotes":""},"class_list":["post-1736","page","type-page","status-publish","hentry"],"acf":[],"yoast_head":"<!-- This site is optimized with the Yoast SEO plugin v26.2 - https:\/\/yoast.com\/wordpress\/plugins\/seo\/ -->\n<title>Centro Team - Clinica Dental Centro<\/title>\n<meta name=\"robots\" content=\"index, follow, max-snippet:-1, max-image-preview:large, max-video-preview:-1\" \/>\n<link rel=\"canonical\" href=\"https:\/\/www.clinicadentalcentro.com\/en\/centro-team\/\" \/>\n<meta property=\"og:locale\" content=\"en_GB\" \/>\n<meta property=\"og:type\" content=\"article\" \/>\n<meta property=\"og:title\" content=\"Centro Team - Clinica Dental Centro\" \/>\n<meta property=\"og:url\" content=\"https:\/\/www.clinicadentalcentro.com\/en\/centro-team\/\" \/>\n<meta property=\"og:site_name\" content=\"Clinica Dental Centro\" \/>\n<meta property=\"article:publisher\" content=\"https:\/\/www.facebook.com\/clinicadentalcentro\/\" \/>\n<meta property=\"article:modified_time\" content=\"2025-11-03T15:34:32+00:00\" \/>\n<meta property=\"og:image\" content=\"https:\/\/www.clinicadentalcentro.com\/wp-content\/uploads\/2023\/11\/Tarjeta_Dental_Centro_2.webp\" \/>\n\t<meta property=\"og:image:width\" content=\"600\" \/>\n\t<meta property=\"og:image:height\" content=\"466\" \/>\n\t<meta property=\"og:image:type\" content=\"image\/webp\" \/>\n<meta name=\"twitter:card\" content=\"summary_large_image\" \/>\n<meta name=\"twitter:label1\" content=\"Estimated reading time\" \/>\n\t<meta name=\"twitter:data1\" content=\"4 minutes\" \/>\n<script type=\"application\/ld+json\" class=\"yoast-schema-graph\">{\"@context\":\"https:\/\/schema.org\",\"@graph\":[{\"@type\":\"WebPage\",\"@id\":\"https:\/\/www.clinicadentalcentro.com\/en\/centro-team\/\",\"url\":\"https:\/\/www.clinicadentalcentro.com\/en\/centro-team\/\",\"name\":\"Centro Team - Clinica Dental Centro\",\"isPartOf\":{\"@id\":\"https:\/\/www.clinicadentalcentro.com\/en\/#website\"},\"datePublished\":\"2016-02-27T01:32:23+00:00\",\"dateModified\":\"2025-11-03T15:34:32+00:00\",\"breadcrumb\":{\"@id\":\"https:\/\/www.clinicadentalcentro.com\/en\/centro-team\/#breadcrumb\"},\"inLanguage\":\"en-GB\",\"potentialAction\":[{\"@type\":\"ReadAction\",\"target\":[\"https:\/\/www.clinicadentalcentro.com\/en\/centro-team\/\"]}]},{\"@type\":\"BreadcrumbList\",\"@id\":\"https:\/\/www.clinicadentalcentro.com\/en\/centro-team\/#breadcrumb\",\"itemListElement\":[{\"@type\":\"ListItem\",\"position\":1,\"name\":\"Home\",\"item\":\"https:\/\/www.clinicadentalcentro.com\/en\/\"},{\"@type\":\"ListItem\",\"position\":2,\"name\":\"Centro Team\"}]},{\"@type\":\"WebSite\",\"@id\":\"https:\/\/www.clinicadentalcentro.com\/en\/#website\",\"url\":\"https:\/\/www.clinicadentalcentro.com\/en\/\",\"name\":\"Clinica Dental Centro\",\"description\":\"Sonrie que la vida vuela. Cl\u00ednica Dental Centro, expertos en odontolog\u00eda y est\u00e9tica dental, en el Campo de Gibraltar.\",\"publisher\":{\"@id\":\"https:\/\/www.clinicadentalcentro.com\/en\/#organization\"},\"alternateName\":\"clinicadentalcentro.com\",\"potentialAction\":[{\"@type\":\"SearchAction\",\"target\":{\"@type\":\"EntryPoint\",\"urlTemplate\":\"https:\/\/www.clinicadentalcentro.com\/en\/?s={search_term_string}\"},\"query-input\":{\"@type\":\"PropertyValueSpecification\",\"valueRequired\":true,\"valueName\":\"search_term_string\"}}],\"inLanguage\":\"en-GB\"},{\"@type\":\"Organization\",\"@id\":\"https:\/\/www.clinicadentalcentro.com\/en\/#organization\",\"name\":\"Clinica Dental Centro\",\"alternateName\":\"clinicadentalcentro.com\",\"url\":\"https:\/\/www.clinicadentalcentro.com\/en\/\",\"logo\":{\"@type\":\"ImageObject\",\"inLanguage\":\"en-GB\",\"@id\":\"https:\/\/www.clinicadentalcentro.com\/en\/#\/schema\/logo\/image\/\",\"url\":\"https:\/\/www.clinicadentalcentro.com\/wp-content\/uploads\/2021\/06\/cropped-LOGO-DENTAL-CENTRO-4-LARGE.png\",\"contentUrl\":\"https:\/\/www.clinicadentalcentro.com\/wp-content\/uploads\/2021\/06\/cropped-LOGO-DENTAL-CENTRO-4-LARGE.png\",\"width\":512,\"height\":512,\"caption\":\"Clinica Dental Centro\"},\"image\":{\"@id\":\"https:\/\/www.clinicadentalcentro.com\/en\/#\/schema\/logo\/image\/\"},\"sameAs\":[\"https:\/\/www.facebook.com\/clinicadentalcentro\/\",\"https:\/\/www.instagram.com\/clinicadentalcentro\/?hl=es\"]}]}<\/script>\n<!-- \/ Yoast SEO plugin. -->","yoast_head_json":{"title":"Centro Team - Clinica Dental Centro","robots":{"index":"index","follow":"follow","max-snippet":"max-snippet:-1","max-image-preview":"max-image-preview:large","max-video-preview":"max-video-preview:-1"},"canonical":"https:\/\/www.clinicadentalcentro.com\/en\/centro-team\/","og_locale":"en_GB","og_type":"article","og_title":"Centro Team - Clinica Dental Centro","og_url":"https:\/\/www.clinicadentalcentro.com\/en\/centro-team\/","og_site_name":"Clinica Dental Centro","article_publisher":"https:\/\/www.facebook.com\/clinicadentalcentro\/","article_modified_time":"2025-11-03T15:34:32+00:00","og_image":[{"width":600,"height":466,"url":"https:\/\/www.clinicadentalcentro.com\/wp-content\/uploads\/2023\/11\/Tarjeta_Dental_Centro_2.webp","type":"image\/webp"}],"twitter_card":"summary_large_image","twitter_misc":{"Estimated reading time":"4 minutes"},"schema":{"@context":"https:\/\/schema.org","@graph":[{"@type":"WebPage","@id":"https:\/\/www.clinicadentalcentro.com\/en\/centro-team\/","url":"https:\/\/www.clinicadentalcentro.com\/en\/centro-team\/","name":"Centro Team - Clinica Dental Centro","isPartOf":{"@id":"https:\/\/www.clinicadentalcentro.com\/en\/#website"},"datePublished":"2016-02-27T01:32:23+00:00","dateModified":"2025-11-03T15:34:32+00:00","breadcrumb":{"@id":"https:\/\/www.clinicadentalcentro.com\/en\/centro-team\/#breadcrumb"},"inLanguage":"en-GB","potentialAction":[{"@type":"ReadAction","target":["https:\/\/www.clinicadentalcentro.com\/en\/centro-team\/"]}]},{"@type":"BreadcrumbList","@id":"https:\/\/www.clinicadentalcentro.com\/en\/centro-team\/#breadcrumb","itemListElement":[{"@type":"ListItem","position":1,"name":"Home","item":"https:\/\/www.clinicadentalcentro.com\/en\/"},{"@type":"ListItem","position":2,"name":"Centro Team"}]},{"@type":"WebSite","@id":"https:\/\/www.clinicadentalcentro.com\/en\/#website","url":"https:\/\/www.clinicadentalcentro.com\/en\/","name":"Clinica Dental Centro","description":"Sonrie que la vida vuela. Cl\u00ednica Dental Centro, expertos en odontolog\u00eda y est\u00e9tica dental, en el Campo de Gibraltar.","publisher":{"@id":"https:\/\/www.clinicadentalcentro.com\/en\/#organization"},"alternateName":"clinicadentalcentro.com","potentialAction":[{"@type":"SearchAction","target":{"@type":"EntryPoint","urlTemplate":"https:\/\/www.clinicadentalcentro.com\/en\/?s={search_term_string}"},"query-input":{"@type":"PropertyValueSpecification","valueRequired":true,"valueName":"search_term_string"}}],"inLanguage":"en-GB"},{"@type":"Organization","@id":"https:\/\/www.clinicadentalcentro.com\/en\/#organization","name":"Clinica Dental Centro","alternateName":"clinicadentalcentro.com","url":"https:\/\/www.clinicadentalcentro.com\/en\/","logo":{"@type":"ImageObject","inLanguage":"en-GB","@id":"https:\/\/www.clinicadentalcentro.com\/en\/#\/schema\/logo\/image\/","url":"https:\/\/www.clinicadentalcentro.com\/wp-content\/uploads\/2021\/06\/cropped-LOGO-DENTAL-CENTRO-4-LARGE.png","contentUrl":"https:\/\/www.clinicadentalcentro.com\/wp-content\/uploads\/2021\/06\/cropped-LOGO-DENTAL-CENTRO-4-LARGE.png","width":512,"height":512,"caption":"Clinica Dental Centro"},"image":{"@id":"https:\/\/www.clinicadentalcentro.com\/en\/#\/schema\/logo\/image\/"},"sameAs":["https:\/\/www.facebook.com\/clinicadentalcentro\/","https:\/\/www.instagram.com\/clinicadentalcentro\/?hl=es"]}]}},"_links":{"self":[{"href":"https:\/\/www.clinicadentalcentro.com\/en\/wp-json\/wp\/v2\/pages\/1736","targetHints":{"allow":["GET"]}}],"collection":[{"href":"https:\/\/www.clinicadentalcentro.com\/en\/wp-json\/wp\/v2\/pages"}],"about":[{"href":"https:\/\/www.clinicadentalcentro.com\/en\/wp-json\/wp\/v2\/types\/page"}],"author":[{"embeddable":true,"href":"https:\/\/www.clinicadentalcentro.com\/en\/wp-json\/wp\/v2\/users\/1"}],"replies":[{"embeddable":true,"href":"https:\/\/www.clinicadentalcentro.com\/en\/wp-json\/wp\/v2\/comments?post=1736"}],"version-history":[{"count":164,"href":"https:\/\/www.clinicadentalcentro.com\/en\/wp-json\/wp\/v2\/pages\/1736\/revisions"}],"predecessor-version":[{"id":4230,"href":"https:\/\/www.clinicadentalcentro.com\/en\/wp-json\/wp\/v2\/pages\/1736\/revisions\/4230"}],"wp:attachment":[{"href":"https:\/\/www.clinicadentalcentro.com\/en\/wp-json\/wp\/v2\/media?parent=1736"}],"curies":[{"name":"wp","href":"https:\/\/api.w.org\/{rel}","templated":true}]}}